{"id":780,"date":"2023-03-05T11:08:51","date_gmt":"2023-03-05T10:08:51","guid":{"rendered":"https:\/\/wohnheim-bueche.ch\/wordpress\/?page_id=780"},"modified":"2026-07-22T13:35:43","modified_gmt":"2026-07-22T11:35:43","slug":"impressum","status":"publish","type":"page","link":"https:\/\/wohnheim-bueche.ch\/wordpress\/impressum\/","title":{"rendered":"Impressum"},"content":{"rendered":"\t\t<div data-elementor-type=\"wp-page\" data-elementor-id=\"780\" class=\"elementor elementor-780\" data-elementor-post-type=\"page\">\n\t\t\t\t<div class=\"elementor-element elementor-element-201bce3 e-transform e-flex e-con-boxed e-con e-parent\" data-id=\"201bce3\" data-element_type=\"container\" data-e-type=\"container\" data-settings=\"{&quot;background_background&quot;:&quot;slideshow&quot;,&quot;background_slideshow_gallery&quot;:[{&quot;id&quot;:437,&quot;url&quot;:&quot;https:\\\/\\\/wohnheim-bueche.ch\\\/wordpress\\\/wp-content\\\/uploads\\\/2023\\\/02\\\/Zielgruppe_1.jpg&quot;}],&quot;background_slideshow_slide_duration&quot;:10000,&quot;background_slideshow_transition_duration&quot;:2000,&quot;background_slideshow_ken_burns&quot;:&quot;yes&quot;,&quot;animation&quot;:&quot;none&quot;,&quot;background_slideshow_loop&quot;:&quot;yes&quot;,&quot;background_slideshow_slide_transition&quot;:&quot;fade&quot;,&quot;background_slideshow_ken_burns_zoom_direction&quot;:&quot;in&quot;,&quot;_transform_translateX_effect&quot;:{&quot;unit&quot;:&quot;px&quot;,&quot;size&quot;:&quot;&quot;,&quot;sizes&quot;:[]},&quot;_transform_translateX_effect_tablet&quot;:{&quot;unit&quot;:&quot;px&quot;,&quot;size&quot;:&quot;&quot;,&quot;sizes&quot;:[]},&quot;_transform_translateX_effect_mobile&quot;:{&quot;unit&quot;:&quot;px&quot;,&quot;size&quot;:&quot;&quot;,&quot;sizes&quot;:[]},&quot;_transform_translateY_effect&quot;:{&quot;unit&quot;:&quot;px&quot;,&quot;size&quot;:&quot;&quot;,&quot;sizes&quot;:[]},&quot;_transform_translateY_effect_tablet&quot;:{&quot;unit&quot;:&quot;px&quot;,&quot;size&quot;:&quot;&quot;,&quot;sizes&quot;:[]},&quot;_transform_translateY_effect_mobile&quot;:{&quot;unit&quot;:&quot;px&quot;,&quot;size&quot;:&quot;&quot;,&quot;sizes&quot;:[]}}\">\n\t\t\t\t\t<div class=\"e-con-inner\">\n\t\t\t\t<div class=\"elementor-element elementor-element-8555c91 animated-slow elementor-widget__width-initial elementor-invisible elementor-widget elementor-widget-heading\" data-id=\"8555c91\" data-element_type=\"widget\" data-e-type=\"widget\" data-settings=\"{&quot;_animation&quot;:&quot;fadeIn&quot;}\" data-widget_type=\"heading.default\">\n\t\t\t\t<div class=\"elementor-widget-container\">\n\t\t\t\t\t<h1 class=\"elementor-heading-title elementor-size-large\">Impressum<\/h1>\t\t\t\t<\/div>\n\t\t\t\t<\/div>\n\t\t\t\t\t<\/div>\n\t\t\t\t<\/div>\n\t\t<div class=\"elementor-element elementor-element-5a6dc37 e-flex e-con-boxed e-con e-parent\" data-id=\"5a6dc37\" data-element_type=\"container\" data-e-type=\"container\" data-settings=\"{&quot;background_background&quot;:&quot;classic&quot;}\">\n\t\t\t\t\t<div class=\"e-con-inner\">\n\t\t<div class=\"elementor-element elementor-element-7744a89 e-con-full e-flex e-con e-child\" data-id=\"7744a89\" data-element_type=\"container\" data-e-type=\"container\">\n\t\t\t\t<div class=\"elementor-element elementor-element-b7363d3 elementor-widget elementor-widget-heading\" data-id=\"b7363d3\" data-element_type=\"widget\" data-e-type=\"widget\" data-widget_type=\"heading.default\">\n\t\t\t\t<div class=\"elementor-widget-container\">\n\t\t\t\t\t<h2 class=\"elementor-heading-title elementor-size-default\">Impressum<\/h2>\t\t\t\t<\/div>\n\t\t\t\t<\/div>\n\t\t\t\t<div class=\"elementor-element elementor-element-1ee719b elementor-widget__width-initial elementor-widget elementor-widget-text-editor\" data-id=\"1ee719b\" data-element_type=\"widget\" data-e-type=\"widget\" data-widget_type=\"text-editor.default\">\n\t\t\t\t<div class=\"elementor-widget-container\">\n\t\t\t\t\t\t\t\t\t<p><strong>Wohnheim Bueche GmbH<\/strong><br \/>Hans und Rosmarie Ammann-G\u00fcdel<br \/>Landshutstrasse 2<br \/>3427 Utzenstorf<\/p><p>Redaktion und Webmastering: Johanna M\u00fcller<br \/>Verantwortlich: Rosmarie und Hans Ammann-G\u00fcdel<br \/>Bilder: Rosmarie Z\u00fcrcher, Aeschau<br \/>Konzept und Umsetzung: Suter &amp; Gerteis AG, Zollikofen<\/p>\t\t\t\t\t\t\t\t<\/div>\n\t\t\t\t<\/div>\n\t\t\t\t<div class=\"elementor-element elementor-element-2a8ea23 elementor-widget__width-initial elementor-widget elementor-widget-text-editor\" data-id=\"2a8ea23\" data-element_type=\"widget\" data-e-type=\"widget\" data-widget_type=\"text-editor.default\">\n\t\t\t\t<div class=\"elementor-widget-container\">\n\t\t\t\t\t\t\t\t\t<h3>Rechtlicher Hinweis<\/h3><p>Copyright \u00a9 2026 Wohnheim Bueche GmbH. Kopieren oder vervielf\u00e4ltigen von Inhalten dieser Seite im Ganzen oder in Teilen ist ohne die ausdr\u00fcckliche Genehmigung des Betreibers in jeglicher Form und auf jedem Medium untersagt.<\/p><p>Diese Seite und die darin befindlichen Berichte erheben keinen Anspruch auf Vollst\u00e4ndigkeit und absolute Korrektheit. Der Betreiber kann somit keine Haftung oder Gew\u00e4hr f\u00fcr Folgesch\u00e4den \u00fcbernehmen, die aus der Nutzung dieser Website, oder deren Inhalte erfolgen. Der Betreiber beh\u00e4lt sich das Recht vor, ohne Ank\u00fcndigung, \u00c4nderungen oder Erg\u00e4nzungen der bereitgestellten Informationen oder Daten vorzunehmen.<\/p><p>Alle auf dieser Website zitierten Warenzeichen, Produktnamen und Firmennamen bzw. -logos sind das Alleineigentum der jeweiligen Besitzer.<\/p><p>Falls innerhalb dieses Webauftrittes, oder durch Verlinkung auf externe Inhalte, gegen g\u00fcltiges Recht verstossen wird, oder die Rechte anderer Personen oder Institutionen verletzt werden, wird um sofortige Benachrichtigung gebeten. Die entsprechenden Stellen werden sofort korrigiert oder entfernt.<\/p>\t\t\t\t\t\t\t\t<\/div>\n\t\t\t\t<\/div>\n\t\t\t\t<\/div>\n\t\t\t\t\t<\/div>\n\t\t\t\t<\/div>\n\t\t\t\t<\/div>\n\t\t","protected":false},"excerpt":{"rendered":"<p>Impressum Impressum Wohnheim Bueche GmbHHans und Rosmarie Ammann-G\u00fcdelLandshutstrasse 23427 Utzenstorf Redaktion und Webmastering: Johanna M\u00fcllerVerantwortlich: Rosmarie und Hans Ammann-G\u00fcdelBilder: Rosmarie Z\u00fcrcher, AeschauKonzept und Umsetzung: Suter &amp; Gerteis AG, Zollikofen Rechtlicher Hinweis Copyright \u00a9 2026 Wohnheim Bueche GmbH. Kopieren oder vervielf\u00e4ltigen von Inhalten dieser Seite im Ganzen oder in Teilen ist ohne die ausdr\u00fcckliche Genehmigung des [&hellip;]<\/p>\n","protected":false},"author":1,"featured_media":0,"parent":0,"menu_order":0,"comment_status":"closed","ping_status":"closed","template":"elementor_header_footer","meta":{"footnotes":""},"class_list":["post-780","page","type-page","status-publish","hentry"],"blocksy_meta":[],"yoast_head":"<!-- This site is optimized with the Yoast SEO plugin v28.1 - https:\/\/yoast.com\/product\/yoast-seo-wordpress\/ -->\n<title>Impressum - Wohnheim Bueche<\/title>\n<meta name=\"robots\" content=\"index, follow, max-snippet:-1, max-image-preview:large, max-video-preview:-1\" \/>\n<link rel=\"canonical\" href=\"https:\/\/wohnheim-bueche.ch\/wordpress\/impressum\/\" \/>\n<meta property=\"og:locale\" content=\"de_DE\" \/>\n<meta property=\"og:type\" content=\"article\" \/>\n<meta property=\"og:title\" content=\"Impressum - Wohnheim Bueche\" \/>\n<meta property=\"og:description\" content=\"Impressum Impressum Wohnheim Bueche GmbHHans und Rosmarie Ammann-G\u00fcdelLandshutstrasse 23427 Utzenstorf Redaktion und Webmastering: Johanna M\u00fcllerVerantwortlich: Rosmarie und Hans Ammann-G\u00fcdelBilder: Rosmarie Z\u00fcrcher, AeschauKonzept und Umsetzung: Suter &amp; Gerteis AG, Zollikofen Rechtlicher Hinweis Copyright \u00a9 2026 Wohnheim Bueche GmbH. Kopieren oder vervielf\u00e4ltigen von Inhalten dieser Seite im Ganzen oder in Teilen ist ohne die ausdr\u00fcckliche Genehmigung des [&hellip;]\" \/>\n<meta property=\"og:url\" content=\"https:\/\/wohnheim-bueche.ch\/wordpress\/impressum\/\" \/>\n<meta property=\"og:site_name\" content=\"Wohnheim Bueche\" \/>\n<meta property=\"article:modified_time\" content=\"2026-07-22T11:35:43+00:00\" \/>\n<meta name=\"twitter:card\" content=\"summary_large_image\" \/>\n<meta name=\"twitter:label1\" content=\"Gesch\u00e4tzte Lesezeit\" \/>\n\t<meta name=\"twitter:data1\" content=\"1\u00a0Minute\" \/>\n<script type=\"application\/ld+json\" class=\"yoast-schema-graph\">{\"@context\":\"https:\\\/\\\/schema.org\",\"@graph\":[{\"@type\":\"WebPage\",\"@id\":\"https:\\\/\\\/wohnheim-bueche.ch\\\/wordpress\\\/impressum\\\/\",\"url\":\"https:\\\/\\\/wohnheim-bueche.ch\\\/wordpress\\\/impressum\\\/\",\"name\":\"Impressum - Wohnheim Bueche\",\"isPartOf\":{\"@id\":\"https:\\\/\\\/wohnheim-bueche.ch\\\/wordpress\\\/#website\"},\"datePublished\":\"2023-03-05T10:08:51+00:00\",\"dateModified\":\"2026-07-22T11:35:43+00:00\",\"breadcrumb\":{\"@id\":\"https:\\\/\\\/wohnheim-bueche.ch\\\/wordpress\\\/impressum\\\/#breadcrumb\"},\"inLanguage\":\"de\",\"potentialAction\":[{\"@type\":\"ReadAction\",\"target\":[\"https:\\\/\\\/wohnheim-bueche.ch\\\/wordpress\\\/impressum\\\/\"]}]},{\"@type\":\"BreadcrumbList\",\"@id\":\"https:\\\/\\\/wohnheim-bueche.ch\\\/wordpress\\\/impressum\\\/#breadcrumb\",\"itemListElement\":[{\"@type\":\"ListItem\",\"position\":1,\"name\":\"Startseite\",\"item\":\"https:\\\/\\\/wohnheim-bueche.ch\\\/wordpress\\\/\"},{\"@type\":\"ListItem\",\"position\":2,\"name\":\"Impressum\"}]},{\"@type\":\"WebSite\",\"@id\":\"https:\\\/\\\/wohnheim-bueche.ch\\\/wordpress\\\/#website\",\"url\":\"https:\\\/\\\/wohnheim-bueche.ch\\\/wordpress\\\/\",\"name\":\"Wohnheim Bueche\",\"description\":\"Sozialpsychiatrische Kleininstitution in Utzenstorf\",\"publisher\":{\"@id\":\"https:\\\/\\\/wohnheim-bueche.ch\\\/wordpress\\\/#organization\"},\"potentialAction\":[{\"@type\":\"SearchAction\",\"target\":{\"@type\":\"EntryPoint\",\"urlTemplate\":\"https:\\\/\\\/wohnheim-bueche.ch\\\/wordpress\\\/?s={search_term_string}\"},\"query-input\":{\"@type\":\"PropertyValueSpecification\",\"valueRequired\":true,\"valueName\":\"search_term_string\"}}],\"inLanguage\":\"de\"},{\"@type\":\"Organization\",\"@id\":\"https:\\\/\\\/wohnheim-bueche.ch\\\/wordpress\\\/#organization\",\"name\":\"Wohnheim Bueche\",\"url\":\"https:\\\/\\\/wohnheim-bueche.ch\\\/wordpress\\\/\",\"logo\":{\"@type\":\"ImageObject\",\"inLanguage\":\"de\",\"@id\":\"https:\\\/\\\/wohnheim-bueche.ch\\\/wordpress\\\/#\\\/schema\\\/logo\\\/image\\\/\",\"url\":\"https:\\\/\\\/wohnheim-bueche.ch\\\/wordpress\\\/wp-content\\\/uploads\\\/2023\\\/06\\\/Logo_Bueche_Web_Gruen_neu.svg\",\"contentUrl\":\"https:\\\/\\\/wohnheim-bueche.ch\\\/wordpress\\\/wp-content\\\/uploads\\\/2023\\\/06\\\/Logo_Bueche_Web_Gruen_neu.svg\",\"width\":87,\"height\":106,\"caption\":\"Wohnheim Bueche\"},\"image\":{\"@id\":\"https:\\\/\\\/wohnheim-bueche.ch\\\/wordpress\\\/#\\\/schema\\\/logo\\\/image\\\/\"}}]}<\/script>\n<!-- \/ Yoast SEO plugin. -->","yoast_head_json":{"title":"Impressum - Wohnheim Bueche","robots":{"index":"index","follow":"follow","max-snippet":"max-snippet:-1","max-image-preview":"max-image-preview:large","max-video-preview":"max-video-preview:-1"},"canonical":"https:\/\/wohnheim-bueche.ch\/wordpress\/impressum\/","og_locale":"de_DE","og_type":"article","og_title":"Impressum - Wohnheim Bueche","og_description":"Impressum Impressum Wohnheim Bueche GmbHHans und Rosmarie Ammann-G\u00fcdelLandshutstrasse 23427 Utzenstorf Redaktion und Webmastering: Johanna M\u00fcllerVerantwortlich: Rosmarie und Hans Ammann-G\u00fcdelBilder: Rosmarie Z\u00fcrcher, AeschauKonzept und Umsetzung: Suter &amp; Gerteis AG, Zollikofen Rechtlicher Hinweis Copyright \u00a9 2026 Wohnheim Bueche GmbH. Kopieren oder vervielf\u00e4ltigen von Inhalten dieser Seite im Ganzen oder in Teilen ist ohne die ausdr\u00fcckliche Genehmigung des [&hellip;]","og_url":"https:\/\/wohnheim-bueche.ch\/wordpress\/impressum\/","og_site_name":"Wohnheim Bueche","article_modified_time":"2026-07-22T11:35:43+00:00","twitter_card":"summary_large_image","twitter_misc":{"Gesch\u00e4tzte Lesezeit":"1\u00a0Minute"},"schema":{"@context":"https:\/\/schema.org","@graph":[{"@type":"WebPage","@id":"https:\/\/wohnheim-bueche.ch\/wordpress\/impressum\/","url":"https:\/\/wohnheim-bueche.ch\/wordpress\/impressum\/","name":"Impressum - Wohnheim Bueche","isPartOf":{"@id":"https:\/\/wohnheim-bueche.ch\/wordpress\/#website"},"datePublished":"2023-03-05T10:08:51+00:00","dateModified":"2026-07-22T11:35:43+00:00","breadcrumb":{"@id":"https:\/\/wohnheim-bueche.ch\/wordpress\/impressum\/#breadcrumb"},"inLanguage":"de","potentialAction":[{"@type":"ReadAction","target":["https:\/\/wohnheim-bueche.ch\/wordpress\/impressum\/"]}]},{"@type":"BreadcrumbList","@id":"https:\/\/wohnheim-bueche.ch\/wordpress\/impressum\/#breadcrumb","itemListElement":[{"@type":"ListItem","position":1,"name":"Startseite","item":"https:\/\/wohnheim-bueche.ch\/wordpress\/"},{"@type":"ListItem","position":2,"name":"Impressum"}]},{"@type":"WebSite","@id":"https:\/\/wohnheim-bueche.ch\/wordpress\/#website","url":"https:\/\/wohnheim-bueche.ch\/wordpress\/","name":"Wohnheim Bueche","description":"Sozialpsychiatrische Kleininstitution in Utzenstorf","publisher":{"@id":"https:\/\/wohnheim-bueche.ch\/wordpress\/#organization"},"potentialAction":[{"@type":"SearchAction","target":{"@type":"EntryPoint","urlTemplate":"https:\/\/wohnheim-bueche.ch\/wordpress\/?s={search_term_string}"},"query-input":{"@type":"PropertyValueSpecification","valueRequired":true,"valueName":"search_term_string"}}],"inLanguage":"de"},{"@type":"Organization","@id":"https:\/\/wohnheim-bueche.ch\/wordpress\/#organization","name":"Wohnheim Bueche","url":"https:\/\/wohnheim-bueche.ch\/wordpress\/","logo":{"@type":"ImageObject","inLanguage":"de","@id":"https:\/\/wohnheim-bueche.ch\/wordpress\/#\/schema\/logo\/image\/","url":"https:\/\/wohnheim-bueche.ch\/wordpress\/wp-content\/uploads\/2023\/06\/Logo_Bueche_Web_Gruen_neu.svg","contentUrl":"https:\/\/wohnheim-bueche.ch\/wordpress\/wp-content\/uploads\/2023\/06\/Logo_Bueche_Web_Gruen_neu.svg","width":87,"height":106,"caption":"Wohnheim Bueche"},"image":{"@id":"https:\/\/wohnheim-bueche.ch\/wordpress\/#\/schema\/logo\/image\/"}}]}},"_links":{"self":[{"href":"https:\/\/wohnheim-bueche.ch\/wordpress\/wp-json\/wp\/v2\/pages\/780","targetHints":{"allow":["GET"]}}],"collection":[{"href":"https:\/\/wohnheim-bueche.ch\/wordpress\/wp-json\/wp\/v2\/pages"}],"about":[{"href":"https:\/\/wohnheim-bueche.ch\/wordpress\/wp-json\/wp\/v2\/types\/page"}],"author":[{"embeddable":true,"href":"https:\/\/wohnheim-bueche.ch\/wordpress\/wp-json\/wp\/v2\/users\/1"}],"replies":[{"embeddable":true,"href":"https:\/\/wohnheim-bueche.ch\/wordpress\/wp-json\/wp\/v2\/comments?post=780"}],"version-history":[{"count":6,"href":"https:\/\/wohnheim-bueche.ch\/wordpress\/wp-json\/wp\/v2\/pages\/780\/revisions"}],"predecessor-version":[{"id":4711,"href":"https:\/\/wohnheim-bueche.ch\/wordpress\/wp-json\/wp\/v2\/pages\/780\/revisions\/4711"}],"wp:attachment":[{"href":"https:\/\/wohnheim-bueche.ch\/wordpress\/wp-json\/wp\/v2\/media?parent=780"}],"curies":[{"name":"wp","href":"https:\/\/api.w.org\/{rel}","templated":true}]}}