{"id":26,"date":"2023-02-09T15:01:55","date_gmt":"2023-02-09T14:01:55","guid":{"rendered":"https:\/\/wohnheim-bueche.ch\/wordpress\/?page_id=26"},"modified":"2026-08-18T13:00:47","modified_gmt":"2026-08-18T11:00:47","slug":"medien","status":"publish","type":"page","link":"https:\/\/wohnheim-bueche.ch\/wordpress\/medien\/","title":{"rendered":"Medien"},"content":{"rendered":"\t\t<div data-elementor-type=\"wp-page\" data-elementor-id=\"26\" class=\"elementor elementor-26\" data-elementor-post-type=\"page\">\n\t\t\t\t<div class=\"elementor-element elementor-element-3f4b593 e-transform e-flex e-con-boxed e-con e-parent\" data-id=\"3f4b593\" data-element_type=\"container\" data-e-type=\"container\" data-settings=\"{&quot;background_background&quot;:&quot;slideshow&quot;,&quot;background_slideshow_gallery&quot;:[{&quot;id&quot;:3484,&quot;url&quot;:&quot;https:\\\/\\\/wohnheim-bueche.ch\\\/wordpress\\\/wp-content\\\/uploads\\\/2025\\\/04\\\/RZU-8737bearb.jpg&quot;}],&quot;background_slideshow_slide_duration&quot;:10000,&quot;background_slideshow_transition_duration&quot;:2000,&quot;background_slideshow_ken_burns&quot;:&quot;yes&quot;,&quot;animation&quot;:&quot;none&quot;,&quot;background_slideshow_loop&quot;:&quot;yes&quot;,&quot;background_slideshow_slide_transition&quot;:&quot;fade&quot;,&quot;background_slideshow_ken_burns_zoom_direction&quot;:&quot;in&quot;,&quot;_transform_translateX_effect&quot;:{&quot;unit&quot;:&quot;px&quot;,&quot;size&quot;:&quot;&quot;,&quot;sizes&quot;:[]},&quot;_transform_translateX_effect_tablet&quot;:{&quot;unit&quot;:&quot;px&quot;,&quot;size&quot;:&quot;&quot;,&quot;sizes&quot;:[]},&quot;_transform_translateX_effect_mobile&quot;:{&quot;unit&quot;:&quot;px&quot;,&quot;size&quot;:&quot;&quot;,&quot;sizes&quot;:[]},&quot;_transform_translateY_effect&quot;:{&quot;unit&quot;:&quot;px&quot;,&quot;size&quot;:&quot;&quot;,&quot;sizes&quot;:[]},&quot;_transform_translateY_effect_tablet&quot;:{&quot;unit&quot;:&quot;px&quot;,&quot;size&quot;:&quot;&quot;,&quot;sizes&quot;:[]},&quot;_transform_translateY_effect_mobile&quot;:{&quot;unit&quot;:&quot;px&quot;,&quot;size&quot;:&quot;&quot;,&quot;sizes&quot;:[]}}\">\n\t\t\t\t\t<div class=\"e-con-inner\">\n\t\t\t\t<div class=\"elementor-element elementor-element-289b6df animated-slow elementor-widget__width-initial elementor-invisible elementor-widget elementor-widget-heading\" data-id=\"289b6df\" data-element_type=\"widget\" data-e-type=\"widget\" data-settings=\"{&quot;_animation&quot;:&quot;fadeIn&quot;}\" data-widget_type=\"heading.default\">\n\t\t\t\t<div class=\"elementor-widget-container\">\n\t\t\t\t\t<h1 class=\"elementor-heading-title elementor-size-large\">Medien &amp; Publikationen<\/h1>\t\t\t\t<\/div>\n\t\t\t\t<\/div>\n\t\t\t\t\t<\/div>\n\t\t\t\t<\/div>\n\t\t<div class=\"elementor-element elementor-element-e607587 e-flex e-con-boxed e-con e-parent\" data-id=\"e607587\" data-element_type=\"container\" data-e-type=\"container\" data-settings=\"{&quot;background_background&quot;:&quot;classic&quot;}\">\n\t\t\t\t\t<div class=\"e-con-inner\">\n\t\t<div class=\"elementor-element elementor-element-4ccfecb e-con-full e-flex e-con e-child\" data-id=\"4ccfecb\" data-element_type=\"container\" data-e-type=\"container\">\n\t\t\t\t<div class=\"elementor-element elementor-element-41fb55d elementor-widget elementor-widget-heading\" data-id=\"41fb55d\" data-element_type=\"widget\" data-e-type=\"widget\" data-widget_type=\"heading.default\">\n\t\t\t\t<div class=\"elementor-widget-container\">\n\t\t\t\t\t<h2 class=\"elementor-heading-title elementor-size-default\">Zeitungsberichte<\/h2>\t\t\t\t<\/div>\n\t\t\t\t<\/div>\n\t\t\t\t<div class=\"elementor-element elementor-element-56bb974 elementor-widget elementor-widget-n-accordion\" data-id=\"56bb974\" data-element_type=\"widget\" data-e-type=\"widget\" data-settings=\"{&quot;default_state&quot;:&quot;expanded&quot;,&quot;max_items_expended&quot;:&quot;one&quot;,&quot;n_accordion_animation_duration&quot;:{&quot;unit&quot;:&quot;ms&quot;,&quot;size&quot;:400,&quot;sizes&quot;:[]}}\" data-widget_type=\"nested-accordion.default\">\n\t\t\t\t<div class=\"elementor-widget-container\">\n\t\t\t\t\t\t\t<div class=\"e-n-accordion\" aria-label=\"Accordion. Open links with Enter or Space, close with Escape, and navigate with Arrow Keys\">\n\t\t\t\t\t\t<details id=\"e-n-accordion-item-9090\" class=\"e-n-accordion-item\" open>\n\t\t\t\t<summary class=\"e-n-accordion-item-title\" data-accordion-index=\"1\" tabindex=\"0\" aria-expanded=\"true\" aria-controls=\"e-n-accordion-item-9090\" >\n\t\t\t\t\t<span class='e-n-accordion-item-title-header'><div class=\"e-n-accordion-item-title-text\"> 2026 <\/div><\/span>\n\t\t\t\t\t\t\t<span class='e-n-accordion-item-title-icon'>\n\t\t\t<span class='e-opened' ><svg aria-hidden=\"true\" class=\"e-font-icon-svg e-fas-chevron-up\" viewBox=\"0 0 448 512\" xmlns=\"http:\/\/www.w3.org\/2000\/svg\"><path d=\"M240.971 130.524l194.343 194.343c9.373 9.373 9.373 24.569 0 33.941l-22.667 22.667c-9.357 9.357-24.522 9.375-33.901.04L224 227.495 69.255 381.516c-9.379 9.335-24.544 9.317-33.901-.04l-22.667-22.667c-9.373-9.373-9.373-24.569 0-33.941L207.03 130.525c9.372-9.373 24.568-9.373 33.941-.001z\"><\/path><\/svg><\/span>\n\t\t\t<span class='e-closed'><svg aria-hidden=\"true\" class=\"e-font-icon-svg e-fas-chevron-down\" viewBox=\"0 0 448 512\" xmlns=\"http:\/\/www.w3.org\/2000\/svg\"><path d=\"M207.029 381.476L12.686 187.132c-9.373-9.373-9.373-24.569 0-33.941l22.667-22.667c9.357-9.357 24.522-9.375 33.901-.04L224 284.505l154.745-154.021c9.379-9.335 24.544-9.317 33.901.04l22.667 22.667c9.373 9.373 9.373 24.569 0 33.941L240.971 381.476c-9.373 9.372-24.569 9.372-33.942 0z\"><\/path><\/svg><\/span>\n\t\t<\/span>\n\n\t\t\t\t\t\t<\/summary>\n\t\t\t\t<div role=\"region\" aria-labelledby=\"e-n-accordion-item-9090\" class=\"elementor-element elementor-element-e32eea1 e-con-full e-flex e-con e-child\" data-id=\"e32eea1\" data-element_type=\"container\" data-e-type=\"container\">\n\t\t\t\t<div class=\"elementor-element elementor-element-b409d37 elementor-widget__width-initial elementor-widget elementor-widget-text-editor\" data-id=\"b409d37\" data-element_type=\"widget\" data-e-type=\"widget\" data-widget_type=\"text-editor.default\">\n\t\t\t\t<div class=\"elementor-widget-container\">\n\t\t\t\t\t\t\t\t\t<p><a href=\"https:\/\/wohnheim-bueche.ch\/wordpress\/wp-content\/uploads\/2026\/08\/20260805_BUR_REGION_011.pdf\" target=\"_blank\" rel=\"attachment noopener wp-att-4437\"><strong>Projektwoche \u00abNatur und Essen\u00bb 2026<\/strong><\/a><br \/>D&#8217;Region im August 2026<\/p>\t\t\t\t\t\t\t\t<\/div>\n\t\t\t\t<\/div>\n\t\t\t\t<\/div>\n\t\t\t\t\t<\/details>\n\t\t\t\t\t\t<details id=\"e-n-accordion-item-9091\" class=\"e-n-accordion-item\" >\n\t\t\t\t<summary class=\"e-n-accordion-item-title\" data-accordion-index=\"2\" tabindex=\"-1\" aria-expanded=\"false\" aria-controls=\"e-n-accordion-item-9091\" >\n\t\t\t\t\t<span class='e-n-accordion-item-title-header'><div class=\"e-n-accordion-item-title-text\"> 2025 <\/div><\/span>\n\t\t\t\t\t\t\t<span class='e-n-accordion-item-title-icon'>\n\t\t\t<span class='e-opened' ><svg aria-hidden=\"true\" class=\"e-font-icon-svg e-fas-chevron-up\" viewBox=\"0 0 448 512\" xmlns=\"http:\/\/www.w3.org\/2000\/svg\"><path d=\"M240.971 130.524l194.343 194.343c9.373 9.373 9.373 24.569 0 33.941l-22.667 22.667c-9.357 9.357-24.522 9.375-33.901.04L224 227.495 69.255 381.516c-9.379 9.335-24.544 9.317-33.901-.04l-22.667-22.667c-9.373-9.373-9.373-24.569 0-33.941L207.03 130.525c9.372-9.373 24.568-9.373 33.941-.001z\"><\/path><\/svg><\/span>\n\t\t\t<span class='e-closed'><svg aria-hidden=\"true\" class=\"e-font-icon-svg e-fas-chevron-down\" viewBox=\"0 0 448 512\" xmlns=\"http:\/\/www.w3.org\/2000\/svg\"><path d=\"M207.029 381.476L12.686 187.132c-9.373-9.373-9.373-24.569 0-33.941l22.667-22.667c9.357-9.357 24.522-9.375 33.901-.04L224 284.505l154.745-154.021c9.379-9.335 24.544-9.317 33.901.04l22.667 22.667c9.373 9.373 9.373 24.569 0 33.941L240.971 381.476c-9.373 9.372-24.569 9.372-33.942 0z\"><\/path><\/svg><\/span>\n\t\t<\/span>\n\n\t\t\t\t\t\t<\/summary>\n\t\t\t\t<div role=\"region\" aria-labelledby=\"e-n-accordion-item-9091\" class=\"elementor-element elementor-element-b2e6a1f e-con-full e-flex e-con e-child\" data-id=\"b2e6a1f\" data-element_type=\"container\" data-e-type=\"container\">\n\t\t\t\t<div class=\"elementor-element elementor-element-5083770 elementor-widget__width-initial elementor-widget elementor-widget-text-editor\" data-id=\"5083770\" data-element_type=\"widget\" data-e-type=\"widget\" data-widget_type=\"text-editor.default\">\n\t\t\t\t<div class=\"elementor-widget-container\">\n\t\t\t\t\t\t\t\t\t<p><a href=\"https:\/\/wohnheim-bueche.ch\/wordpress\/wp-content\/uploads\/2025\/11\/Wohnheim-Bueche.pdf\" target=\"_blank\" rel=\"attachment noopener wp-att-4437\"><strong>Adventsausstellung 2025<\/strong><\/a><br \/>D&#8217;Region im November 2025<\/p><p><a href=\"https:\/\/wohnheim-bueche.ch\/wordpress\/wp-content\/uploads\/2025\/12\/Inserat-Tag-psychische-Gesundheit-27.11.2025.pdf\" target=\"_blank\" rel=\"attachment noopener wp-att-4437\"><strong>Tag der Psychischen Gesundheit, 10. Oktober 2025<\/strong><\/a><br \/>Der offizielle Anzeiger Kirchberg im Oktober 2025<\/p><p><a href=\"https:\/\/wohnheim-bueche.ch\/wordpress\/wp-content\/uploads\/2025\/09\/Projektwoche_2025.pdf\" target=\"_blank\" rel=\"attachment noopener wp-att-4437\"><strong>Tierisch sch\u00f6ne Projektwoche 2025<\/strong><\/a><br \/>D&#8217;Region im August 2025<\/p>\t\t\t\t\t\t\t\t<\/div>\n\t\t\t\t<\/div>\n\t\t\t\t<\/div>\n\t\t\t\t\t<\/details>\n\t\t\t\t\t\t<details id=\"e-n-accordion-item-9092\" class=\"e-n-accordion-item\" >\n\t\t\t\t<summary class=\"e-n-accordion-item-title\" data-accordion-index=\"3\" tabindex=\"-1\" aria-expanded=\"false\" aria-controls=\"e-n-accordion-item-9092\" >\n\t\t\t\t\t<span class='e-n-accordion-item-title-header'><div class=\"e-n-accordion-item-title-text\"> 2024 <\/div><\/span>\n\t\t\t\t\t\t\t<span class='e-n-accordion-item-title-icon'>\n\t\t\t<span class='e-opened' ><svg aria-hidden=\"true\" class=\"e-font-icon-svg e-fas-chevron-up\" viewBox=\"0 0 448 512\" xmlns=\"http:\/\/www.w3.org\/2000\/svg\"><path d=\"M240.971 130.524l194.343 194.343c9.373 9.373 9.373 24.569 0 33.941l-22.667 22.667c-9.357 9.357-24.522 9.375-33.901.04L224 227.495 69.255 381.516c-9.379 9.335-24.544 9.317-33.901-.04l-22.667-22.667c-9.373-9.373-9.373-24.569 0-33.941L207.03 130.525c9.372-9.373 24.568-9.373 33.941-.001z\"><\/path><\/svg><\/span>\n\t\t\t<span class='e-closed'><svg aria-hidden=\"true\" class=\"e-font-icon-svg e-fas-chevron-down\" viewBox=\"0 0 448 512\" xmlns=\"http:\/\/www.w3.org\/2000\/svg\"><path d=\"M207.029 381.476L12.686 187.132c-9.373-9.373-9.373-24.569 0-33.941l22.667-22.667c9.357-9.357 24.522-9.375 33.901-.04L224 284.505l154.745-154.021c9.379-9.335 24.544-9.317 33.901.04l22.667 22.667c9.373 9.373 9.373 24.569 0 33.941L240.971 381.476c-9.373 9.372-24.569 9.372-33.942 0z\"><\/path><\/svg><\/span>\n\t\t<\/span>\n\n\t\t\t\t\t\t<\/summary>\n\t\t\t\t<div role=\"region\" aria-labelledby=\"e-n-accordion-item-9092\" class=\"elementor-element elementor-element-e8a1bd5 e-con-full e-flex e-con e-child\" data-id=\"e8a1bd5\" data-element_type=\"container\" data-e-type=\"container\">\n\t\t\t\t<div class=\"elementor-element elementor-element-a4fc0dc elementor-widget__width-initial elementor-widget elementor-widget-text-editor\" data-id=\"a4fc0dc\" data-element_type=\"widget\" data-e-type=\"widget\" data-widget_type=\"text-editor.default\">\n\t\t\t\t<div class=\"elementor-widget-container\">\n\t\t\t\t\t\t\t\t\t<p><a href=\"https:\/\/wohnheim-bueche.ch\/wordpress\/wp-content\/uploads\/2024\/11\/Beitrag_Adventszauber_11-2024.pdf\" target=\"_blank\" rel=\"attachment noopener wp-att-4437\"><strong>Adventszauber 2024<\/strong><\/a><br \/>D&#8217;Region im November 2024<\/p><p><a href=\"https:\/\/wohnheim-bueche.ch\/wordpress\/wp-content\/uploads\/2024\/11\/Beitrag_35_Jahre_Wohnheim_Bueche_09-2024.pdf\" target=\"_blank\" rel=\"attachment noopener wp-att-4437\"><strong>35 Jahre Wohnheim Bueche 2024<\/strong><\/a><br \/>D&#8217;Region im September 2024<\/p><p><a href=\"https:\/\/wohnheim-bueche.ch\/wordpress\/wp-content\/uploads\/2024\/11\/Beitrag_Sonderausstellung_Sommer_08-2024.pdf\" target=\"_blank\" rel=\"attachment noopener wp-att-4437\"><strong>Sonderausstellung Sommer 2024<\/strong><\/a><br \/>D&#8217;Region im August 2024<\/p><p><a href=\"https:\/\/wohnheim-bueche.ch\/wordpress\/wp-content\/uploads\/2024\/11\/Beitrag_Projektwoche_Gartenwelten_07-2024.pdf\" target=\"_blank\" rel=\"attachment noopener wp-att-4437\"><strong>Projektwoche \u00abGartenwelten\u00bb 2024<\/strong><\/a><br \/>D&#8217;Region im Juli 2024<\/p>\t\t\t\t\t\t\t\t<\/div>\n\t\t\t\t<\/div>\n\t\t\t\t<\/div>\n\t\t\t\t\t<\/details>\n\t\t\t\t\t\t<details id=\"e-n-accordion-item-9093\" class=\"e-n-accordion-item\" >\n\t\t\t\t<summary class=\"e-n-accordion-item-title\" data-accordion-index=\"4\" tabindex=\"-1\" aria-expanded=\"false\" aria-controls=\"e-n-accordion-item-9093\" >\n\t\t\t\t\t<span class='e-n-accordion-item-title-header'><div class=\"e-n-accordion-item-title-text\"> 2023 <\/div><\/span>\n\t\t\t\t\t\t\t<span class='e-n-accordion-item-title-icon'>\n\t\t\t<span class='e-opened' ><svg aria-hidden=\"true\" class=\"e-font-icon-svg e-fas-chevron-up\" viewBox=\"0 0 448 512\" xmlns=\"http:\/\/www.w3.org\/2000\/svg\"><path d=\"M240.971 130.524l194.343 194.343c9.373 9.373 9.373 24.569 0 33.941l-22.667 22.667c-9.357 9.357-24.522 9.375-33.901.04L224 227.495 69.255 381.516c-9.379 9.335-24.544 9.317-33.901-.04l-22.667-22.667c-9.373-9.373-9.373-24.569 0-33.941L207.03 130.525c9.372-9.373 24.568-9.373 33.941-.001z\"><\/path><\/svg><\/span>\n\t\t\t<span class='e-closed'><svg aria-hidden=\"true\" class=\"e-font-icon-svg e-fas-chevron-down\" viewBox=\"0 0 448 512\" xmlns=\"http:\/\/www.w3.org\/2000\/svg\"><path d=\"M207.029 381.476L12.686 187.132c-9.373-9.373-9.373-24.569 0-33.941l22.667-22.667c9.357-9.357 24.522-9.375 33.901-.04L224 284.505l154.745-154.021c9.379-9.335 24.544-9.317 33.901.04l22.667 22.667c9.373 9.373 9.373 24.569 0 33.941L240.971 381.476c-9.373 9.372-24.569 9.372-33.942 0z\"><\/path><\/svg><\/span>\n\t\t<\/span>\n\n\t\t\t\t\t\t<\/summary>\n\t\t\t\t<div role=\"region\" aria-labelledby=\"e-n-accordion-item-9093\" class=\"elementor-element elementor-element-f16d209 e-con-full e-flex e-con e-child\" data-id=\"f16d209\" data-element_type=\"container\" data-e-type=\"container\">\n\t\t\t\t<div class=\"elementor-element elementor-element-4d136c4 elementor-widget__width-initial elementor-widget elementor-widget-text-editor\" data-id=\"4d136c4\" data-element_type=\"widget\" data-e-type=\"widget\" data-widget_type=\"text-editor.default\">\n\t\t\t\t<div class=\"elementor-widget-container\">\n\t\t\t\t\t\t\t\t\t<p><a href=\"https:\/\/wohnheim-bueche.ch\/wordpress\/wp-content\/uploads\/2024\/11\/Beitrag_Adventsausstellung_11-2023.pdf\" target=\"_blank\" rel=\"attachment noopener wp-att-4437\"><strong>Adventsausstellung 2023<\/strong><\/a><br \/>D&#8217;Region im November 2023<\/p><p><a href=\"https:\/\/wohnheim-bueche.ch\/wordpress\/wp-content\/uploads\/2024\/11\/Beitrag_Tag_der_psychischen_Gesundheit_10-2023.pdf\" target=\"_blank\" rel=\"attachment noopener wp-att-4437\"><strong>Tag der psychischen Gesundheit 2023<\/strong><\/a><br \/>D&#8217;Region im Oktober 2023<\/p>\t\t\t\t\t\t\t\t<\/div>\n\t\t\t\t<\/div>\n\t\t\t\t<\/div>\n\t\t\t\t\t<\/details>\n\t\t\t\t\t\t<details id=\"e-n-accordion-item-9094\" class=\"e-n-accordion-item\" >\n\t\t\t\t<summary class=\"e-n-accordion-item-title\" data-accordion-index=\"5\" tabindex=\"-1\" aria-expanded=\"false\" aria-controls=\"e-n-accordion-item-9094\" >\n\t\t\t\t\t<span class='e-n-accordion-item-title-header'><div class=\"e-n-accordion-item-title-text\"> 2022 <\/div><\/span>\n\t\t\t\t\t\t\t<span class='e-n-accordion-item-title-icon'>\n\t\t\t<span class='e-opened' ><svg aria-hidden=\"true\" class=\"e-font-icon-svg e-fas-chevron-up\" viewBox=\"0 0 448 512\" xmlns=\"http:\/\/www.w3.org\/2000\/svg\"><path d=\"M240.971 130.524l194.343 194.343c9.373 9.373 9.373 24.569 0 33.941l-22.667 22.667c-9.357 9.357-24.522 9.375-33.901.04L224 227.495 69.255 381.516c-9.379 9.335-24.544 9.317-33.901-.04l-22.667-22.667c-9.373-9.373-9.373-24.569 0-33.941L207.03 130.525c9.372-9.373 24.568-9.373 33.941-.001z\"><\/path><\/svg><\/span>\n\t\t\t<span class='e-closed'><svg aria-hidden=\"true\" class=\"e-font-icon-svg e-fas-chevron-down\" viewBox=\"0 0 448 512\" xmlns=\"http:\/\/www.w3.org\/2000\/svg\"><path d=\"M207.029 381.476L12.686 187.132c-9.373-9.373-9.373-24.569 0-33.941l22.667-22.667c9.357-9.357 24.522-9.375 33.901-.04L224 284.505l154.745-154.021c9.379-9.335 24.544-9.317 33.901.04l22.667 22.667c9.373 9.373 9.373 24.569 0 33.941L240.971 381.476c-9.373 9.372-24.569 9.372-33.942 0z\"><\/path><\/svg><\/span>\n\t\t<\/span>\n\n\t\t\t\t\t\t<\/summary>\n\t\t\t\t<div role=\"region\" aria-labelledby=\"e-n-accordion-item-9094\" class=\"elementor-element elementor-element-460cb41 e-flex e-con-boxed e-con e-child\" data-id=\"460cb41\" data-element_type=\"container\" data-e-type=\"container\">\n\t\t\t\t\t<div class=\"e-con-inner\">\n\t\t\t\t<div class=\"elementor-element elementor-element-6fb8564 elementor-widget__width-initial elementor-widget elementor-widget-text-editor\" data-id=\"6fb8564\" data-element_type=\"widget\" data-e-type=\"widget\" data-widget_type=\"text-editor.default\">\n\t\t\t\t<div class=\"elementor-widget-container\">\n\t\t\t\t\t\t\t\t\t<p><a href=\"https:\/\/wohnheim-bueche.ch\/wordpress\/wp-content\/uploads\/2025\/10\/Zeitungsartikel_Weihnachtsaustellung_12_22.pdf\" target=\"_blank\" rel=\"attachment noopener wp-att-4437\"><strong>Weihnachtsausstellung 2022<\/strong><\/a><br \/>D\u2019Region im Dezember 2022<\/p><p><a href=\"https:\/\/wohnheim-bueche.ch\/wordpress\/wp-content\/uploads\/2025\/10\/Zeitungsartikel_15_Jahre_Tagesstaette_08_22.pdf\" target=\"_blank\" rel=\"attachment noopener wp-att-4437\"><strong>15 Jahre Tagesst\u00e4tte<\/strong><\/a><br \/>D\u2019Region im August 2022<\/p><p><a href=\"https:\/\/wohnheim-bueche.ch\/wordpress\/wp-content\/uploads\/2025\/10\/Zeitungsartikel_Projektwoche_Brot_2022.pdf\" target=\"_blank\" rel=\"attachment noopener wp-att-4437\"><strong>Projektwoche B\u00e4ckerei 2022<\/strong><\/a><br \/>D\u2019Region im Juli 2022<\/p>\t\t\t\t\t\t\t\t<\/div>\n\t\t\t\t<\/div>\n\t\t\t\t\t<\/div>\n\t\t\t\t<\/div>\n\t\t\t\t\t<\/details>\n\t\t\t\t\t\t<details id=\"e-n-accordion-item-9095\" class=\"e-n-accordion-item\" >\n\t\t\t\t<summary class=\"e-n-accordion-item-title\" data-accordion-index=\"6\" tabindex=\"-1\" aria-expanded=\"false\" aria-controls=\"e-n-accordion-item-9095\" >\n\t\t\t\t\t<span class='e-n-accordion-item-title-header'><div class=\"e-n-accordion-item-title-text\"> 2021 <\/div><\/span>\n\t\t\t\t\t\t\t<span class='e-n-accordion-item-title-icon'>\n\t\t\t<span class='e-opened' ><svg aria-hidden=\"true\" class=\"e-font-icon-svg e-fas-chevron-up\" viewBox=\"0 0 448 512\" xmlns=\"http:\/\/www.w3.org\/2000\/svg\"><path d=\"M240.971 130.524l194.343 194.343c9.373 9.373 9.373 24.569 0 33.941l-22.667 22.667c-9.357 9.357-24.522 9.375-33.901.04L224 227.495 69.255 381.516c-9.379 9.335-24.544 9.317-33.901-.04l-22.667-22.667c-9.373-9.373-9.373-24.569 0-33.941L207.03 130.525c9.372-9.373 24.568-9.373 33.941-.001z\"><\/path><\/svg><\/span>\n\t\t\t<span class='e-closed'><svg aria-hidden=\"true\" class=\"e-font-icon-svg e-fas-chevron-down\" viewBox=\"0 0 448 512\" xmlns=\"http:\/\/www.w3.org\/2000\/svg\"><path d=\"M207.029 381.476L12.686 187.132c-9.373-9.373-9.373-24.569 0-33.941l22.667-22.667c9.357-9.357 24.522-9.375 33.901-.04L224 284.505l154.745-154.021c9.379-9.335 24.544-9.317 33.901.04l22.667 22.667c9.373 9.373 9.373 24.569 0 33.941L240.971 381.476c-9.373 9.372-24.569 9.372-33.942 0z\"><\/path><\/svg><\/span>\n\t\t<\/span>\n\n\t\t\t\t\t\t<\/summary>\n\t\t\t\t<div role=\"region\" aria-labelledby=\"e-n-accordion-item-9095\" class=\"elementor-element elementor-element-f3b756a e-flex e-con-boxed e-con e-child\" data-id=\"f3b756a\" data-element_type=\"container\" data-e-type=\"container\">\n\t\t\t\t\t<div class=\"e-con-inner\">\n\t\t\t\t<div class=\"elementor-element elementor-element-c1aa0b8 elementor-widget__width-initial elementor-widget elementor-widget-text-editor\" data-id=\"c1aa0b8\" data-element_type=\"widget\" data-e-type=\"widget\" data-widget_type=\"text-editor.default\">\n\t\t\t\t<div class=\"elementor-widget-container\">\n\t\t\t\t\t\t\t\t\t<p><a href=\"https:\/\/wohnheim-bueche.ch\/wordpress\/wp-content\/uploads\/2025\/10\/Projektwoche-2021-1.pdf\" target=\"_blank\" rel=\"attachment noopener wp-att-4437\"><strong>Projektwoche Bauernhof 2021 &#8211; Teil 1<\/strong><\/a><br \/>D\u2019Region im Juli 2021<\/p><p><a href=\"https:\/\/wohnheim-bueche.ch\/wordpress\/wp-content\/uploads\/2025\/10\/Projektwoche-2021_1-1.pdf\" target=\"_blank\" rel=\"attachment noopener wp-att-4438\"><strong>Projektwoche Bauernhof 2021 &#8211; Teil 2<\/strong><\/a><br \/>D\u2019Region im Juli 2021<\/p>\t\t\t\t\t\t\t\t<\/div>\n\t\t\t\t<\/div>\n\t\t\t\t\t<\/div>\n\t\t\t\t<\/div>\n\t\t\t\t\t<\/details>\n\t\t\t\t\t\t<details id=\"e-n-accordion-item-9096\" class=\"e-n-accordion-item\" >\n\t\t\t\t<summary class=\"e-n-accordion-item-title\" data-accordion-index=\"7\" tabindex=\"-1\" aria-expanded=\"false\" aria-controls=\"e-n-accordion-item-9096\" >\n\t\t\t\t\t<span class='e-n-accordion-item-title-header'><div class=\"e-n-accordion-item-title-text\"> 2020 <\/div><\/span>\n\t\t\t\t\t\t\t<span class='e-n-accordion-item-title-icon'>\n\t\t\t<span class='e-opened' ><svg aria-hidden=\"true\" class=\"e-font-icon-svg e-fas-chevron-up\" viewBox=\"0 0 448 512\" xmlns=\"http:\/\/www.w3.org\/2000\/svg\"><path d=\"M240.971 130.524l194.343 194.343c9.373 9.373 9.373 24.569 0 33.941l-22.667 22.667c-9.357 9.357-24.522 9.375-33.901.04L224 227.495 69.255 381.516c-9.379 9.335-24.544 9.317-33.901-.04l-22.667-22.667c-9.373-9.373-9.373-24.569 0-33.941L207.03 130.525c9.372-9.373 24.568-9.373 33.941-.001z\"><\/path><\/svg><\/span>\n\t\t\t<span class='e-closed'><svg aria-hidden=\"true\" class=\"e-font-icon-svg e-fas-chevron-down\" viewBox=\"0 0 448 512\" xmlns=\"http:\/\/www.w3.org\/2000\/svg\"><path d=\"M207.029 381.476L12.686 187.132c-9.373-9.373-9.373-24.569 0-33.941l22.667-22.667c9.357-9.357 24.522-9.375 33.901-.04L224 284.505l154.745-154.021c9.379-9.335 24.544-9.317 33.901.04l22.667 22.667c9.373 9.373 9.373 24.569 0 33.941L240.971 381.476c-9.373 9.372-24.569 9.372-33.942 0z\"><\/path><\/svg><\/span>\n\t\t<\/span>\n\n\t\t\t\t\t\t<\/summary>\n\t\t\t\t<div role=\"region\" aria-labelledby=\"e-n-accordion-item-9096\" class=\"elementor-element elementor-element-37f4637 e-flex e-con-boxed e-con e-child\" data-id=\"37f4637\" data-element_type=\"container\" data-e-type=\"container\">\n\t\t\t\t\t<div class=\"e-con-inner\">\n\t\t\t\t<div class=\"elementor-element elementor-element-60999d9 elementor-widget__width-initial elementor-widget elementor-widget-text-editor\" data-id=\"60999d9\" data-element_type=\"widget\" data-e-type=\"widget\" data-widget_type=\"text-editor.default\">\n\t\t\t\t<div class=\"elementor-widget-container\">\n\t\t\t\t\t\t\t\t\t<p><a href=\"https:\/\/wohnheim-bueche.ch\/wordpress\/wp-content\/uploads\/2025\/10\/Waldwoche-1.pdf\" target=\"_blank\" rel=\"attachment noopener wp-att-3950\"><strong>Waldwoche 1<\/strong><\/a><br \/>D\u2019Region im Juli 2020<\/p><p><a href=\"https:\/\/wohnheim-bueche.ch\/wordpress\/wp-content\/uploads\/2025\/10\/Waldwoche-2.pdf\" target=\"_blank\" rel=\"attachment noopener wp-att-3952\"><strong>Waldwoche 2<\/strong><\/a><br \/>D\u2019Region im Juli 2020<\/p>\t\t\t\t\t\t\t\t<\/div>\n\t\t\t\t<\/div>\n\t\t\t\t\t<\/div>\n\t\t\t\t<\/div>\n\t\t\t\t\t<\/details>\n\t\t\t\t\t\t<details id=\"e-n-accordion-item-9097\" class=\"e-n-accordion-item\" >\n\t\t\t\t<summary class=\"e-n-accordion-item-title\" data-accordion-index=\"8\" tabindex=\"-1\" aria-expanded=\"false\" aria-controls=\"e-n-accordion-item-9097\" >\n\t\t\t\t\t<span class='e-n-accordion-item-title-header'><div class=\"e-n-accordion-item-title-text\"> 2019 <\/div><\/span>\n\t\t\t\t\t\t\t<span class='e-n-accordion-item-title-icon'>\n\t\t\t<span class='e-opened' ><svg aria-hidden=\"true\" class=\"e-font-icon-svg e-fas-chevron-up\" viewBox=\"0 0 448 512\" xmlns=\"http:\/\/www.w3.org\/2000\/svg\"><path d=\"M240.971 130.524l194.343 194.343c9.373 9.373 9.373 24.569 0 33.941l-22.667 22.667c-9.357 9.357-24.522 9.375-33.901.04L224 227.495 69.255 381.516c-9.379 9.335-24.544 9.317-33.901-.04l-22.667-22.667c-9.373-9.373-9.373-24.569 0-33.941L207.03 130.525c9.372-9.373 24.568-9.373 33.941-.001z\"><\/path><\/svg><\/span>\n\t\t\t<span class='e-closed'><svg aria-hidden=\"true\" class=\"e-font-icon-svg e-fas-chevron-down\" viewBox=\"0 0 448 512\" xmlns=\"http:\/\/www.w3.org\/2000\/svg\"><path d=\"M207.029 381.476L12.686 187.132c-9.373-9.373-9.373-24.569 0-33.941l22.667-22.667c9.357-9.357 24.522-9.375 33.901-.04L224 284.505l154.745-154.021c9.379-9.335 24.544-9.317 33.901.04l22.667 22.667c9.373 9.373 9.373 24.569 0 33.941L240.971 381.476c-9.373 9.372-24.569 9.372-33.942 0z\"><\/path><\/svg><\/span>\n\t\t<\/span>\n\n\t\t\t\t\t\t<\/summary>\n\t\t\t\t<div role=\"region\" aria-labelledby=\"e-n-accordion-item-9097\" class=\"elementor-element elementor-element-8621aad e-flex e-con-boxed e-con e-child\" data-id=\"8621aad\" data-element_type=\"container\" data-e-type=\"container\">\n\t\t\t\t\t<div class=\"e-con-inner\">\n\t\t\t\t<div class=\"elementor-element elementor-element-6fccd59 elementor-widget__width-initial elementor-widget elementor-widget-text-editor\" data-id=\"6fccd59\" data-element_type=\"widget\" data-e-type=\"widget\" data-widget_type=\"text-editor.default\">\n\t\t\t\t<div class=\"elementor-widget-container\">\n\t\t\t\t\t\t\t\t\t<p><a href=\"https:\/\/wohnheim-bueche.ch\/wordpress\/wp-content\/uploads\/2025\/10\/2019-Weihnachtsausstellung-1.pdf\" target=\"_blank\" rel=\"noopener noreferrer\"><strong>Weihnachtsausstellung<\/strong><\/a><br \/>D\u2019Region\u00a0im Dezember 2019<\/p>\t\t\t\t\t\t\t\t<\/div>\n\t\t\t\t<\/div>\n\t\t\t\t\t<\/div>\n\t\t\t\t<\/div>\n\t\t\t\t\t<\/details>\n\t\t\t\t\t<\/div>\n\t\t\t\t\t\t<\/div>\n\t\t\t\t<\/div>\n\t\t\t\t<div class=\"elementor-element elementor-element-2d83850 elementor-widget__width-initial elementor-hidden-desktop elementor-hidden-tablet elementor-hidden-mobile elementor-widget elementor-widget-text-editor\" data-id=\"2d83850\" data-element_type=\"widget\" data-e-type=\"widget\" data-widget_type=\"text-editor.default\">\n\t\t\t\t<div class=\"elementor-widget-container\">\n\t\t\t\t\t\t\t\t\t<p><a href=\"https:\/\/wohnheim-bueche.ch\/wordpress\/wp-content\/uploads\/2024\/11\/Beitrag_Adventszauber_11-2024.pdf\" rel=\"attachment wp-att-4437\"><strong>Adventszauber 2024<\/strong><\/a><br \/>D&#8217;Region im November 2024<\/p><p><a href=\"https:\/\/wohnheim-bueche.ch\/wordpress\/wp-content\/uploads\/2024\/11\/Beitrag_35_Jahre_Wohnheim_Bueche_09-2024.pdf\" rel=\"attachment wp-att-4437\"><strong>35 Jahre Wohnheim Bueche 2024<\/strong><\/a><br \/>D&#8217;Region im September 2024<\/p><p><a href=\"https:\/\/wohnheim-bueche.ch\/wordpress\/wp-content\/uploads\/2024\/11\/Beitrag_Sonderausstellung_Sommer_08-2024.pdf\" rel=\"attachment wp-att-4437\"><strong>Sonderausstellung Sommer 2024<\/strong><\/a><br \/>D&#8217;Region im August 2024<\/p><p><a href=\"https:\/\/wohnheim-bueche.ch\/wordpress\/wp-content\/uploads\/2024\/11\/Beitrag_Projektwoche_Gartenwelten_07-2024.pdf\" rel=\"attachment wp-att-4437\"><strong>Projektwoche \u00abGartenwelten\u00bb 2024<\/strong><\/a><br \/>D&#8217;Region im Juli 2024<\/p><p><a href=\"https:\/\/wohnheim-bueche.ch\/wordpress\/wp-content\/uploads\/2024\/11\/Beitrag_Adventsausstellung_11-2023.pdf\" rel=\"attachment wp-att-4437\"><strong>Adventsausstellung 2023<\/strong><\/a><br \/>D&#8217;Region im November 2023<\/p><p><a href=\"https:\/\/wohnheim-bueche.ch\/wordpress\/wp-content\/uploads\/2024\/11\/Beitrag_Tag_der_psychischen_Gesundheit_10-2023.pdf\" rel=\"attachment wp-att-4437\"><strong>Tag der psychischen Gesundheit 2023<\/strong><\/a><br \/>D&#8217;Region im Oktober 2023<\/p><p><a href=\"https:\/\/wohnheim-bueche.ch\/wordpress\/wp-content\/uploads\/2023\/02\/Zeitungsartikel_Weihnachtsaustellung_12_22.pdf\" rel=\"attachment wp-att-4437\"><strong>Weihnachtsausstellung 2022<\/strong><\/a><br \/>D\u2019Region im Dezember 2022<\/p><p><a href=\"https:\/\/wohnheim-bueche.ch\/wordpress\/wp-content\/uploads\/2023\/02\/Zeitungsartikel_Projektwoche_Baeckerei_08_22.pdf\" rel=\"attachment wp-att-4437\"><strong>Projektwoche B\u00e4ckerei 2022<\/strong><\/a><br \/>D\u2019Region im August 2022<\/p><p><a href=\"https:\/\/wohnheim-bueche.ch\/wordpress\/wp-content\/uploads\/2023\/02\/Zeitungsartikel_15_Jahre_Tagesstaette_08_22.pdf\" rel=\"attachment wp-att-4437\"><strong>15 Jahre Tagesst\u00e4tte<\/strong><\/a><br \/>D\u2019Region im August 2022<\/p><p><a href=\"https:\/\/wohnheim-bueche.ch\/wordpress\/wp-content\/uploads\/2022\/10\/Zeitungsartikel_Projektwoche_Brot_2022.pdf\" rel=\"attachment wp-att-4437\"><strong>Projektwoche zum Thema Brot 2022<\/strong><\/a><br \/>D\u2019Region im Juli 2022<\/p><p><a href=\"https:\/\/wohnheim-bueche.ch\/wordpress\/wp-content\/uploads\/2021\/10\/Projektwoche-2021-1.pdf\" rel=\"attachment wp-att-4437\"><strong>Projektwoche Bauernhof 2021<\/strong><\/a><br \/>D\u2019Region im Juli 2021<\/p><p><a href=\"https:\/\/wohnheim-bueche.ch\/wordpress\/wp-content\/uploads\/2021\/10\/Projektwoche-2021_1-1.pdf\" rel=\"attachment wp-att-4438\"><strong>Projektwoche Bauernhof 2021<\/strong><\/a><br \/>D\u2019Region im Juli 2021<\/p><p><a href=\"https:\/\/wohnheim-bueche.ch\/wordpress\/wp-content\/uploads\/2020\/08\/Waldwoche-1.pdf\" rel=\"attachment wp-att-3950\"><strong>Waldwoche 1<\/strong><\/a><br \/>D\u2019Region im Juli 2020<\/p><p><a href=\"https:\/\/wohnheim-bueche.ch\/wordpress\/wp-content\/uploads\/2020\/08\/Waldwoche-2.pdf\" rel=\"attachment wp-att-3952\"><strong>Waldwoche 2<\/strong><\/a><br \/>D\u2019Region im Juli 2020<\/p><p><a href=\"https:\/\/wohnheim-bueche.ch\/wordpress\/wp-content\/uploads\/2019\/12\/2019-Weihnachtsausstellung-1.pdf\" target=\"_blank\" rel=\"noopener noreferrer\"><strong>Weihnachtsausstellung<\/strong><\/a><br \/>D\u2019Region\u00a0im Dezember 2019<\/p><p><a href=\"https:\/\/wohnheim-bueche.ch\/wordpress\/wp-content\/uploads\/2019\/12\/20180905-Lottoabend-1.pdf\" target=\"_blank\" rel=\"noopener noreferrer\"><strong>Lottoabend<\/strong><\/a><br \/>Lindenblatt vom 5.\u00a0September 2018<\/p><p><a href=\"https:\/\/wohnheim-bueche.ch\/wordpress\/wp-content\/uploads\/2018\/07\/20171016-10-Jahre-Bueche.pdf\" target=\"_blank\" rel=\"noopener noreferrer\"><strong>10 Jahre Tagesst\u00e4tte Bueche<\/strong><\/a><br \/>D\u2019Region\u00a0vom 16.\u00a0Oktober 2017<\/p><p><a href=\"https:\/\/wohnheim-bueche.ch\/wordpress\/wp-content\/uploads\/2019\/12\/20161214-Tinu-Heiniger-1.pdf\" target=\"_blank\" rel=\"noopener noreferrer\"><strong>Heiniger Abend mit Tschan<\/strong><\/a><br \/>D\u2019Region\u00a0vom 14.\u00a0Dezember 2016<\/p><p><a href=\"https:\/\/wohnheim-bueche.ch\/wordpress\/wp-content\/uploads\/2018\/07\/20161129_Bastelnachmittag.pdf\" target=\"_blank\" rel=\"noopener noreferrer\"><strong>Bastelnachmittag<\/strong><\/a><br \/>D\u2019Region\u00a0vom 29. November\u00a02016<\/p><p><a href=\"https:\/\/wohnheim-bueche.ch\/wordpress\/wp-content\/uploads\/2017\/05\/20160228_Mauer.pdf\" target=\"_blank\" rel=\"noopener noreferrer\"><strong>Diese Mauer gef\u00e4llt ganz oder gar nicht<\/strong><\/a><br \/>Grenchner Tagblatt\u00a0vom 28. Februar 2016<\/p><p><a href=\"https:\/\/wohnheim-bueche.ch\/wordpress\/wp-content\/uploads\/2017\/01\/20150218-Die-etwas-andere-Wohngemeinschaft.pdf\" target=\"_blank\" rel=\"noopener noreferrer\"><strong>Die etwas andere Wohngemeinschaft<\/strong><\/a><br \/>Berner Zeitung vom 18. Februar 2015<\/p><p><a href=\"https:\/\/wohnheim-bueche.ch\/wordpress\/wp-content\/uploads\/2017\/01\/20140207-Kirchensonntag.pdf\" target=\"_blank\" rel=\"noopener noreferrer\"><strong>Kirchensonntag \u2013 Gottesdienst \u00abganz normal anders\u00bb<\/strong><\/a><br \/>D\u2018 Region vom 7. Februar 2014<\/p><p><a href=\"https:\/\/wohnheim-bueche.ch\/wordpress\/wp-content\/uploads\/2017\/01\/20120119-Projektpr%C3%A4sentation.pdf\" target=\"_blank\" rel=\"noopener noreferrer\"><strong>Ein neuer Garten f\u00fcr das sozialpsychiatrische Wohnheim \u00abBueche\u00bb<\/strong><\/a><br \/>D Region vom 20. Januar 2012<\/p><p><a href=\"https:\/\/wohnheim-bueche.ch\/wordpress\/wp-content\/uploads\/2017\/01\/20110927-Goldwaschen.pdf\" target=\"_blank\" rel=\"noopener noreferrer\"><strong>Goldwaschen\u00a0im Napfgebiet<\/strong><\/a><br \/>D\u2018 Region vom 27. September 2011<\/p><p><a href=\"https:\/\/wohnheim-bueche.ch\/wordpress\/wp-content\/uploads\/2017\/01\/20091209-Winterwald.pdf\" target=\"_blank\" rel=\"noopener noreferrer\"><strong>Winterwald im ehemaligen Kino<\/strong><\/a><br \/>D\u2019Region vom 9. Dezember 2009<\/p><p><a href=\"https:\/\/wohnheim-bueche.ch\/wordpress\/wp-content\/uploads\/2017\/01\/20091114-Jubil%C3%A4um.m4v\" target=\"_blank\" rel=\"noopener noreferrer\"><strong>20-j\u00e4hriges Jubil\u00e4um, 14.\/15. November 2009<\/strong><\/a><br \/>Filmdokumentation<\/p><p><a href=\"https:\/\/wohnheim-bueche.ch\/wordpress\/wp-content\/uploads\/2017\/01\/20091006-Tabu-der-psychischen-Krankheiten.pdf\" target=\"_blank\" rel=\"noopener noreferrer\"><strong>Tabu der psychischen Krankheit brechen<\/strong><\/a><br \/>D\u2018 Region vom 6. Oktober 2009<\/p><p><a href=\"https:\/\/wohnheim-bueche.ch\/wordpress\/wp-content\/uploads\/2017\/01\/20090623-Besch%C3%A4ftigungspl%C3%A4tze.pdf\" target=\"_blank\" rel=\"noopener noreferrer\"><strong>Besch\u00e4ftigungspl\u00e4tze f\u00fcr Externe<\/strong><\/a><br \/>D\u2018 Region vom 23. Juni 2009<\/p><p><a href=\"https:\/\/wohnheim-bueche.ch\/wordpress\/wp-content\/uploads\/2017\/01\/20081216-So-nah-wie-m%C3%B6glich-am-Alltag-leben.pdf\" target=\"_blank\" rel=\"noopener noreferrer\"><strong>So nah wie m\u00f6glich am Alltag leben<\/strong><\/a><br \/>Berner Rundschau vom 16. Dezember 2008<\/p><p><a href=\"https:\/\/wohnheim-bueche.ch\/wordpress\/wp-content\/uploads\/2017\/01\/20080805-Ferienpass.pdf\" target=\"_blank\" rel=\"noopener noreferrer\"><strong>Schr\u00e4ge V\u00f6gel im Ferienspass<\/strong><\/a><br \/>D\u2018 Region vom 5. August 2008<\/p>\t\t\t\t\t\t\t\t<\/div>\n\t\t\t\t<\/div>\n\t\t\t\t<\/div>\n\t\t\t\t\t<\/div>\n\t\t\t\t<\/div>\n\t\t\t\t<\/div>\n\t\t","protected":false},"excerpt":{"rendered":"<p>Medien &amp; Publikationen Zeitungsberichte 2026 Projektwoche \u00abNatur und Essen\u00bb 2026D&#8217;Region im August 2026 2025 Adventsausstellung 2025D&#8217;Region im November 2025 Tag der Psychischen Gesundheit, 10. Oktober 2025Der offizielle Anzeiger Kirchberg im Oktober 2025 Tierisch sch\u00f6ne Projektwoche 2025D&#8217;Region im August 2025 2024 Adventszauber 2024D&#8217;Region im November 2024 35 Jahre Wohnheim Bueche 2024D&#8217;Region im September 2024 Sonderausstellung Sommer [&hellip;]<\/p>\n","protected":false},"author":1,"featured_media":0,"parent":0,"menu_order":0,"comment_status":"closed","ping_status":"closed","template":"elementor_header_footer","meta":{"footnotes":""},"class_list":["post-26","page","type-page","status-publish","hentry"],"blocksy_meta":{"styles_descriptor":{"styles":{"desktop":"","tablet":"","mobile":""},"google_fonts":[],"version":7}},"yoast_head":"<!-- This site is optimized with the Yoast SEO plugin v28.1 - https:\/\/yoast.com\/product\/yoast-seo-wordpress\/ -->\n<title>Medien - Wohnheim Bueche<\/title>\n<meta name=\"description\" content=\"Sehen Sie sich Medien und Publikationen rund um das Wohnheim Bueche an, die im Laufe der Jahre ver\u00f6ffentlicht wurden.\" \/>\n<meta name=\"robots\" content=\"index, follow, max-snippet:-1, max-image-preview:large, max-video-preview:-1\" \/>\n<link rel=\"canonical\" href=\"https:\/\/wohnheim-bueche.ch\/wordpress\/medien\/\" \/>\n<meta property=\"og:locale\" content=\"de_DE\" \/>\n<meta property=\"og:type\" content=\"article\" \/>\n<meta property=\"og:title\" content=\"Medien - Wohnheim Bueche\" \/>\n<meta property=\"og:description\" content=\"Sehen Sie sich Medien und Publikationen rund um das Wohnheim Bueche an, die im Laufe der Jahre ver\u00f6ffentlicht wurden.\" \/>\n<meta property=\"og:url\" content=\"https:\/\/wohnheim-bueche.ch\/wordpress\/medien\/\" \/>\n<meta property=\"og:site_name\" content=\"Wohnheim Bueche\" \/>\n<meta property=\"article:modified_time\" content=\"2026-08-18T11:00:47+00:00\" \/>\n<meta name=\"twitter:card\" content=\"summary_large_image\" \/>\n<meta name=\"twitter:label1\" content=\"Gesch\u00e4tzte Lesezeit\" \/>\n\t<meta name=\"twitter:data1\" content=\"3\u00a0Minuten\" \/>\n<script type=\"application\/ld+json\" class=\"yoast-schema-graph\">{\"@context\":\"https:\\\/\\\/schema.org\",\"@graph\":[{\"@type\":\"WebPage\",\"@id\":\"https:\\\/\\\/wohnheim-bueche.ch\\\/wordpress\\\/medien\\\/\",\"url\":\"https:\\\/\\\/wohnheim-bueche.ch\\\/wordpress\\\/medien\\\/\",\"name\":\"Medien - Wohnheim Bueche\",\"isPartOf\":{\"@id\":\"https:\\\/\\\/wohnheim-bueche.ch\\\/wordpress\\\/#website\"},\"datePublished\":\"2023-02-09T14:01:55+00:00\",\"dateModified\":\"2026-08-18T11:00:47+00:00\",\"description\":\"Sehen Sie sich Medien und Publikationen rund um das Wohnheim Bueche an, die im Laufe der Jahre ver\u00f6ffentlicht wurden.\",\"breadcrumb\":{\"@id\":\"https:\\\/\\\/wohnheim-bueche.ch\\\/wordpress\\\/medien\\\/#breadcrumb\"},\"inLanguage\":\"de\",\"potentialAction\":[{\"@type\":\"ReadAction\",\"target\":[\"https:\\\/\\\/wohnheim-bueche.ch\\\/wordpress\\\/medien\\\/\"]}]},{\"@type\":\"BreadcrumbList\",\"@id\":\"https:\\\/\\\/wohnheim-bueche.ch\\\/wordpress\\\/medien\\\/#breadcrumb\",\"itemListElement\":[{\"@type\":\"ListItem\",\"position\":1,\"name\":\"Startseite\",\"item\":\"https:\\\/\\\/wohnheim-bueche.ch\\\/wordpress\\\/\"},{\"@type\":\"ListItem\",\"position\":2,\"name\":\"Medien\"}]},{\"@type\":\"WebSite\",\"@id\":\"https:\\\/\\\/wohnheim-bueche.ch\\\/wordpress\\\/#website\",\"url\":\"https:\\\/\\\/wohnheim-bueche.ch\\\/wordpress\\\/\",\"name\":\"Wohnheim Bueche\",\"description\":\"Sozialpsychiatrische Kleininstitution in Utzenstorf\",\"publisher\":{\"@id\":\"https:\\\/\\\/wohnheim-bueche.ch\\\/wordpress\\\/#organization\"},\"potentialAction\":[{\"@type\":\"SearchAction\",\"target\":{\"@type\":\"EntryPoint\",\"urlTemplate\":\"https:\\\/\\\/wohnheim-bueche.ch\\\/wordpress\\\/?s={search_term_string}\"},\"query-input\":{\"@type\":\"PropertyValueSpecification\",\"valueRequired\":true,\"valueName\":\"search_term_string\"}}],\"inLanguage\":\"de\"},{\"@type\":\"Organization\",\"@id\":\"https:\\\/\\\/wohnheim-bueche.ch\\\/wordpress\\\/#organization\",\"name\":\"Wohnheim Bueche\",\"url\":\"https:\\\/\\\/wohnheim-bueche.ch\\\/wordpress\\\/\",\"logo\":{\"@type\":\"ImageObject\",\"inLanguage\":\"de\",\"@id\":\"https:\\\/\\\/wohnheim-bueche.ch\\\/wordpress\\\/#\\\/schema\\\/logo\\\/image\\\/\",\"url\":\"https:\\\/\\\/wohnheim-bueche.ch\\\/wordpress\\\/wp-content\\\/uploads\\\/2023\\\/06\\\/Logo_Bueche_Web_Gruen_neu.svg\",\"contentUrl\":\"https:\\\/\\\/wohnheim-bueche.ch\\\/wordpress\\\/wp-content\\\/uploads\\\/2023\\\/06\\\/Logo_Bueche_Web_Gruen_neu.svg\",\"width\":87,\"height\":106,\"caption\":\"Wohnheim Bueche\"},\"image\":{\"@id\":\"https:\\\/\\\/wohnheim-bueche.ch\\\/wordpress\\\/#\\\/schema\\\/logo\\\/image\\\/\"}}]}<\/script>\n<!-- \/ Yoast SEO plugin. -->","yoast_head_json":{"title":"Medien - Wohnheim Bueche","description":"Sehen Sie sich Medien und Publikationen rund um das Wohnheim Bueche an, die im Laufe der Jahre ver\u00f6ffentlicht wurden.","robots":{"index":"index","follow":"follow","max-snippet":"max-snippet:-1","max-image-preview":"max-image-preview:large","max-video-preview":"max-video-preview:-1"},"canonical":"https:\/\/wohnheim-bueche.ch\/wordpress\/medien\/","og_locale":"de_DE","og_type":"article","og_title":"Medien - Wohnheim Bueche","og_description":"Sehen Sie sich Medien und Publikationen rund um das Wohnheim Bueche an, die im Laufe der Jahre ver\u00f6ffentlicht wurden.","og_url":"https:\/\/wohnheim-bueche.ch\/wordpress\/medien\/","og_site_name":"Wohnheim Bueche","article_modified_time":"2026-08-18T11:00:47+00:00","twitter_card":"summary_large_image","twitter_misc":{"Gesch\u00e4tzte Lesezeit":"3\u00a0Minuten"},"schema":{"@context":"https:\/\/schema.org","@graph":[{"@type":"WebPage","@id":"https:\/\/wohnheim-bueche.ch\/wordpress\/medien\/","url":"https:\/\/wohnheim-bueche.ch\/wordpress\/medien\/","name":"Medien - Wohnheim Bueche","isPartOf":{"@id":"https:\/\/wohnheim-bueche.ch\/wordpress\/#website"},"datePublished":"2023-02-09T14:01:55+00:00","dateModified":"2026-08-18T11:00:47+00:00","description":"Sehen Sie sich Medien und Publikationen rund um das Wohnheim Bueche an, die im Laufe der Jahre ver\u00f6ffentlicht wurden.","breadcrumb":{"@id":"https:\/\/wohnheim-bueche.ch\/wordpress\/medien\/#breadcrumb"},"inLanguage":"de","potentialAction":[{"@type":"ReadAction","target":["https:\/\/wohnheim-bueche.ch\/wordpress\/medien\/"]}]},{"@type":"BreadcrumbList","@id":"https:\/\/wohnheim-bueche.ch\/wordpress\/medien\/#breadcrumb","itemListElement":[{"@type":"ListItem","position":1,"name":"Startseite","item":"https:\/\/wohnheim-bueche.ch\/wordpress\/"},{"@type":"ListItem","position":2,"name":"Medien"}]},{"@type":"WebSite","@id":"https:\/\/wohnheim-bueche.ch\/wordpress\/#website","url":"https:\/\/wohnheim-bueche.ch\/wordpress\/","name":"Wohnheim Bueche","description":"Sozialpsychiatrische Kleininstitution in Utzenstorf","publisher":{"@id":"https:\/\/wohnheim-bueche.ch\/wordpress\/#organization"},"potentialAction":[{"@type":"SearchAction","target":{"@type":"EntryPoint","urlTemplate":"https:\/\/wohnheim-bueche.ch\/wordpress\/?s={search_term_string}"},"query-input":{"@type":"PropertyValueSpecification","valueRequired":true,"valueName":"search_term_string"}}],"inLanguage":"de"},{"@type":"Organization","@id":"https:\/\/wohnheim-bueche.ch\/wordpress\/#organization","name":"Wohnheim Bueche","url":"https:\/\/wohnheim-bueche.ch\/wordpress\/","logo":{"@type":"ImageObject","inLanguage":"de","@id":"https:\/\/wohnheim-bueche.ch\/wordpress\/#\/schema\/logo\/image\/","url":"https:\/\/wohnheim-bueche.ch\/wordpress\/wp-content\/uploads\/2023\/06\/Logo_Bueche_Web_Gruen_neu.svg","contentUrl":"https:\/\/wohnheim-bueche.ch\/wordpress\/wp-content\/uploads\/2023\/06\/Logo_Bueche_Web_Gruen_neu.svg","width":87,"height":106,"caption":"Wohnheim Bueche"},"image":{"@id":"https:\/\/wohnheim-bueche.ch\/wordpress\/#\/schema\/logo\/image\/"}}]}},"_links":{"self":[{"href":"https:\/\/wohnheim-bueche.ch\/wordpress\/wp-json\/wp\/v2\/pages\/26","targetHints":{"allow":["GET"]}}],"collection":[{"href":"https:\/\/wohnheim-bueche.ch\/wordpress\/wp-json\/wp\/v2\/pages"}],"about":[{"href":"https:\/\/wohnheim-bueche.ch\/wordpress\/wp-json\/wp\/v2\/types\/page"}],"author":[{"embeddable":true,"href":"https:\/\/wohnheim-bueche.ch\/wordpress\/wp-json\/wp\/v2\/users\/1"}],"replies":[{"embeddable":true,"href":"https:\/\/wohnheim-bueche.ch\/wordpress\/wp-json\/wp\/v2\/comments?post=26"}],"version-history":[{"count":3,"href":"https:\/\/wohnheim-bueche.ch\/wordpress\/wp-json\/wp\/v2\/pages\/26\/revisions"}],"predecessor-version":[{"id":4884,"href":"https:\/\/wohnheim-bueche.ch\/wordpress\/wp-json\/wp\/v2\/pages\/26\/revisions\/4884"}],"wp:attachment":[{"href":"https:\/\/wohnheim-bueche.ch\/wordpress\/wp-json\/wp\/v2\/media?parent=26"}],"curies":[{"name":"wp","href":"https:\/\/api.w.org\/{rel}","templated":true}]}}