{"id":23,"date":"2023-02-09T15:01:54","date_gmt":"2023-02-09T14:01:54","guid":{"rendered":"https:\/\/wohnheim-bueche.ch\/wordpress\/?page_id=23"},"modified":"2026-02-11T14:03:51","modified_gmt":"2026-02-11T13:03:51","slug":"freie-plaetze","status":"publish","type":"page","link":"https:\/\/wohnheim-bueche.ch\/wordpress\/freie-plaetze\/","title":{"rendered":"Freie Pl\u00e4tze"},"content":{"rendered":"\t\t<div data-elementor-type=\"wp-page\" data-elementor-id=\"23\" class=\"elementor elementor-23\" data-elementor-post-type=\"page\">\n\t\t\t\t<div class=\"elementor-element elementor-element-32285c0 e-transform e-flex e-con-boxed e-con e-parent\" data-id=\"32285c0\" data-element_type=\"container\" data-e-type=\"container\" data-settings=\"{&quot;background_background&quot;:&quot;slideshow&quot;,&quot;background_slideshow_gallery&quot;:[{&quot;id&quot;:1302,&quot;url&quot;:&quot;https:\\\/\\\/wohnheim-bueche.ch\\\/wordpress\\\/wp-content\\\/uploads\\\/2023\\\/09\\\/RZU-4746.jpg&quot;}],&quot;background_slideshow_slide_duration&quot;:10000,&quot;background_slideshow_transition_duration&quot;:2000,&quot;background_slideshow_ken_burns&quot;:&quot;yes&quot;,&quot;animation&quot;:&quot;none&quot;,&quot;background_slideshow_loop&quot;:&quot;yes&quot;,&quot;background_slideshow_slide_transition&quot;:&quot;fade&quot;,&quot;background_slideshow_ken_burns_zoom_direction&quot;:&quot;in&quot;,&quot;_transform_translateX_effect&quot;:{&quot;unit&quot;:&quot;px&quot;,&quot;size&quot;:&quot;&quot;,&quot;sizes&quot;:[]},&quot;_transform_translateX_effect_tablet&quot;:{&quot;unit&quot;:&quot;px&quot;,&quot;size&quot;:&quot;&quot;,&quot;sizes&quot;:[]},&quot;_transform_translateX_effect_mobile&quot;:{&quot;unit&quot;:&quot;px&quot;,&quot;size&quot;:&quot;&quot;,&quot;sizes&quot;:[]},&quot;_transform_translateY_effect&quot;:{&quot;unit&quot;:&quot;px&quot;,&quot;size&quot;:&quot;&quot;,&quot;sizes&quot;:[]},&quot;_transform_translateY_effect_tablet&quot;:{&quot;unit&quot;:&quot;px&quot;,&quot;size&quot;:&quot;&quot;,&quot;sizes&quot;:[]},&quot;_transform_translateY_effect_mobile&quot;:{&quot;unit&quot;:&quot;px&quot;,&quot;size&quot;:&quot;&quot;,&quot;sizes&quot;:[]}}\">\n\t\t\t\t\t<div class=\"e-con-inner\">\n\t\t\t\t<div class=\"elementor-element elementor-element-38eb38e animated-slow elementor-widget__width-initial elementor-invisible elementor-widget elementor-widget-heading\" data-id=\"38eb38e\" data-element_type=\"widget\" data-e-type=\"widget\" data-settings=\"{&quot;_animation&quot;:&quot;fadeIn&quot;}\" data-widget_type=\"heading.default\">\n\t\t\t\t<div class=\"elementor-widget-container\">\n\t\t\t\t\t<h1 class=\"elementor-heading-title elementor-size-large\">Freie Pl\u00e4tze<\/h1>\t\t\t\t<\/div>\n\t\t\t\t<\/div>\n\t\t\t\t\t<\/div>\n\t\t\t\t<\/div>\n\t\t<div class=\"elementor-element elementor-element-1e82aea e-flex e-con-boxed e-con e-parent\" data-id=\"1e82aea\" data-element_type=\"container\" data-e-type=\"container\" data-settings=\"{&quot;background_background&quot;:&quot;classic&quot;}\">\n\t\t\t\t\t<div class=\"e-con-inner\">\n\t\t<div class=\"elementor-element elementor-element-9ebd47e e-con-full e-flex e-con e-child\" data-id=\"9ebd47e\" data-element_type=\"container\" data-e-type=\"container\">\n\t\t\t\t<div class=\"elementor-element elementor-element-ca58709 elementor-widget elementor-widget-heading\" data-id=\"ca58709\" data-element_type=\"widget\" data-e-type=\"widget\" data-widget_type=\"heading.default\">\n\t\t\t\t<div class=\"elementor-widget-container\">\n\t\t\t\t\t<h2 class=\"elementor-heading-title elementor-size-default\">Wir haben freie Pl\u00e4tze<\/h2>\t\t\t\t<\/div>\n\t\t\t\t<\/div>\n\t\t\t\t<div class=\"elementor-element elementor-element-2324de0 elementor-align-start elementor-icon-list--layout-traditional elementor-list-item-link-full_width elementor-widget elementor-widget-icon-list\" data-id=\"2324de0\" data-element_type=\"widget\" data-e-type=\"widget\" data-widget_type=\"icon-list.default\">\n\t\t\t\t<div class=\"elementor-widget-container\">\n\t\t\t\t\t\t\t<ul class=\"elementor-icon-list-items\">\n\t\t\t\t\t\t\t<li class=\"elementor-icon-list-item\">\n\t\t\t\t\t\t\t\t\t\t\t<span class=\"elementor-icon-list-icon\">\n\t\t\t\t\t\t\t<svg aria-hidden=\"true\" class=\"e-font-icon-svg e-fas-chevron-right\" viewBox=\"0 0 320 512\" xmlns=\"http:\/\/www.w3.org\/2000\/svg\"><path d=\"M285.476 272.971L91.132 467.314c-9.373 9.373-24.569 9.373-33.941 0l-22.667-22.667c-9.357-9.357-9.375-24.522-.04-33.901L188.505 256 34.484 101.255c-9.335-9.379-9.317-24.544.04-33.901l22.667-22.667c9.373-9.373 24.569-9.373 33.941 0L285.475 239.03c9.373 9.372 9.373 24.568.001 33.941z\"><\/path><\/svg>\t\t\t\t\t\t<\/span>\n\t\t\t\t\t\t\t\t\t\t<span class=\"elementor-icon-list-text\">Freier Arbeitsplatz in Atelier und Werkstatt f\u00fcr externe Mitarbeitende<\/span>\n\t\t\t\t\t\t\t\t\t<\/li>\n\t\t\t\t\t\t<\/ul>\n\t\t\t\t\t\t<\/div>\n\t\t\t\t<\/div>\n\t\t\t\t<div class=\"elementor-element elementor-element-dd03291 elementor-widget__width-initial elementor-widget elementor-widget-text-editor\" data-id=\"dd03291\" data-element_type=\"widget\" data-e-type=\"widget\" data-widget_type=\"text-editor.default\">\n\t\t\t\t<div class=\"elementor-widget-container\">\n\t\t\t\t\t\t\t\t\t<p>Bei Interesse melden Sie sich bei der Institutionsleitung Frau Rosmarie Ammann-G\u00fcdel <strong>unter der Telefonnummer 032 665 37 42<\/strong>.<\/p>\t\t\t\t\t\t\t\t<\/div>\n\t\t\t\t<\/div>\n\t\t\t\t<\/div>\n\t\t\t\t\t<\/div>\n\t\t\t\t<\/div>\n\t\t\t\t<\/div>\n\t\t","protected":false},"excerpt":{"rendered":"<p>Freie Pl\u00e4tze Wir haben freie Pl\u00e4tze Freier Arbeitsplatz in Atelier und Werkstatt f\u00fcr externe Mitarbeitende Bei Interesse melden Sie sich bei der Institutionsleitung Frau Rosmarie Ammann-G\u00fcdel unter der Telefonnummer 032 665 37 42.<\/p>\n","protected":false},"author":1,"featured_media":0,"parent":0,"menu_order":0,"comment_status":"closed","ping_status":"closed","template":"elementor_header_footer","meta":{"footnotes":""},"class_list":["post-23","page","type-page","status-publish","hentry"],"blocksy_meta":{"styles_descriptor":{"styles":{"desktop":"","tablet":"","mobile":""},"google_fonts":[],"version":7}},"yoast_head":"<!-- This site is optimized with the Yoast SEO plugin v28.1 - https:\/\/yoast.com\/product\/yoast-seo-wordpress\/ -->\n<title>Freie Pl\u00e4tze - Wohnheim Bueche<\/title>\n<meta name=\"description\" content=\"Wir haben Freie Arbeitspl\u00e4tze in Atelier und Werkstatt f\u00fcr externe Mitarbeitende und einen freien Wohnplatz im Wohnheim.\" \/>\n<meta name=\"robots\" content=\"index, follow, max-snippet:-1, max-image-preview:large, max-video-preview:-1\" \/>\n<link rel=\"canonical\" href=\"https:\/\/wohnheim-bueche.ch\/wordpress\/freie-plaetze\/\" \/>\n<meta property=\"og:locale\" content=\"de_DE\" \/>\n<meta property=\"og:type\" content=\"article\" \/>\n<meta property=\"og:title\" content=\"Freie Pl\u00e4tze - Wohnheim Bueche\" \/>\n<meta property=\"og:description\" content=\"Wir haben Freie Arbeitspl\u00e4tze in Atelier und Werkstatt f\u00fcr externe Mitarbeitende und einen freien Wohnplatz im Wohnheim.\" \/>\n<meta property=\"og:url\" content=\"https:\/\/wohnheim-bueche.ch\/wordpress\/freie-plaetze\/\" \/>\n<meta property=\"og:site_name\" content=\"Wohnheim Bueche\" \/>\n<meta property=\"article:modified_time\" content=\"2026-02-11T13:03:51+00:00\" \/>\n<meta name=\"twitter:card\" content=\"summary_large_image\" \/>\n<meta name=\"twitter:label1\" content=\"Gesch\u00e4tzte Lesezeit\" \/>\n\t<meta name=\"twitter:data1\" content=\"1\u00a0Minute\" \/>\n<script type=\"application\/ld+json\" class=\"yoast-schema-graph\">{\"@context\":\"https:\\\/\\\/schema.org\",\"@graph\":[{\"@type\":\"WebPage\",\"@id\":\"https:\\\/\\\/wohnheim-bueche.ch\\\/wordpress\\\/freie-plaetze\\\/\",\"url\":\"https:\\\/\\\/wohnheim-bueche.ch\\\/wordpress\\\/freie-plaetze\\\/\",\"name\":\"Freie Pl\u00e4tze - Wohnheim Bueche\",\"isPartOf\":{\"@id\":\"https:\\\/\\\/wohnheim-bueche.ch\\\/wordpress\\\/#website\"},\"datePublished\":\"2023-02-09T14:01:54+00:00\",\"dateModified\":\"2026-02-11T13:03:51+00:00\",\"description\":\"Wir haben Freie Arbeitspl\u00e4tze in Atelier und Werkstatt f\u00fcr externe Mitarbeitende und einen freien Wohnplatz im Wohnheim.\",\"breadcrumb\":{\"@id\":\"https:\\\/\\\/wohnheim-bueche.ch\\\/wordpress\\\/freie-plaetze\\\/#breadcrumb\"},\"inLanguage\":\"de\",\"potentialAction\":[{\"@type\":\"ReadAction\",\"target\":[\"https:\\\/\\\/wohnheim-bueche.ch\\\/wordpress\\\/freie-plaetze\\\/\"]}]},{\"@type\":\"BreadcrumbList\",\"@id\":\"https:\\\/\\\/wohnheim-bueche.ch\\\/wordpress\\\/freie-plaetze\\\/#breadcrumb\",\"itemListElement\":[{\"@type\":\"ListItem\",\"position\":1,\"name\":\"Startseite\",\"item\":\"https:\\\/\\\/wohnheim-bueche.ch\\\/wordpress\\\/\"},{\"@type\":\"ListItem\",\"position\":2,\"name\":\"Freie Pl\u00e4tze\"}]},{\"@type\":\"WebSite\",\"@id\":\"https:\\\/\\\/wohnheim-bueche.ch\\\/wordpress\\\/#website\",\"url\":\"https:\\\/\\\/wohnheim-bueche.ch\\\/wordpress\\\/\",\"name\":\"Wohnheim Bueche\",\"description\":\"Sozialpsychiatrische Kleininstitution in Utzenstorf\",\"publisher\":{\"@id\":\"https:\\\/\\\/wohnheim-bueche.ch\\\/wordpress\\\/#organization\"},\"potentialAction\":[{\"@type\":\"SearchAction\",\"target\":{\"@type\":\"EntryPoint\",\"urlTemplate\":\"https:\\\/\\\/wohnheim-bueche.ch\\\/wordpress\\\/?s={search_term_string}\"},\"query-input\":{\"@type\":\"PropertyValueSpecification\",\"valueRequired\":true,\"valueName\":\"search_term_string\"}}],\"inLanguage\":\"de\"},{\"@type\":\"Organization\",\"@id\":\"https:\\\/\\\/wohnheim-bueche.ch\\\/wordpress\\\/#organization\",\"name\":\"Wohnheim Bueche\",\"url\":\"https:\\\/\\\/wohnheim-bueche.ch\\\/wordpress\\\/\",\"logo\":{\"@type\":\"ImageObject\",\"inLanguage\":\"de\",\"@id\":\"https:\\\/\\\/wohnheim-bueche.ch\\\/wordpress\\\/#\\\/schema\\\/logo\\\/image\\\/\",\"url\":\"https:\\\/\\\/wohnheim-bueche.ch\\\/wordpress\\\/wp-content\\\/uploads\\\/2023\\\/06\\\/Logo_Bueche_Web_Gruen_neu.svg\",\"contentUrl\":\"https:\\\/\\\/wohnheim-bueche.ch\\\/wordpress\\\/wp-content\\\/uploads\\\/2023\\\/06\\\/Logo_Bueche_Web_Gruen_neu.svg\",\"width\":87,\"height\":106,\"caption\":\"Wohnheim Bueche\"},\"image\":{\"@id\":\"https:\\\/\\\/wohnheim-bueche.ch\\\/wordpress\\\/#\\\/schema\\\/logo\\\/image\\\/\"}}]}<\/script>\n<!-- \/ Yoast SEO plugin. -->","yoast_head_json":{"title":"Freie Pl\u00e4tze - Wohnheim Bueche","description":"Wir haben Freie Arbeitspl\u00e4tze in Atelier und Werkstatt f\u00fcr externe Mitarbeitende und einen freien Wohnplatz im Wohnheim.","robots":{"index":"index","follow":"follow","max-snippet":"max-snippet:-1","max-image-preview":"max-image-preview:large","max-video-preview":"max-video-preview:-1"},"canonical":"https:\/\/wohnheim-bueche.ch\/wordpress\/freie-plaetze\/","og_locale":"de_DE","og_type":"article","og_title":"Freie Pl\u00e4tze - Wohnheim Bueche","og_description":"Wir haben Freie Arbeitspl\u00e4tze in Atelier und Werkstatt f\u00fcr externe Mitarbeitende und einen freien Wohnplatz im Wohnheim.","og_url":"https:\/\/wohnheim-bueche.ch\/wordpress\/freie-plaetze\/","og_site_name":"Wohnheim Bueche","article_modified_time":"2026-02-11T13:03:51+00:00","twitter_card":"summary_large_image","twitter_misc":{"Gesch\u00e4tzte Lesezeit":"1\u00a0Minute"},"schema":{"@context":"https:\/\/schema.org","@graph":[{"@type":"WebPage","@id":"https:\/\/wohnheim-bueche.ch\/wordpress\/freie-plaetze\/","url":"https:\/\/wohnheim-bueche.ch\/wordpress\/freie-plaetze\/","name":"Freie Pl\u00e4tze - Wohnheim Bueche","isPartOf":{"@id":"https:\/\/wohnheim-bueche.ch\/wordpress\/#website"},"datePublished":"2023-02-09T14:01:54+00:00","dateModified":"2026-02-11T13:03:51+00:00","description":"Wir haben Freie Arbeitspl\u00e4tze in Atelier und Werkstatt f\u00fcr externe Mitarbeitende und einen freien Wohnplatz im Wohnheim.","breadcrumb":{"@id":"https:\/\/wohnheim-bueche.ch\/wordpress\/freie-plaetze\/#breadcrumb"},"inLanguage":"de","potentialAction":[{"@type":"ReadAction","target":["https:\/\/wohnheim-bueche.ch\/wordpress\/freie-plaetze\/"]}]},{"@type":"BreadcrumbList","@id":"https:\/\/wohnheim-bueche.ch\/wordpress\/freie-plaetze\/#breadcrumb","itemListElement":[{"@type":"ListItem","position":1,"name":"Startseite","item":"https:\/\/wohnheim-bueche.ch\/wordpress\/"},{"@type":"ListItem","position":2,"name":"Freie Pl\u00e4tze"}]},{"@type":"WebSite","@id":"https:\/\/wohnheim-bueche.ch\/wordpress\/#website","url":"https:\/\/wohnheim-bueche.ch\/wordpress\/","name":"Wohnheim Bueche","description":"Sozialpsychiatrische Kleininstitution in Utzenstorf","publisher":{"@id":"https:\/\/wohnheim-bueche.ch\/wordpress\/#organization"},"potentialAction":[{"@type":"SearchAction","target":{"@type":"EntryPoint","urlTemplate":"https:\/\/wohnheim-bueche.ch\/wordpress\/?s={search_term_string}"},"query-input":{"@type":"PropertyValueSpecification","valueRequired":true,"valueName":"search_term_string"}}],"inLanguage":"de"},{"@type":"Organization","@id":"https:\/\/wohnheim-bueche.ch\/wordpress\/#organization","name":"Wohnheim Bueche","url":"https:\/\/wohnheim-bueche.ch\/wordpress\/","logo":{"@type":"ImageObject","inLanguage":"de","@id":"https:\/\/wohnheim-bueche.ch\/wordpress\/#\/schema\/logo\/image\/","url":"https:\/\/wohnheim-bueche.ch\/wordpress\/wp-content\/uploads\/2023\/06\/Logo_Bueche_Web_Gruen_neu.svg","contentUrl":"https:\/\/wohnheim-bueche.ch\/wordpress\/wp-content\/uploads\/2023\/06\/Logo_Bueche_Web_Gruen_neu.svg","width":87,"height":106,"caption":"Wohnheim Bueche"},"image":{"@id":"https:\/\/wohnheim-bueche.ch\/wordpress\/#\/schema\/logo\/image\/"}}]}},"_links":{"self":[{"href":"https:\/\/wohnheim-bueche.ch\/wordpress\/wp-json\/wp\/v2\/pages\/23","targetHints":{"allow":["GET"]}}],"collection":[{"href":"https:\/\/wohnheim-bueche.ch\/wordpress\/wp-json\/wp\/v2\/pages"}],"about":[{"href":"https:\/\/wohnheim-bueche.ch\/wordpress\/wp-json\/wp\/v2\/types\/page"}],"author":[{"embeddable":true,"href":"https:\/\/wohnheim-bueche.ch\/wordpress\/wp-json\/wp\/v2\/users\/1"}],"replies":[{"embeddable":true,"href":"https:\/\/wohnheim-bueche.ch\/wordpress\/wp-json\/wp\/v2\/comments?post=23"}],"version-history":[{"count":0,"href":"https:\/\/wohnheim-bueche.ch\/wordpress\/wp-json\/wp\/v2\/pages\/23\/revisions"}],"wp:attachment":[{"href":"https:\/\/wohnheim-bueche.ch\/wordpress\/wp-json\/wp\/v2\/media?parent=23"}],"curies":[{"name":"wp","href":"https:\/\/api.w.org\/{rel}","templated":true}]}}