{"id":20,"date":"2023-02-09T15:01:54","date_gmt":"2023-02-09T14:01:54","guid":{"rendered":"https:\/\/wohnheim-bueche.ch\/wordpress\/?page_id=20"},"modified":"2025-10-30T10:24:33","modified_gmt":"2025-10-30T09:24:33","slug":"tagesstaette","status":"publish","type":"page","link":"https:\/\/wohnheim-bueche.ch\/wordpress\/tagesstaette\/","title":{"rendered":"Tagesst\u00e4tte"},"content":{"rendered":"\t\t<div data-elementor-type=\"wp-page\" data-elementor-id=\"20\" class=\"elementor elementor-20\" data-elementor-post-type=\"page\">\n\t\t\t\t<div class=\"elementor-element elementor-element-c29273c e-transform e-flex e-con-boxed e-con e-parent\" data-id=\"c29273c\" data-element_type=\"container\" data-e-type=\"container\" data-settings=\"{&quot;background_background&quot;:&quot;slideshow&quot;,&quot;background_slideshow_gallery&quot;:[{&quot;id&quot;:3431,&quot;url&quot;:&quot;https:\\\/\\\/wohnheim-bueche.ch\\\/wordpress\\\/wp-content\\\/uploads\\\/2025\\\/04\\\/Titelbild-RZU-4828bearb.jpg&quot;}],&quot;background_slideshow_slide_duration&quot;:10000,&quot;background_slideshow_transition_duration&quot;:2000,&quot;background_slideshow_ken_burns&quot;:&quot;yes&quot;,&quot;animation&quot;:&quot;none&quot;,&quot;background_slideshow_loop&quot;:&quot;yes&quot;,&quot;background_slideshow_slide_transition&quot;:&quot;fade&quot;,&quot;background_slideshow_ken_burns_zoom_direction&quot;:&quot;in&quot;,&quot;_transform_translateX_effect&quot;:{&quot;unit&quot;:&quot;px&quot;,&quot;size&quot;:&quot;&quot;,&quot;sizes&quot;:[]},&quot;_transform_translateX_effect_tablet&quot;:{&quot;unit&quot;:&quot;px&quot;,&quot;size&quot;:&quot;&quot;,&quot;sizes&quot;:[]},&quot;_transform_translateX_effect_mobile&quot;:{&quot;unit&quot;:&quot;px&quot;,&quot;size&quot;:&quot;&quot;,&quot;sizes&quot;:[]},&quot;_transform_translateY_effect&quot;:{&quot;unit&quot;:&quot;px&quot;,&quot;size&quot;:&quot;&quot;,&quot;sizes&quot;:[]},&quot;_transform_translateY_effect_tablet&quot;:{&quot;unit&quot;:&quot;px&quot;,&quot;size&quot;:&quot;&quot;,&quot;sizes&quot;:[]},&quot;_transform_translateY_effect_mobile&quot;:{&quot;unit&quot;:&quot;px&quot;,&quot;size&quot;:&quot;&quot;,&quot;sizes&quot;:[]}}\">\n\t\t\t\t\t<div class=\"e-con-inner\">\n\t\t\t\t<div class=\"elementor-element elementor-element-4779b5a animated-slow elementor-widget__width-initial elementor-invisible elementor-widget elementor-widget-heading\" data-id=\"4779b5a\" data-element_type=\"widget\" data-e-type=\"widget\" data-settings=\"{&quot;_animation&quot;:&quot;fadeIn&quot;}\" data-widget_type=\"heading.default\">\n\t\t\t\t<div class=\"elementor-widget-container\">\n\t\t\t\t\t<h1 class=\"elementor-heading-title elementor-size-large\">Tagesst\u00e4tte<\/h1>\t\t\t\t<\/div>\n\t\t\t\t<\/div>\n\t\t\t\t\t<\/div>\n\t\t\t\t<\/div>\n\t\t<div class=\"elementor-element elementor-element-cdb1f3e e-flex e-con-boxed e-con e-parent\" data-id=\"cdb1f3e\" data-element_type=\"container\" data-e-type=\"container\" id=\"tagesstaette\" data-settings=\"{&quot;shape_divider_bottom&quot;:&quot;curve&quot;}\">\n\t\t\t\t\t<div class=\"e-con-inner\">\n\t\t\t\t<div class=\"elementor-shape elementor-shape-bottom\" aria-hidden=\"true\" data-negative=\"false\">\n\t\t\t<svg xmlns=\"http:\/\/www.w3.org\/2000\/svg\" viewBox=\"0 0 1000 100\" preserveAspectRatio=\"none\">\n    <path class=\"elementor-shape-fill\" d=\"M1000,4.3V0H0v4.3C0.9,23.1,126.7,99.2,500,100S1000,22.7,1000,4.3z\"\/>\n<\/svg>\t\t<\/div>\n\t\t<div class=\"elementor-element elementor-element-bc4ae5d e-con-full e-flex e-con e-child\" data-id=\"bc4ae5d\" data-element_type=\"container\" data-e-type=\"container\">\n\t\t\t\t<div class=\"elementor-element elementor-element-deb4055 elementor-widget elementor-widget-heading\" data-id=\"deb4055\" data-element_type=\"widget\" data-e-type=\"widget\" data-widget_type=\"heading.default\">\n\t\t\t\t<div class=\"elementor-widget-container\">\n\t\t\t\t\t<h2 class=\"elementor-heading-title elementor-size-default\">Tagesst\u00e4tte<\/h2>\t\t\t\t<\/div>\n\t\t\t\t<\/div>\n\t\t\t\t<div class=\"elementor-element elementor-element-846f5fc elementor-widget__width-initial elementor-widget elementor-widget-text-editor\" data-id=\"846f5fc\" data-element_type=\"widget\" data-e-type=\"widget\" data-widget_type=\"text-editor.default\">\n\t\t\t\t<div class=\"elementor-widget-container\">\n\t\t\t\t\t\t\t\t\t<p>Das Wohnheim Bueche bietet seit 2007 Besch\u00e4ftigungspl\u00e4tze f\u00fcr Bewohner*innen der Bueche und externe Mitarbeitende an. Die Tagesst\u00e4tte liegt an der Bahnhofstrasse 19 in Utzenstorf.<\/p><p>An grossz\u00fcgigen und gut eingerichteten Arbeitspl\u00e4tzen werden die Mitarbeitenden mit ihren individuellen F\u00e4higkeiten begleitet. Die Produktivit\u00e4t steht nicht im Vordergrund.<\/p>\t\t\t\t\t\t\t\t<\/div>\n\t\t\t\t<\/div>\n\t\t\t\t<div class=\"elementor-element elementor-element-4bf3df4 elementor-widget__width-initial elementor-widget elementor-widget-text-editor\" data-id=\"4bf3df4\" data-element_type=\"widget\" data-e-type=\"widget\" data-widget_type=\"text-editor.default\">\n\t\t\t\t<div class=\"elementor-widget-container\">\n\t\t\t\t\t\t\t\t\t<h3>Zielgruppe<\/h3><p>Das Angebot der externen Tagespl\u00e4tzen richtet sich an psychisch und geistig beeintr\u00e4chtigte Menschen, welche den Anforderungen in einer gesch\u00fctzten Werkst\u00e4tte nicht, nicht mehr oder noch nicht entsprechen.<\/p><p>Das minimale Arbeitspensum pro Woche betr\u00e4gt 3 Halbtage (1.5 Tage).<\/p>\t\t\t\t\t\t\t\t<\/div>\n\t\t\t\t<\/div>\n\t\t\t\t<div class=\"elementor-element elementor-element-70398b3 elementor-widget__width-initial elementor-widget elementor-widget-text-editor\" data-id=\"70398b3\" data-element_type=\"widget\" data-e-type=\"widget\" data-widget_type=\"text-editor.default\">\n\t\t\t\t<div class=\"elementor-widget-container\">\n\t\t\t\t\t\t\t\t\t<h3>Die Bedeutung der Arbeit<\/h3><p>Arbeit hat in unserer Leistungsgesellschaft einen grossen Stellenwert und beeinflusst in hohem Masse das Zugeh\u00f6rigkeitsgef\u00fchl des einzelnen Menschen. In diesem Sinne soll unser Angebot eine integrierte und sinnvermittelnde Wirkung f\u00fcr die Mitarbeitenden haben. Da wir eine kleine Einrichtung sind, k\u00f6nnen wir individuell auf die einzelnen Bed\u00fcrfnisse eingehen. Wir beginnen mit einfachen Arbeiten, die abwechslungsreich gestaltet werden k\u00f6nnen. Trainiert werden Konzentration, Ausdauer, Regelm\u00e4ssigkeit, Kooperationsf\u00e4higkeit. Zwischenmenschliche Beziehungen k\u00f6nnen gekl\u00e4rt, aufgebaut und erhalten werden.<\/p>\t\t\t\t\t\t\t\t<\/div>\n\t\t\t\t<\/div>\n\t\t\t\t<div class=\"elementor-element elementor-element-43d06f0 elementor-widget__width-initial elementor-widget elementor-widget-text-editor\" data-id=\"43d06f0\" data-element_type=\"widget\" data-e-type=\"widget\" data-widget_type=\"text-editor.default\">\n\t\t\t\t<div class=\"elementor-widget-container\">\n\t\t\t\t\t\t\t\t\t<h3>Einzelf\u00f6rderung<\/h3><p>Bei der Einzelf\u00f6rderung liegt das Ziel darin, verlerntes oder vergessenes wieder zu erlernen. Auch Neues kann dazugelernt werden. Dabei stehen handwerkliche Arbeiten und zwischenmenschliche Beziehungen im Vordergrund.<\/p>\t\t\t\t\t\t\t\t<\/div>\n\t\t\t\t<\/div>\n\t\t\t\t<div class=\"elementor-element elementor-element-3b97a99 elementor-widget__width-initial elementor-widget elementor-widget-text-editor\" data-id=\"3b97a99\" data-element_type=\"widget\" data-e-type=\"widget\" data-widget_type=\"text-editor.default\">\n\t\t\t\t<div class=\"elementor-widget-container\">\n\t\t\t\t\t\t\t\t\t<h3>\u00d6ffnungszeiten<\/h3><p>Montag bis Freitag: <br \/>8.30 bis 11.30 Uhr und 14 bis 17 Uhr<\/p>\t\t\t\t\t\t\t\t<\/div>\n\t\t\t\t<\/div>\n\t\t\t\t<\/div>\n\t\t<div class=\"elementor-element elementor-element-722e8e5 e-con-full e-flex e-con e-child\" data-id=\"722e8e5\" data-element_type=\"container\" data-e-type=\"container\">\n\t\t\t\t<div class=\"elementor-element elementor-element-9002a4c elementor-widget__width-initial elementor-arrows-position-inside elementor-widget elementor-widget-image-carousel\" data-id=\"9002a4c\" data-element_type=\"widget\" data-e-type=\"widget\" data-settings=\"{&quot;slides_to_show&quot;:&quot;1&quot;,&quot;pause_on_hover&quot;:&quot;no&quot;,&quot;pause_on_interaction&quot;:&quot;no&quot;,&quot;navigation&quot;:&quot;arrows&quot;,&quot;autoplay&quot;:&quot;yes&quot;,&quot;autoplay_speed&quot;:5000,&quot;infinite&quot;:&quot;yes&quot;,&quot;effect&quot;:&quot;slide&quot;,&quot;speed&quot;:500}\" data-widget_type=\"image-carousel.default\">\n\t\t\t\t<div class=\"elementor-widget-container\">\n\t\t\t\t\t\t\t<div class=\"elementor-image-carousel-wrapper swiper\" role=\"region\" aria-roledescription=\"carousel\" aria-label=\"Bild Karussell\" dir=\"ltr\">\n\t\t\t<div class=\"elementor-image-carousel swiper-wrapper\" aria-live=\"off\">\n\t\t\t\t\t\t\t\t<div class=\"swiper-slide\" role=\"group\" aria-roledescription=\"slide\" aria-label=\"1 von 7\"><figure class=\"swiper-slide-inner\"><img decoding=\"async\" class=\"swiper-slide-image\" src=\"https:\/\/wohnheim-bueche.ch\/wordpress\/wp-content\/uploads\/elementor\/thumbs\/RZU-8796bearb-r62qv7kvqeu4za3jrcmaes43jzdfakdyo6jtjh4w8w.jpg\" alt=\"Zwei Personen arbeiten in der Tagesst\u00e4tte\" \/><\/figure><\/div><div class=\"swiper-slide\" role=\"group\" aria-roledescription=\"slide\" aria-label=\"2 von 7\"><figure class=\"swiper-slide-inner\"><img decoding=\"async\" class=\"swiper-slide-image\" src=\"https:\/\/wohnheim-bueche.ch\/wordpress\/wp-content\/uploads\/elementor\/thumbs\/RZU-8625bearb-r62qv1xulemf1mbqoa6iztjbzo580drknemwntd9a8.jpg\" alt=\"Eingangsbereich des Werkstattladens\" \/><\/figure><\/div><div class=\"swiper-slide\" role=\"group\" aria-roledescription=\"slide\" aria-label=\"3 von 7\"><figure class=\"swiper-slide-inner\"><img decoding=\"async\" class=\"swiper-slide-image\" src=\"https:\/\/wohnheim-bueche.ch\/wordpress\/wp-content\/uploads\/elementor\/thumbs\/RZU-8631bearb-r62quy6hu2h9r6h7a8k0puhhm4nr5lcnaw0yqpitz4.jpg\" alt=\"Farbdosen in einem Regal\" \/><\/figure><\/div><div class=\"swiper-slide\" role=\"group\" aria-roledescription=\"slide\" aria-label=\"4 von 7\"><figure class=\"swiper-slide-inner\"><img decoding=\"async\" class=\"swiper-slide-image\" src=\"https:\/\/wohnheim-bueche.ch\/wordpress\/wp-content\/uploads\/elementor\/thumbs\/RZU-8663bearb-r62quuf52qc4gqmnw6xifvfn8l6aasxpydf0tloeo0.jpg\" alt=\"Regal mit verschiedenem Material\" \/><\/figure><\/div><div class=\"swiper-slide\" role=\"group\" aria-roledescription=\"slide\" aria-label=\"5 von 7\"><figure class=\"swiper-slide-inner\"><img decoding=\"async\" class=\"swiper-slide-image\" src=\"https:\/\/wohnheim-bueche.ch\/wordpress\/wp-content\/uploads\/elementor\/thumbs\/RZU-8664bearb-r62quqnsbe6z6as4i5b05wdsv1otg0islut2whtzcw.jpg\" alt=\"Innenansicht des Werkstattladens\" \/><\/figure><\/div><div class=\"swiper-slide\" role=\"group\" aria-roledescription=\"slide\" aria-label=\"6 von 7\"><figure class=\"swiper-slide-inner\"><img decoding=\"async\" class=\"swiper-slide-image\" src=\"https:\/\/wohnheim-bueche.ch\/wordpress\/wp-content\/uploads\/elementor\/thumbs\/RZU-8635bearb-r62qulyld80jk8yy9l9vbfkhw4bzdj04x7jni40y80.jpg\" alt=\"Ein Regal mit vielen Kunststoffkisten\" \/><\/figure><\/div><div class=\"swiper-slide\" role=\"group\" aria-roledescription=\"slide\" aria-label=\"7 von 7\"><figure class=\"swiper-slide-inner\"><img decoding=\"async\" class=\"swiper-slide-image\" src=\"https:\/\/wohnheim-bueche.ch\/wordpress\/wp-content\/uploads\/elementor\/thumbs\/RZU-8821bearb-r62quh9ef1u3y75s118qgyr6x6z5b1hh8ka83q7x34.jpg\" alt=\"Eine Person arbeitet in der Tagesst\u00e4tte\" \/><\/figure><\/div>\t\t\t<\/div>\n\t\t\t\t\t\t\t\t\t\t\t\t<div class=\"elementor-swiper-button elementor-swiper-button-prev\" role=\"button\" tabindex=\"0\">\n\t\t\t\t\t\t<svg aria-hidden=\"true\" class=\"e-font-icon-svg e-eicon-chevron-left\" viewBox=\"0 0 1000 1000\" xmlns=\"http:\/\/www.w3.org\/2000\/svg\"><path d=\"M646 125C629 125 613 133 604 142L308 442C296 454 292 471 292 487 292 504 296 521 308 533L604 854C617 867 629 875 646 875 663 875 679 871 692 858 704 846 713 829 713 812 713 796 708 779 692 767L438 487 692 225C700 217 708 204 708 187 708 171 704 154 692 142 675 129 663 125 646 125Z\"><\/path><\/svg>\t\t\t\t\t<\/div>\n\t\t\t\t\t<div class=\"elementor-swiper-button elementor-swiper-button-next\" role=\"button\" tabindex=\"0\">\n\t\t\t\t\t\t<svg aria-hidden=\"true\" class=\"e-font-icon-svg e-eicon-chevron-right\" viewBox=\"0 0 1000 1000\" xmlns=\"http:\/\/www.w3.org\/2000\/svg\"><path d=\"M696 533C708 521 713 504 713 487 713 471 708 454 696 446L400 146C388 133 375 125 354 125 338 125 325 129 313 142 300 154 292 171 292 187 292 204 296 221 308 233L563 492 304 771C292 783 288 800 288 817 288 833 296 850 308 863 321 871 338 875 354 875 371 875 388 867 400 854L696 533Z\"><\/path><\/svg>\t\t\t\t\t<\/div>\n\t\t\t\t\n\t\t\t\t\t\t\t\t\t<\/div>\n\t\t\t\t\t\t<\/div>\n\t\t\t\t<\/div>\n\t\t\t\t<\/div>\n\t\t\t\t\t<\/div>\n\t\t\t\t<\/div>\n\t\t<div class=\"elementor-element elementor-element-97ec8a6 e-flex e-con-boxed e-con e-parent\" data-id=\"97ec8a6\" data-element_type=\"container\" data-e-type=\"container\" id=\"werkstatt\" data-settings=\"{&quot;background_background&quot;:&quot;classic&quot;}\">\n\t\t\t\t\t<div class=\"e-con-inner\">\n\t\t<div class=\"elementor-element elementor-element-1855e8d e-con-full e-flex e-con e-child\" data-id=\"1855e8d\" data-element_type=\"container\" data-e-type=\"container\">\n\t\t\t\t<div class=\"elementor-element elementor-element-bea1926 elementor-widget__width-initial elementor-arrows-position-inside elementor-widget elementor-widget-image-carousel\" data-id=\"bea1926\" data-element_type=\"widget\" data-e-type=\"widget\" data-settings=\"{&quot;slides_to_show&quot;:&quot;1&quot;,&quot;pause_on_hover&quot;:&quot;no&quot;,&quot;pause_on_interaction&quot;:&quot;no&quot;,&quot;navigation&quot;:&quot;arrows&quot;,&quot;autoplay_speed&quot;:5500,&quot;autoplay&quot;:&quot;yes&quot;,&quot;infinite&quot;:&quot;yes&quot;,&quot;effect&quot;:&quot;slide&quot;,&quot;speed&quot;:500}\" data-widget_type=\"image-carousel.default\">\n\t\t\t\t<div class=\"elementor-widget-container\">\n\t\t\t\t\t\t\t<div class=\"elementor-image-carousel-wrapper swiper\" role=\"region\" aria-roledescription=\"carousel\" aria-label=\"Bild Karussell\" dir=\"ltr\">\n\t\t\t<div class=\"elementor-image-carousel swiper-wrapper\" aria-live=\"off\">\n\t\t\t\t\t\t\t\t<div class=\"swiper-slide\" role=\"group\" aria-roledescription=\"slide\" aria-label=\"1 von 10\"><figure class=\"swiper-slide-inner\"><img decoding=\"async\" class=\"swiper-slide-image\" src=\"https:\/\/wohnheim-bueche.ch\/wordpress\/wp-content\/uploads\/elementor\/thumbs\/RZU-8825bearb-r62quefvujq8zd9vhi0urhgt51d1ny6a86brnwc3ls.jpg\" alt=\"Eine Person arbeitet in der Tagesst\u00e4tte\" \/><\/figure><\/div><div class=\"swiper-slide\" role=\"group\" aria-roledescription=\"slide\" aria-label=\"2 von 10\"><figure class=\"swiper-slide-inner\"><img decoding=\"async\" class=\"swiper-slide-image\" src=\"https:\/\/wohnheim-bueche.ch\/wordpress\/wp-content\/uploads\/elementor\/thumbs\/RZU-8951bearb-r62qu7v0iph8q3jfjx6gs14kzc9h62g5v9rdaylutc.jpg\" alt=\"Beschriftung \u00abWerkstatt\u00bb an der Glast\u00fcre\" \/><\/figure><\/div><div class=\"swiper-slide\" role=\"group\" aria-roledescription=\"slide\" aria-label=\"3 von 10\"><figure class=\"swiper-slide-inner\"><img decoding=\"async\" class=\"swiper-slide-image\" src=\"https:\/\/wohnheim-bueche.ch\/wordpress\/wp-content\/uploads\/elementor\/thumbs\/RZU-8424bearb-r62qu0cb016y57ucrtxg830w89ajghmb68jhgqx074.jpg\" alt=\"Dekorative Figuren\" \/><\/figure><\/div><div class=\"swiper-slide\" role=\"group\" aria-roledescription=\"slide\" aria-label=\"4 von 10\"><figure class=\"swiper-slide-inner\"><img decoding=\"async\" class=\"swiper-slide-image\" src=\"https:\/\/wohnheim-bueche.ch\/wordpress\/wp-content\/uploads\/elementor\/thumbs\/RZU-8537bearb-r62qtwky8p1surztdsaxy3z1upt2lp7dtpxjjn2kw0.jpg\" alt=\"Arbeitsmaterialien in der Tagesst\u00e4tte\" \/><\/figure><\/div><div class=\"swiper-slide\" role=\"group\" aria-roledescription=\"slide\" aria-label=\"5 von 10\"><figure class=\"swiper-slide-inner\"><img decoding=\"async\" class=\"swiper-slide-image\" src=\"https:\/\/wohnheim-bueche.ch\/wordpress\/wp-content\/uploads\/elementor\/thumbs\/RZU-8570bearb-r62qtq02wussli9dg7gjynmtp0pi3th9gtd56pcc3k.jpg\" alt=\"Eine dekorative Figur\" \/><\/figure><\/div><div class=\"swiper-slide\" role=\"group\" aria-roledescription=\"slide\" aria-label=\"6 von 10\"><figure class=\"swiper-slide-inner\"><img decoding=\"async\" class=\"swiper-slide-image\" src=\"https:\/\/wohnheim-bueche.ch\/wordpress\/wp-content\/uploads\/elementor\/thumbs\/RZU-8595berab-r62qtjf7l0jsc8iximm5z7aljblxlxr53wsqtrm3b4.jpg\" alt=\"Eine dekorative Vogel-Figur\" \/><\/figure><\/div><div class=\"swiper-slide\" role=\"group\" aria-roledescription=\"slide\" aria-label=\"7 von 10\"><figure class=\"swiper-slide-inner\"><img decoding=\"async\" class=\"swiper-slide-image\" src=\"https:\/\/wohnheim-bueche.ch\/wordpress\/wp-content\/uploads\/elementor\/thumbs\/RZU-8649bearb-r62qtbwi2c9hrctuqjd5f96ws8mzwcxaevkuzjx8ow.jpg\" alt=\"\u00c4ste als nat\u00fcrliches Arbeitsmaterial\" \/><\/figure><\/div><div class=\"swiper-slide\" role=\"group\" aria-roledescription=\"slide\" aria-label=\"8 von 10\"><figure class=\"swiper-slide-inner\"><img decoding=\"async\" class=\"swiper-slide-image\" src=\"https:\/\/wohnheim-bueche.ch\/wordpress\/wp-content\/uploads\/elementor\/thumbs\/RZU-8769bearb-r62qt855b04cgwzbchqn5a52ep5j1kid2cyx2g2tds.jpg\" alt=\"Eine Person arbeitet in der Tagesst\u00e4tte\" \/><\/figure><\/div><div class=\"swiper-slide\" role=\"group\" aria-roledescription=\"slide\" aria-label=\"9 von 10\"><figure class=\"swiper-slide-inner\"><img decoding=\"async\" class=\"swiper-slide-image\" src=\"https:\/\/wohnheim-bueche.ch\/wordpress\/wp-content\/uploads\/elementor\/thumbs\/RZU-8817bearb-r62qt4dsjnz76h4ryg44vb3815o26s3fpucz5c8e2o.jpg\" alt=\"Werkzeug f\u00fcr die Arbeit in der Tagesst\u00e4tte\" \/><\/figure><\/div><div class=\"swiper-slide\" role=\"group\" aria-roledescription=\"slide\" aria-label=\"10 von 10\"><figure class=\"swiper-slide-inner\"><img decoding=\"async\" class=\"swiper-slide-image\" src=\"https:\/\/wohnheim-bueche.ch\/wordpress\/wp-content\/uploads\/elementor\/thumbs\/RZU-8502bearb-r62qt0mfsbu1w1a8kehmlc1dnm6lbzoidbr188dyrk.jpg\" alt=\"Einblick in die Tagesst\u00e4tte von oben\" \/><\/figure><\/div>\t\t\t<\/div>\n\t\t\t\t\t\t\t\t\t\t\t\t<div class=\"elementor-swiper-button elementor-swiper-button-prev\" role=\"button\" tabindex=\"0\">\n\t\t\t\t\t\t<svg aria-hidden=\"true\" class=\"e-font-icon-svg e-eicon-chevron-left\" viewBox=\"0 0 1000 1000\" xmlns=\"http:\/\/www.w3.org\/2000\/svg\"><path d=\"M646 125C629 125 613 133 604 142L308 442C296 454 292 471 292 487 292 504 296 521 308 533L604 854C617 867 629 875 646 875 663 875 679 871 692 858 704 846 713 829 713 812 713 796 708 779 692 767L438 487 692 225C700 217 708 204 708 187 708 171 704 154 692 142 675 129 663 125 646 125Z\"><\/path><\/svg>\t\t\t\t\t<\/div>\n\t\t\t\t\t<div class=\"elementor-swiper-button elementor-swiper-button-next\" role=\"button\" tabindex=\"0\">\n\t\t\t\t\t\t<svg aria-hidden=\"true\" class=\"e-font-icon-svg e-eicon-chevron-right\" viewBox=\"0 0 1000 1000\" xmlns=\"http:\/\/www.w3.org\/2000\/svg\"><path d=\"M696 533C708 521 713 504 713 487 713 471 708 454 696 446L400 146C388 133 375 125 354 125 338 125 325 129 313 142 300 154 292 171 292 187 292 204 296 221 308 233L563 492 304 771C292 783 288 800 288 817 288 833 296 850 308 863 321 871 338 875 354 875 371 875 388 867 400 854L696 533Z\"><\/path><\/svg>\t\t\t\t\t<\/div>\n\t\t\t\t\n\t\t\t\t\t\t\t\t\t<\/div>\n\t\t\t\t\t\t<\/div>\n\t\t\t\t<\/div>\n\t\t\t\t<\/div>\n\t\t<div class=\"elementor-element elementor-element-5f68ddf e-con-full e-flex e-con e-child\" data-id=\"5f68ddf\" data-element_type=\"container\" data-e-type=\"container\">\n\t\t\t\t<div class=\"elementor-element elementor-element-4fdeff5 elementor-widget elementor-widget-heading\" data-id=\"4fdeff5\" data-element_type=\"widget\" data-e-type=\"widget\" data-widget_type=\"heading.default\">\n\t\t\t\t<div class=\"elementor-widget-container\">\n\t\t\t\t\t<h2 class=\"elementor-heading-title elementor-size-default\">Werkstatt<\/h2>\t\t\t\t<\/div>\n\t\t\t\t<\/div>\n\t\t\t\t<div class=\"elementor-element elementor-element-7e00b8d elementor-widget__width-initial elementor-widget elementor-widget-text-editor\" data-id=\"7e00b8d\" data-element_type=\"widget\" data-e-type=\"widget\" data-widget_type=\"text-editor.default\">\n\t\t\t\t<div class=\"elementor-widget-container\">\n\t\t\t\t\t\t\t\t\t<p>In der Werkstatt entstehen die legend\u00e4ren Totems. In vielen G\u00e4rten und Gesch\u00e4ftseing\u00e4ngen unserer Kunden haben diese einen geb\u00fchrenden Platz erhalten. Sie werden aus Ytong ges\u00e4gt, geschliffen, gebohrt und bemalt.<\/p><p>In der T\u00f6pferei entstehen ausserdem unz\u00e4hlige, der Saison angepasste Unikate. Stehlen werden durch die Kombination aus Schwemmholz und Metallteilen aus der naheliegenden Emme gefertigt.<\/p><p>Aus B\u00fcchsen werden Lampen, Dekoartikel und vieles mehr geschweisst.<\/p><p>Die fertigen Produkte werden im Werkstattladen verkauft.<\/p>\t\t\t\t\t\t\t\t<\/div>\n\t\t\t\t<\/div>\n\t\t\t\t<\/div>\n\t\t\t\t\t<\/div>\n\t\t\t\t<\/div>\n\t\t<div class=\"elementor-element elementor-element-87298d5 e-flex e-con-boxed e-con e-parent\" data-id=\"87298d5\" data-element_type=\"container\" data-e-type=\"container\" id=\"atelier\" data-settings=\"{&quot;background_background&quot;:&quot;classic&quot;,&quot;shape_divider_top&quot;:&quot;curve&quot;}\">\n\t\t\t\t\t<div class=\"e-con-inner\">\n\t\t\t\t<div class=\"elementor-shape elementor-shape-top\" aria-hidden=\"true\" data-negative=\"false\">\n\t\t\t<svg xmlns=\"http:\/\/www.w3.org\/2000\/svg\" viewBox=\"0 0 1000 100\" preserveAspectRatio=\"none\">\n    <path class=\"elementor-shape-fill\" d=\"M1000,4.3V0H0v4.3C0.9,23.1,126.7,99.2,500,100S1000,22.7,1000,4.3z\"\/>\n<\/svg>\t\t<\/div>\n\t\t<div class=\"elementor-element elementor-element-dcd5f6f e-con-full e-flex e-con e-child\" data-id=\"dcd5f6f\" data-element_type=\"container\" data-e-type=\"container\">\n\t\t\t\t<div class=\"elementor-element elementor-element-83816fb elementor-widget elementor-widget-heading\" data-id=\"83816fb\" data-element_type=\"widget\" data-e-type=\"widget\" data-widget_type=\"heading.default\">\n\t\t\t\t<div class=\"elementor-widget-container\">\n\t\t\t\t\t<h2 class=\"elementor-heading-title elementor-size-default\">Atelier<\/h2>\t\t\t\t<\/div>\n\t\t\t\t<\/div>\n\t\t\t\t<div class=\"elementor-element elementor-element-5d55240 elementor-widget__width-initial elementor-widget elementor-widget-text-editor\" data-id=\"5d55240\" data-element_type=\"widget\" data-e-type=\"widget\" data-widget_type=\"text-editor.default\">\n\t\t\t\t<div class=\"elementor-widget-container\">\n\t\t\t\t\t\t\t\t\t<p>Das Atelier ist ein wahres Paradies f\u00fcr kreatives Werken. Dank der riesigen Auswahl an verschiedenen, meist nat\u00fcrlichen Materialien und den geschickten H\u00e4nden unserer Mitarbeitenden werden vielseitigste Objekte hergestellt.<\/p><p>Die fertigen Produkte werden im Werkstattladen verkauft.<\/p>\t\t\t\t\t\t\t\t<\/div>\n\t\t\t\t<\/div>\n\t\t\t\t<\/div>\n\t\t<div class=\"elementor-element elementor-element-4055593 e-con-full e-flex e-con e-child\" data-id=\"4055593\" data-element_type=\"container\" data-e-type=\"container\">\n\t\t\t\t<div class=\"elementor-element elementor-element-6474b7f elementor-widget__width-initial elementor-arrows-position-inside elementor-widget elementor-widget-image-carousel\" data-id=\"6474b7f\" data-element_type=\"widget\" data-e-type=\"widget\" data-settings=\"{&quot;slides_to_show&quot;:&quot;1&quot;,&quot;pause_on_hover&quot;:&quot;no&quot;,&quot;pause_on_interaction&quot;:&quot;no&quot;,&quot;navigation&quot;:&quot;arrows&quot;,&quot;autoplay&quot;:&quot;yes&quot;,&quot;autoplay_speed&quot;:5000,&quot;infinite&quot;:&quot;yes&quot;,&quot;effect&quot;:&quot;slide&quot;,&quot;speed&quot;:500}\" data-widget_type=\"image-carousel.default\">\n\t\t\t\t<div class=\"elementor-widget-container\">\n\t\t\t\t\t\t\t<div class=\"elementor-image-carousel-wrapper swiper\" role=\"region\" aria-roledescription=\"carousel\" aria-label=\"Bild Karussell\" dir=\"ltr\">\n\t\t\t<div class=\"elementor-image-carousel swiper-wrapper\" aria-live=\"off\">\n\t\t\t\t\t\t\t\t<div class=\"swiper-slide\" role=\"group\" aria-roledescription=\"slide\" aria-label=\"1 von 9\"><figure class=\"swiper-slide-inner\"><img decoding=\"async\" class=\"swiper-slide-image\" src=\"https:\/\/wohnheim-bueche.ch\/wordpress\/wp-content\/uploads\/elementor\/thumbs\/RZU-8917bearb-r62qst3q9njrb5l5sb8m1dxowj7nmeunoaj5e0p45c.jpg\" alt=\"Eine Person arbeitet in der Tagesst\u00e4tte\" \/><\/figure><\/div><div class=\"swiper-slide\" role=\"group\" aria-roledescription=\"slide\" aria-label=\"2 von 9\"><figure class=\"swiper-slide-inner\"><img decoding=\"async\" class=\"swiper-slide-image\" src=\"https:\/\/wohnheim-bueche.ch\/wordpress\/wp-content\/uploads\/elementor\/thumbs\/RZU-8880bearb-r62qspcdibem0pqme9m3revuizq6rmfqbrx7gwuou8.jpg\" alt=\"Eine Person arbeitet in der Tagesst\u00e4tte\" \/><\/figure><\/div><div class=\"swiper-slide\" role=\"group\" aria-roledescription=\"slide\" aria-label=\"3 von 9\"><figure class=\"swiper-slide-inner\"><img decoding=\"async\" class=\"swiper-slide-image\" src=\"https:\/\/wohnheim-bueche.ch\/wordpress\/wp-content\/uploads\/elementor\/thumbs\/RZU-8869bearb-r62qsjpcdb6w31ytb76ccgb2yohzhftcb00al931vk.jpg\" alt=\"Eine Person arbeitet in der Tagesst\u00e4tte\" \/><\/figure><\/div><div class=\"swiper-slide\" role=\"group\" aria-roledescription=\"slide\" aria-label=\"4 von 9\"><figure class=\"swiper-slide-inner\"><img decoding=\"async\" class=\"swiper-slide-image\" src=\"https:\/\/wohnheim-bueche.ch\/wordpress\/wp-content\/uploads\/elementor\/thumbs\/RZU-8712bearb-r62qsd4h1gxvts8ddmbyczyuszeezk37y3fw8bct34.jpg\" alt=\"Dekoration mit Sternen h\u00e4ngt an der Decke des Werkstattladens\" \/><\/figure><\/div><div class=\"swiper-slide\" role=\"group\" aria-roledescription=\"slide\" aria-label=\"5 von 9\"><figure class=\"swiper-slide-inner\"><img decoding=\"async\" class=\"swiper-slide-image\" src=\"https:\/\/wohnheim-bueche.ch\/wordpress\/wp-content\/uploads\/elementor\/thumbs\/RZU-8691bearb-r62qs6jlpmovkihxg1hkdjmmnaauhod3l6vhvdmkao.jpg\" alt=\"Scheren f\u00fcr die Arbeit in der Tagesst\u00e4tte\" \/><\/figure><\/div><div class=\"swiper-slide\" role=\"group\" aria-roledescription=\"slide\" aria-label=\"6 von 9\"><figure class=\"swiper-slide-inner\"><img decoding=\"async\" class=\"swiper-slide-image\" src=\"https:\/\/wohnheim-bueche.ch\/wordpress\/wp-content\/uploads\/elementor\/thumbs\/RZU-8661bearb-r62qs2s8yajqa2ne1zv23kks9qtdmvy68o9jy9s4zk.jpg\" alt=\"Stoffb\u00e4nder auf Rollen f\u00fcr die Arbeit in der Tagesst\u00e4tte\" \/><\/figure><\/div><div class=\"swiper-slide\" role=\"group\" aria-roledescription=\"slide\" aria-label=\"7 von 9\"><figure class=\"swiper-slide-inner\"><img decoding=\"async\" class=\"swiper-slide-image\" src=\"https:\/\/wohnheim-bueche.ch\/wordpress\/wp-content\/uploads\/elementor\/thumbs\/RZU-8430bearb-r62qry3204dao0u7tftx93rhatgjkefik104jvz3uo.jpg\" alt=\"Grusskarten werden in einem St\u00e4nder im Werkstattladen zum Kauf angeboten\" \/><\/figure><\/div><div class=\"swiper-slide\" role=\"group\" aria-roledescription=\"slide\" aria-label=\"8 von 9\"><figure class=\"swiper-slide-inner\"><img decoding=\"async\" class=\"swiper-slide-image\" src=\"https:\/\/wohnheim-bueche.ch\/wordpress\/wp-content\/uploads\/elementor\/thumbs\/RZU-8664bearb-r62quqnsbe6z6as4i5b05wdsv1otg0islut2whtzcw.jpg\" alt=\"Innenansicht des Werkstattladens\" \/><\/figure><\/div><div class=\"swiper-slide\" role=\"group\" aria-roledescription=\"slide\" aria-label=\"9 von 9\"><figure class=\"swiper-slide-inner\"><img decoding=\"async\" class=\"swiper-slide-image\" src=\"https:\/\/wohnheim-bueche.ch\/wordpress\/wp-content\/uploads\/elementor\/thumbs\/RZU-8683bearb-r62qrtdv1y6v1z11kvssemy6bw3phwwuvdqp5i62ps.jpg\" alt=\"Innenansicht des Werkstattladens und Tagesst\u00e4tte\" \/><\/figure><\/div>\t\t\t<\/div>\n\t\t\t\t\t\t\t\t\t\t\t\t<div class=\"elementor-swiper-button elementor-swiper-button-prev\" role=\"button\" tabindex=\"0\">\n\t\t\t\t\t\t<svg aria-hidden=\"true\" class=\"e-font-icon-svg e-eicon-chevron-left\" viewBox=\"0 0 1000 1000\" xmlns=\"http:\/\/www.w3.org\/2000\/svg\"><path d=\"M646 125C629 125 613 133 604 142L308 442C296 454 292 471 292 487 292 504 296 521 308 533L604 854C617 867 629 875 646 875 663 875 679 871 692 858 704 846 713 829 713 812 713 796 708 779 692 767L438 487 692 225C700 217 708 204 708 187 708 171 704 154 692 142 675 129 663 125 646 125Z\"><\/path><\/svg>\t\t\t\t\t<\/div>\n\t\t\t\t\t<div class=\"elementor-swiper-button elementor-swiper-button-next\" role=\"button\" tabindex=\"0\">\n\t\t\t\t\t\t<svg aria-hidden=\"true\" class=\"e-font-icon-svg e-eicon-chevron-right\" viewBox=\"0 0 1000 1000\" xmlns=\"http:\/\/www.w3.org\/2000\/svg\"><path d=\"M696 533C708 521 713 504 713 487 713 471 708 454 696 446L400 146C388 133 375 125 354 125 338 125 325 129 313 142 300 154 292 171 292 187 292 204 296 221 308 233L563 492 304 771C292 783 288 800 288 817 288 833 296 850 308 863 321 871 338 875 354 875 371 875 388 867 400 854L696 533Z\"><\/path><\/svg>\t\t\t\t\t<\/div>\n\t\t\t\t\n\t\t\t\t\t\t\t\t\t<\/div>\n\t\t\t\t\t\t<\/div>\n\t\t\t\t<\/div>\n\t\t\t\t<\/div>\n\t\t\t\t\t<\/div>\n\t\t\t\t<\/div>\n\t\t<div class=\"elementor-element elementor-element-95c065e e-flex e-con-boxed e-con e-parent\" data-id=\"95c065e\" data-element_type=\"container\" data-e-type=\"container\" id=\"team-tagesstaette\">\n\t\t\t\t\t<div class=\"e-con-inner\">\n\t\t\t\t<div class=\"elementor-element elementor-element-daa7862 elementor-widget elementor-widget-heading\" data-id=\"daa7862\" data-element_type=\"widget\" data-e-type=\"widget\" data-widget_type=\"heading.default\">\n\t\t\t\t<div class=\"elementor-widget-container\">\n\t\t\t\t\t<h2 class=\"elementor-heading-title elementor-size-default\">Unser Team<\/h2>\t\t\t\t<\/div>\n\t\t\t\t<\/div>\n\t\t\t\t<div class=\"elementor-element elementor-element-bccf19e elementor-widget-divider--view-line elementor-widget elementor-widget-divider\" data-id=\"bccf19e\" data-element_type=\"widget\" data-e-type=\"widget\" data-widget_type=\"divider.default\">\n\t\t\t\t<div class=\"elementor-widget-container\">\n\t\t\t\t\t\t\t<div class=\"elementor-divider\">\n\t\t\t<span class=\"elementor-divider-separator\">\n\t\t\t\t\t\t<\/span>\n\t\t<\/div>\n\t\t\t\t\t\t<\/div>\n\t\t\t\t<\/div>\n\t\t<div class=\"elementor-element elementor-element-a4ed438 e-con-full e-flex e-con e-child\" data-id=\"a4ed438\" data-element_type=\"container\" data-e-type=\"container\">\n\t\t<div class=\"elementor-element elementor-element-f04aa4d e-con-full e-flex e-con e-child\" data-id=\"f04aa4d\" data-element_type=\"container\" data-e-type=\"container\">\n\t\t\t\t<div class=\"elementor-element elementor-element-64d5f26 elementor-widget elementor-widget-image\" data-id=\"64d5f26\" data-element_type=\"widget\" data-e-type=\"widget\" data-widget_type=\"image.default\">\n\t\t\t\t<div class=\"elementor-widget-container\">\n\t\t\t\t\t\t\t\t\t\t\t\t\t\t\t<img fetchpriority=\"high\" decoding=\"async\" width=\"439\" height=\"586\" src=\"https:\/\/wohnheim-bueche.ch\/wordpress\/wp-content\/uploads\/2025\/03\/Karin-Duppenthaler.jpg\" class=\"attachment-large size-large wp-image-2906\" alt=\"Portr\u00e4tfoto Karin Duppenthaler\" srcset=\"https:\/\/wohnheim-bueche.ch\/wordpress\/wp-content\/uploads\/2025\/03\/Karin-Duppenthaler.jpg 439w, https:\/\/wohnheim-bueche.ch\/wordpress\/wp-content\/uploads\/2025\/03\/Karin-Duppenthaler-225x300.jpg 225w\" sizes=\"(max-width: 439px) 100vw, 439px\" \/>\t\t\t\t\t\t\t\t\t\t\t\t\t\t\t<\/div>\n\t\t\t\t<\/div>\n\t\t<div class=\"elementor-element elementor-element-52b0998 e-con-full e-flex e-con e-child\" data-id=\"52b0998\" data-element_type=\"container\" data-e-type=\"container\">\n\t\t\t\t<div class=\"elementor-element elementor-element-81fb2b6 elementor-widget elementor-widget-heading\" data-id=\"81fb2b6\" data-element_type=\"widget\" data-e-type=\"widget\" data-widget_type=\"heading.default\">\n\t\t\t\t<div class=\"elementor-widget-container\">\n\t\t\t\t\t<h3 class=\"elementor-heading-title elementor-size-default\">Karin Duppenthaler<\/h3>\t\t\t\t<\/div>\n\t\t\t\t<\/div>\n\t\t\t\t<div class=\"elementor-element elementor-element-6965797 elementor-widget__width-initial elementor-widget elementor-widget-text-editor\" data-id=\"6965797\" data-element_type=\"widget\" data-e-type=\"widget\" data-widget_type=\"text-editor.default\">\n\t\t\t\t<div class=\"elementor-widget-container\">\n\t\t\t\t\t\t\t\t\t<p>Co-Leitung Atelier<\/p>\t\t\t\t\t\t\t\t<\/div>\n\t\t\t\t<\/div>\n\t\t\t\t<\/div>\n\t\t\t\t<\/div>\n\t\t<div class=\"elementor-element elementor-element-4620635 e-con-full e-flex e-con e-child\" data-id=\"4620635\" data-element_type=\"container\" data-e-type=\"container\">\n\t\t\t\t<div class=\"elementor-element elementor-element-129b407 elementor-widget elementor-widget-image\" data-id=\"129b407\" data-element_type=\"widget\" data-e-type=\"widget\" data-widget_type=\"image.default\">\n\t\t\t\t<div class=\"elementor-widget-container\">\n\t\t\t\t\t\t\t\t\t\t\t\t\t\t\t<img decoding=\"async\" width=\"435\" height=\"580\" src=\"https:\/\/wohnheim-bueche.ch\/wordpress\/wp-content\/uploads\/2025\/03\/Johanna-Mueller.jpg\" class=\"attachment-large size-large wp-image-2920\" alt=\"Portr\u00e4tfoto Johanna M\u00fcller\" srcset=\"https:\/\/wohnheim-bueche.ch\/wordpress\/wp-content\/uploads\/2025\/03\/Johanna-Mueller.jpg 435w, https:\/\/wohnheim-bueche.ch\/wordpress\/wp-content\/uploads\/2025\/03\/Johanna-Mueller-225x300.jpg 225w\" sizes=\"(max-width: 435px) 100vw, 435px\" \/>\t\t\t\t\t\t\t\t\t\t\t\t\t\t\t<\/div>\n\t\t\t\t<\/div>\n\t\t<div class=\"elementor-element elementor-element-69dc767 e-con-full e-flex e-con e-child\" data-id=\"69dc767\" data-element_type=\"container\" data-e-type=\"container\">\n\t\t\t\t<div class=\"elementor-element elementor-element-a2e099b elementor-widget elementor-widget-heading\" data-id=\"a2e099b\" data-element_type=\"widget\" data-e-type=\"widget\" data-widget_type=\"heading.default\">\n\t\t\t\t<div class=\"elementor-widget-container\">\n\t\t\t\t\t<h3 class=\"elementor-heading-title elementor-size-default\">Johanna M\u00fcller<\/h3>\t\t\t\t<\/div>\n\t\t\t\t<\/div>\n\t\t\t\t<div class=\"elementor-element elementor-element-075feb9 elementor-widget__width-initial elementor-widget elementor-widget-text-editor\" data-id=\"075feb9\" data-element_type=\"widget\" data-e-type=\"widget\" data-widget_type=\"text-editor.default\">\n\t\t\t\t<div class=\"elementor-widget-container\">\n\t\t\t\t\t\t\t\t\t<p>Co-Leitung Atelier<\/p>\t\t\t\t\t\t\t\t<\/div>\n\t\t\t\t<\/div>\n\t\t\t\t<\/div>\n\t\t\t\t<\/div>\n\t\t<div class=\"elementor-element elementor-element-2922531 e-con-full e-flex e-con e-child\" data-id=\"2922531\" data-element_type=\"container\" data-e-type=\"container\">\n\t\t\t\t<div class=\"elementor-element elementor-element-6c959a8 elementor-widget elementor-widget-image\" data-id=\"6c959a8\" data-element_type=\"widget\" data-e-type=\"widget\" data-widget_type=\"image.default\">\n\t\t\t\t<div class=\"elementor-widget-container\">\n\t\t\t\t\t\t\t\t\t\t\t\t\t\t\t<img decoding=\"async\" width=\"439\" height=\"586\" src=\"https:\/\/wohnheim-bueche.ch\/wordpress\/wp-content\/uploads\/2025\/05\/Tobias_Ammann.jpg\" class=\"attachment-large size-large wp-image-3973\" alt=\"Portr\u00e4tfoto Tobias Ammann\" srcset=\"https:\/\/wohnheim-bueche.ch\/wordpress\/wp-content\/uploads\/2025\/05\/Tobias_Ammann.jpg 439w, https:\/\/wohnheim-bueche.ch\/wordpress\/wp-content\/uploads\/2025\/05\/Tobias_Ammann-225x300.jpg 225w\" sizes=\"(max-width: 439px) 100vw, 439px\" \/>\t\t\t\t\t\t\t\t\t\t\t\t\t\t\t<\/div>\n\t\t\t\t<\/div>\n\t\t<div class=\"elementor-element elementor-element-aa9c89d e-con-full e-flex e-con e-child\" data-id=\"aa9c89d\" data-element_type=\"container\" data-e-type=\"container\">\n\t\t\t\t<div class=\"elementor-element elementor-element-0b79eb9 elementor-widget elementor-widget-heading\" data-id=\"0b79eb9\" data-element_type=\"widget\" data-e-type=\"widget\" data-widget_type=\"heading.default\">\n\t\t\t\t<div class=\"elementor-widget-container\">\n\t\t\t\t\t<h3 class=\"elementor-heading-title elementor-size-default\">Tobias Ammann<\/h3>\t\t\t\t<\/div>\n\t\t\t\t<\/div>\n\t\t\t\t<div class=\"elementor-element elementor-element-6aa31b9 elementor-widget__width-initial elementor-widget elementor-widget-text-editor\" data-id=\"6aa31b9\" data-element_type=\"widget\" data-e-type=\"widget\" data-widget_type=\"text-editor.default\">\n\t\t\t\t<div class=\"elementor-widget-container\">\n\t\t\t\t\t\t\t\t\t<p>Mitarbeiter Werkstatt<\/p>\t\t\t\t\t\t\t\t<\/div>\n\t\t\t\t<\/div>\n\t\t\t\t<\/div>\n\t\t\t\t<\/div>\n\t\t<div class=\"elementor-element elementor-element-b7592fa e-con-full e-flex e-con e-child\" data-id=\"b7592fa\" data-element_type=\"container\" data-e-type=\"container\">\n\t\t\t\t<div class=\"elementor-element elementor-element-06eb43b elementor-widget elementor-widget-image\" data-id=\"06eb43b\" data-element_type=\"widget\" data-e-type=\"widget\" data-widget_type=\"image.default\">\n\t\t\t\t<div class=\"elementor-widget-container\">\n\t\t\t\t\t\t\t\t\t\t\t\t\t\t\t<img loading=\"lazy\" decoding=\"async\" width=\"435\" height=\"580\" src=\"https:\/\/wohnheim-bueche.ch\/wordpress\/wp-content\/uploads\/2025\/03\/Hans-Ammann.jpg\" class=\"attachment-large size-large wp-image-2904\" alt=\"Portr\u00e4tfoto Hans Ammann\" srcset=\"https:\/\/wohnheim-bueche.ch\/wordpress\/wp-content\/uploads\/2025\/03\/Hans-Ammann.jpg 435w, https:\/\/wohnheim-bueche.ch\/wordpress\/wp-content\/uploads\/2025\/03\/Hans-Ammann-225x300.jpg 225w\" sizes=\"(max-width: 435px) 100vw, 435px\" \/>\t\t\t\t\t\t\t\t\t\t\t\t\t\t\t<\/div>\n\t\t\t\t<\/div>\n\t\t<div class=\"elementor-element elementor-element-9e415a5 e-con-full e-flex e-con e-child\" data-id=\"9e415a5\" data-element_type=\"container\" data-e-type=\"container\">\n\t\t\t\t<div class=\"elementor-element elementor-element-7fbd2fc elementor-widget elementor-widget-heading\" data-id=\"7fbd2fc\" data-element_type=\"widget\" data-e-type=\"widget\" data-widget_type=\"heading.default\">\n\t\t\t\t<div class=\"elementor-widget-container\">\n\t\t\t\t\t<h3 class=\"elementor-heading-title elementor-size-default\">Hans Ammann<\/h3>\t\t\t\t<\/div>\n\t\t\t\t<\/div>\n\t\t\t\t<div class=\"elementor-element elementor-element-c52ee84 elementor-widget__width-initial elementor-widget elementor-widget-text-editor\" data-id=\"c52ee84\" data-element_type=\"widget\" data-e-type=\"widget\" data-widget_type=\"text-editor.default\">\n\t\t\t\t<div class=\"elementor-widget-container\">\n\t\t\t\t\t\t\t\t\t<p>Aushilfe Werkstatt<\/p>\t\t\t\t\t\t\t\t<\/div>\n\t\t\t\t<\/div>\n\t\t\t\t<\/div>\n\t\t\t\t<\/div>\n\t\t\t\t<\/div>\n\t\t\t\t\t<\/div>\n\t\t\t\t<\/div>\n\t\t\t\t<\/div>\n\t\t","protected":false},"excerpt":{"rendered":"<p>Tagesst\u00e4tte Tagesst\u00e4tte Das Wohnheim Bueche bietet seit 2007 Besch\u00e4ftigungspl\u00e4tze f\u00fcr Bewohner*innen der Bueche und externe Mitarbeitende an. Die Tagesst\u00e4tte liegt an der Bahnhofstrasse 19 in Utzenstorf. An grossz\u00fcgigen und gut eingerichteten Arbeitspl\u00e4tzen werden die Mitarbeitenden mit ihren individuellen F\u00e4higkeiten begleitet. Die Produktivit\u00e4t steht nicht im Vordergrund. Zielgruppe Das Angebot der externen Tagespl\u00e4tzen richtet sich an [&hellip;]<\/p>\n","protected":false},"author":1,"featured_media":0,"parent":0,"menu_order":0,"comment_status":"closed","ping_status":"closed","template":"elementor_header_footer","meta":{"footnotes":""},"class_list":["post-20","page","type-page","status-publish","hentry"],"blocksy_meta":{"styles_descriptor":{"styles":{"desktop":"","tablet":"","mobile":""},"google_fonts":[],"version":7}},"yoast_head":"<!-- This site is optimized with the Yoast SEO plugin v28.1 - https:\/\/yoast.com\/product\/yoast-seo-wordpress\/ -->\n<title>Tagesst\u00e4tte - Wohnheim Bueche<\/title>\n<meta name=\"description\" content=\"Das Wohnheim Bueche bietet seit 2007 Besch\u00e4ftigungspl\u00e4tze f\u00fcr Bewohner*innen der Bueche und externe Mitarbeitende an. An grossz\u00fcgigen und gut eingerichteten Arbeitspl\u00e4tzen werden die Mitarbeitenden mit ihren individuellen F\u00e4higkeiten begleitet. Die Produktivit\u00e4t steht nicht im Vordergrund.\" \/>\n<meta name=\"robots\" content=\"index, follow, max-snippet:-1, max-image-preview:large, max-video-preview:-1\" \/>\n<link rel=\"canonical\" href=\"https:\/\/wohnheim-bueche.ch\/wordpress\/tagesstaette\/\" \/>\n<meta property=\"og:locale\" content=\"de_DE\" \/>\n<meta property=\"og:type\" content=\"article\" \/>\n<meta property=\"og:title\" content=\"Tagesst\u00e4tte - Wohnheim Bueche\" \/>\n<meta property=\"og:description\" content=\"Das Wohnheim Bueche bietet seit 2007 Besch\u00e4ftigungspl\u00e4tze f\u00fcr Bewohner*innen der Bueche und externe Mitarbeitende an. An grossz\u00fcgigen und gut eingerichteten Arbeitspl\u00e4tzen werden die Mitarbeitenden mit ihren individuellen F\u00e4higkeiten begleitet. Die Produktivit\u00e4t steht nicht im Vordergrund.\" \/>\n<meta property=\"og:url\" content=\"https:\/\/wohnheim-bueche.ch\/wordpress\/tagesstaette\/\" \/>\n<meta property=\"og:site_name\" content=\"Wohnheim Bueche\" \/>\n<meta property=\"article:modified_time\" content=\"2025-10-30T09:24:33+00:00\" \/>\n<meta property=\"og:image\" content=\"https:\/\/wohnheim-bueche.ch\/wordpress\/wp-content\/uploads\/elementor\/thumbs\/RZU-8796bearb-r62qv7kvqeu4za3jrcmaes43jzdfakdyo6jtjh4w8w.jpg\" \/>\n<meta name=\"twitter:card\" content=\"summary_large_image\" \/>\n<meta name=\"twitter:label1\" content=\"Gesch\u00e4tzte Lesezeit\" \/>\n\t<meta name=\"twitter:data1\" content=\"10\u00a0Minuten\" \/>\n<script type=\"application\/ld+json\" class=\"yoast-schema-graph\">{\"@context\":\"https:\\\/\\\/schema.org\",\"@graph\":[{\"@type\":\"WebPage\",\"@id\":\"https:\\\/\\\/wohnheim-bueche.ch\\\/wordpress\\\/tagesstaette\\\/\",\"url\":\"https:\\\/\\\/wohnheim-bueche.ch\\\/wordpress\\\/tagesstaette\\\/\",\"name\":\"Tagesst\u00e4tte - Wohnheim Bueche\",\"isPartOf\":{\"@id\":\"https:\\\/\\\/wohnheim-bueche.ch\\\/wordpress\\\/#website\"},\"primaryImageOfPage\":{\"@id\":\"https:\\\/\\\/wohnheim-bueche.ch\\\/wordpress\\\/tagesstaette\\\/#primaryimage\"},\"image\":{\"@id\":\"https:\\\/\\\/wohnheim-bueche.ch\\\/wordpress\\\/tagesstaette\\\/#primaryimage\"},\"thumbnailUrl\":\"https:\\\/\\\/wohnheim-bueche.ch\\\/wordpress\\\/wp-content\\\/uploads\\\/elementor\\\/thumbs\\\/RZU-8796bearb-r62qv7kvqeu4za3jrcmaes43jzdfakdyo6jtjh4w8w.jpg\",\"datePublished\":\"2023-02-09T14:01:54+00:00\",\"dateModified\":\"2025-10-30T09:24:33+00:00\",\"description\":\"Das Wohnheim Bueche bietet seit 2007 Besch\u00e4ftigungspl\u00e4tze f\u00fcr Bewohner*innen der Bueche und externe Mitarbeitende an. An grossz\u00fcgigen und gut eingerichteten Arbeitspl\u00e4tzen werden die Mitarbeitenden mit ihren individuellen F\u00e4higkeiten begleitet. Die Produktivit\u00e4t steht nicht im Vordergrund.\",\"breadcrumb\":{\"@id\":\"https:\\\/\\\/wohnheim-bueche.ch\\\/wordpress\\\/tagesstaette\\\/#breadcrumb\"},\"inLanguage\":\"de\",\"potentialAction\":[{\"@type\":\"ReadAction\",\"target\":[\"https:\\\/\\\/wohnheim-bueche.ch\\\/wordpress\\\/tagesstaette\\\/\"]}]},{\"@type\":\"ImageObject\",\"inLanguage\":\"de\",\"@id\":\"https:\\\/\\\/wohnheim-bueche.ch\\\/wordpress\\\/tagesstaette\\\/#primaryimage\",\"url\":\"https:\\\/\\\/wohnheim-bueche.ch\\\/wordpress\\\/wp-content\\\/uploads\\\/elementor\\\/thumbs\\\/RZU-8796bearb-r62qv7kvqeu4za3jrcmaes43jzdfakdyo6jtjh4w8w.jpg\",\"contentUrl\":\"https:\\\/\\\/wohnheim-bueche.ch\\\/wordpress\\\/wp-content\\\/uploads\\\/elementor\\\/thumbs\\\/RZU-8796bearb-r62qv7kvqeu4za3jrcmaes43jzdfakdyo6jtjh4w8w.jpg\"},{\"@type\":\"BreadcrumbList\",\"@id\":\"https:\\\/\\\/wohnheim-bueche.ch\\\/wordpress\\\/tagesstaette\\\/#breadcrumb\",\"itemListElement\":[{\"@type\":\"ListItem\",\"position\":1,\"name\":\"Startseite\",\"item\":\"https:\\\/\\\/wohnheim-bueche.ch\\\/wordpress\\\/\"},{\"@type\":\"ListItem\",\"position\":2,\"name\":\"Tagesst\u00e4tte\"}]},{\"@type\":\"WebSite\",\"@id\":\"https:\\\/\\\/wohnheim-bueche.ch\\\/wordpress\\\/#website\",\"url\":\"https:\\\/\\\/wohnheim-bueche.ch\\\/wordpress\\\/\",\"name\":\"Wohnheim Bueche\",\"description\":\"Sozialpsychiatrische Kleininstitution in Utzenstorf\",\"publisher\":{\"@id\":\"https:\\\/\\\/wohnheim-bueche.ch\\\/wordpress\\\/#organization\"},\"potentialAction\":[{\"@type\":\"SearchAction\",\"target\":{\"@type\":\"EntryPoint\",\"urlTemplate\":\"https:\\\/\\\/wohnheim-bueche.ch\\\/wordpress\\\/?s={search_term_string}\"},\"query-input\":{\"@type\":\"PropertyValueSpecification\",\"valueRequired\":true,\"valueName\":\"search_term_string\"}}],\"inLanguage\":\"de\"},{\"@type\":\"Organization\",\"@id\":\"https:\\\/\\\/wohnheim-bueche.ch\\\/wordpress\\\/#organization\",\"name\":\"Wohnheim Bueche\",\"url\":\"https:\\\/\\\/wohnheim-bueche.ch\\\/wordpress\\\/\",\"logo\":{\"@type\":\"ImageObject\",\"inLanguage\":\"de\",\"@id\":\"https:\\\/\\\/wohnheim-bueche.ch\\\/wordpress\\\/#\\\/schema\\\/logo\\\/image\\\/\",\"url\":\"https:\\\/\\\/wohnheim-bueche.ch\\\/wordpress\\\/wp-content\\\/uploads\\\/2023\\\/06\\\/Logo_Bueche_Web_Gruen_neu.svg\",\"contentUrl\":\"https:\\\/\\\/wohnheim-bueche.ch\\\/wordpress\\\/wp-content\\\/uploads\\\/2023\\\/06\\\/Logo_Bueche_Web_Gruen_neu.svg\",\"width\":87,\"height\":106,\"caption\":\"Wohnheim Bueche\"},\"image\":{\"@id\":\"https:\\\/\\\/wohnheim-bueche.ch\\\/wordpress\\\/#\\\/schema\\\/logo\\\/image\\\/\"}}]}<\/script>\n<!-- \/ Yoast SEO plugin. -->","yoast_head_json":{"title":"Tagesst\u00e4tte - Wohnheim Bueche","description":"Das Wohnheim Bueche bietet seit 2007 Besch\u00e4ftigungspl\u00e4tze f\u00fcr Bewohner*innen der Bueche und externe Mitarbeitende an. An grossz\u00fcgigen und gut eingerichteten Arbeitspl\u00e4tzen werden die Mitarbeitenden mit ihren individuellen F\u00e4higkeiten begleitet. Die Produktivit\u00e4t steht nicht im Vordergrund.","robots":{"index":"index","follow":"follow","max-snippet":"max-snippet:-1","max-image-preview":"max-image-preview:large","max-video-preview":"max-video-preview:-1"},"canonical":"https:\/\/wohnheim-bueche.ch\/wordpress\/tagesstaette\/","og_locale":"de_DE","og_type":"article","og_title":"Tagesst\u00e4tte - Wohnheim Bueche","og_description":"Das Wohnheim Bueche bietet seit 2007 Besch\u00e4ftigungspl\u00e4tze f\u00fcr Bewohner*innen der Bueche und externe Mitarbeitende an. An grossz\u00fcgigen und gut eingerichteten Arbeitspl\u00e4tzen werden die Mitarbeitenden mit ihren individuellen F\u00e4higkeiten begleitet. Die Produktivit\u00e4t steht nicht im Vordergrund.","og_url":"https:\/\/wohnheim-bueche.ch\/wordpress\/tagesstaette\/","og_site_name":"Wohnheim Bueche","article_modified_time":"2025-10-30T09:24:33+00:00","og_image":[{"url":"https:\/\/wohnheim-bueche.ch\/wordpress\/wp-content\/uploads\/elementor\/thumbs\/RZU-8796bearb-r62qv7kvqeu4za3jrcmaes43jzdfakdyo6jtjh4w8w.jpg","type":"","width":"","height":""}],"twitter_card":"summary_large_image","twitter_misc":{"Gesch\u00e4tzte Lesezeit":"10\u00a0Minuten"},"schema":{"@context":"https:\/\/schema.org","@graph":[{"@type":"WebPage","@id":"https:\/\/wohnheim-bueche.ch\/wordpress\/tagesstaette\/","url":"https:\/\/wohnheim-bueche.ch\/wordpress\/tagesstaette\/","name":"Tagesst\u00e4tte - Wohnheim Bueche","isPartOf":{"@id":"https:\/\/wohnheim-bueche.ch\/wordpress\/#website"},"primaryImageOfPage":{"@id":"https:\/\/wohnheim-bueche.ch\/wordpress\/tagesstaette\/#primaryimage"},"image":{"@id":"https:\/\/wohnheim-bueche.ch\/wordpress\/tagesstaette\/#primaryimage"},"thumbnailUrl":"https:\/\/wohnheim-bueche.ch\/wordpress\/wp-content\/uploads\/elementor\/thumbs\/RZU-8796bearb-r62qv7kvqeu4za3jrcmaes43jzdfakdyo6jtjh4w8w.jpg","datePublished":"2023-02-09T14:01:54+00:00","dateModified":"2025-10-30T09:24:33+00:00","description":"Das Wohnheim Bueche bietet seit 2007 Besch\u00e4ftigungspl\u00e4tze f\u00fcr Bewohner*innen der Bueche und externe Mitarbeitende an. An grossz\u00fcgigen und gut eingerichteten Arbeitspl\u00e4tzen werden die Mitarbeitenden mit ihren individuellen F\u00e4higkeiten begleitet. Die Produktivit\u00e4t steht nicht im Vordergrund.","breadcrumb":{"@id":"https:\/\/wohnheim-bueche.ch\/wordpress\/tagesstaette\/#breadcrumb"},"inLanguage":"de","potentialAction":[{"@type":"ReadAction","target":["https:\/\/wohnheim-bueche.ch\/wordpress\/tagesstaette\/"]}]},{"@type":"ImageObject","inLanguage":"de","@id":"https:\/\/wohnheim-bueche.ch\/wordpress\/tagesstaette\/#primaryimage","url":"https:\/\/wohnheim-bueche.ch\/wordpress\/wp-content\/uploads\/elementor\/thumbs\/RZU-8796bearb-r62qv7kvqeu4za3jrcmaes43jzdfakdyo6jtjh4w8w.jpg","contentUrl":"https:\/\/wohnheim-bueche.ch\/wordpress\/wp-content\/uploads\/elementor\/thumbs\/RZU-8796bearb-r62qv7kvqeu4za3jrcmaes43jzdfakdyo6jtjh4w8w.jpg"},{"@type":"BreadcrumbList","@id":"https:\/\/wohnheim-bueche.ch\/wordpress\/tagesstaette\/#breadcrumb","itemListElement":[{"@type":"ListItem","position":1,"name":"Startseite","item":"https:\/\/wohnheim-bueche.ch\/wordpress\/"},{"@type":"ListItem","position":2,"name":"Tagesst\u00e4tte"}]},{"@type":"WebSite","@id":"https:\/\/wohnheim-bueche.ch\/wordpress\/#website","url":"https:\/\/wohnheim-bueche.ch\/wordpress\/","name":"Wohnheim Bueche","description":"Sozialpsychiatrische Kleininstitution in Utzenstorf","publisher":{"@id":"https:\/\/wohnheim-bueche.ch\/wordpress\/#organization"},"potentialAction":[{"@type":"SearchAction","target":{"@type":"EntryPoint","urlTemplate":"https:\/\/wohnheim-bueche.ch\/wordpress\/?s={search_term_string}"},"query-input":{"@type":"PropertyValueSpecification","valueRequired":true,"valueName":"search_term_string"}}],"inLanguage":"de"},{"@type":"Organization","@id":"https:\/\/wohnheim-bueche.ch\/wordpress\/#organization","name":"Wohnheim Bueche","url":"https:\/\/wohnheim-bueche.ch\/wordpress\/","logo":{"@type":"ImageObject","inLanguage":"de","@id":"https:\/\/wohnheim-bueche.ch\/wordpress\/#\/schema\/logo\/image\/","url":"https:\/\/wohnheim-bueche.ch\/wordpress\/wp-content\/uploads\/2023\/06\/Logo_Bueche_Web_Gruen_neu.svg","contentUrl":"https:\/\/wohnheim-bueche.ch\/wordpress\/wp-content\/uploads\/2023\/06\/Logo_Bueche_Web_Gruen_neu.svg","width":87,"height":106,"caption":"Wohnheim Bueche"},"image":{"@id":"https:\/\/wohnheim-bueche.ch\/wordpress\/#\/schema\/logo\/image\/"}}]}},"_links":{"self":[{"href":"https:\/\/wohnheim-bueche.ch\/wordpress\/wp-json\/wp\/v2\/pages\/20","targetHints":{"allow":["GET"]}}],"collection":[{"href":"https:\/\/wohnheim-bueche.ch\/wordpress\/wp-json\/wp\/v2\/pages"}],"about":[{"href":"https:\/\/wohnheim-bueche.ch\/wordpress\/wp-json\/wp\/v2\/types\/page"}],"author":[{"embeddable":true,"href":"https:\/\/wohnheim-bueche.ch\/wordpress\/wp-json\/wp\/v2\/users\/1"}],"replies":[{"embeddable":true,"href":"https:\/\/wohnheim-bueche.ch\/wordpress\/wp-json\/wp\/v2\/comments?post=20"}],"version-history":[{"count":0,"href":"https:\/\/wohnheim-bueche.ch\/wordpress\/wp-json\/wp\/v2\/pages\/20\/revisions"}],"wp:attachment":[{"href":"https:\/\/wohnheim-bueche.ch\/wordpress\/wp-json\/wp\/v2\/media?parent=20"}],"curies":[{"name":"wp","href":"https:\/\/api.w.org\/{rel}","templated":true}]}}