{"id":15,"date":"2023-02-09T15:01:54","date_gmt":"2023-02-09T14:01:54","guid":{"rendered":"https:\/\/wohnheim-bueche.ch\/wordpress\/?page_id=15"},"modified":"2025-10-30T10:11:35","modified_gmt":"2025-10-30T09:11:35","slug":"institution","status":"publish","type":"page","link":"https:\/\/wohnheim-bueche.ch\/wordpress\/institution\/","title":{"rendered":"Institution"},"content":{"rendered":"\t\t<div data-elementor-type=\"wp-page\" data-elementor-id=\"15\" class=\"elementor elementor-15\" data-elementor-post-type=\"page\">\n\t\t\t\t<div class=\"elementor-element elementor-element-e2a15b4 e-transform e-flex e-con-boxed e-con e-parent\" data-id=\"e2a15b4\" data-element_type=\"container\" data-e-type=\"container\" data-settings=\"{&quot;background_background&quot;:&quot;slideshow&quot;,&quot;background_slideshow_gallery&quot;:[{&quot;id&quot;:3415,&quot;url&quot;:&quot;https:\\\/\\\/wohnheim-bueche.ch\\\/wordpress\\\/wp-content\\\/uploads\\\/2025\\\/04\\\/Titelbild-RZU-4432bearb.jpg&quot;}],&quot;background_slideshow_slide_duration&quot;:10000,&quot;background_slideshow_transition_duration&quot;:2000,&quot;background_slideshow_ken_burns&quot;:&quot;yes&quot;,&quot;animation&quot;:&quot;none&quot;,&quot;background_slideshow_loop&quot;:&quot;yes&quot;,&quot;background_slideshow_slide_transition&quot;:&quot;fade&quot;,&quot;background_slideshow_ken_burns_zoom_direction&quot;:&quot;in&quot;,&quot;_transform_translateX_effect&quot;:{&quot;unit&quot;:&quot;px&quot;,&quot;size&quot;:&quot;&quot;,&quot;sizes&quot;:[]},&quot;_transform_translateX_effect_tablet&quot;:{&quot;unit&quot;:&quot;px&quot;,&quot;size&quot;:&quot;&quot;,&quot;sizes&quot;:[]},&quot;_transform_translateX_effect_mobile&quot;:{&quot;unit&quot;:&quot;px&quot;,&quot;size&quot;:&quot;&quot;,&quot;sizes&quot;:[]},&quot;_transform_translateY_effect&quot;:{&quot;unit&quot;:&quot;px&quot;,&quot;size&quot;:&quot;&quot;,&quot;sizes&quot;:[]},&quot;_transform_translateY_effect_tablet&quot;:{&quot;unit&quot;:&quot;px&quot;,&quot;size&quot;:&quot;&quot;,&quot;sizes&quot;:[]},&quot;_transform_translateY_effect_mobile&quot;:{&quot;unit&quot;:&quot;px&quot;,&quot;size&quot;:&quot;&quot;,&quot;sizes&quot;:[]}}\">\n\t\t\t\t\t<div class=\"e-con-inner\">\n\t\t\t\t<div class=\"elementor-element elementor-element-720584f animated-slow elementor-widget__width-initial elementor-invisible elementor-widget elementor-widget-heading\" data-id=\"720584f\" data-element_type=\"widget\" data-e-type=\"widget\" data-settings=\"{&quot;_animation&quot;:&quot;fadeIn&quot;}\" data-widget_type=\"heading.default\">\n\t\t\t\t<div class=\"elementor-widget-container\">\n\t\t\t\t\t<h1 class=\"elementor-heading-title elementor-size-large\">Institution<\/h1>\t\t\t\t<\/div>\n\t\t\t\t<\/div>\n\t\t\t\t\t<\/div>\n\t\t\t\t<\/div>\n\t\t<div class=\"elementor-element elementor-element-0fcc165 elementor-hidden-desktop elementor-hidden-tablet elementor-hidden-mobile e-flex e-con-boxed e-con e-parent\" data-id=\"0fcc165\" data-element_type=\"container\" data-e-type=\"container\" data-settings=\"{&quot;background_background&quot;:&quot;classic&quot;}\">\n\t\t\t\t\t<div class=\"e-con-inner\">\n\t\t<div class=\"elementor-element elementor-element-bb1db32 e-con-full e-flex e-con e-child\" data-id=\"bb1db32\" data-element_type=\"container\" data-e-type=\"container\">\n\t\t\t\t<div class=\"elementor-element elementor-element-5dd497d elementor-widget elementor-widget-heading\" data-id=\"5dd497d\" data-element_type=\"widget\" data-e-type=\"widget\" data-widget_type=\"heading.default\">\n\t\t\t\t<div class=\"elementor-widget-container\">\n\t\t\t\t\t<h2 class=\"elementor-heading-title elementor-size-default\">Tr\u00e4gerschaft<\/h2>\t\t\t\t<\/div>\n\t\t\t\t<\/div>\n\t\t\t\t<div class=\"elementor-element elementor-element-032347c elementor-widget__width-initial elementor-widget elementor-widget-text-editor\" data-id=\"032347c\" data-element_type=\"widget\" data-e-type=\"widget\" data-widget_type=\"text-editor.default\">\n\t\t\t\t<div class=\"elementor-widget-container\">\n\t\t\t\t\t\t\t\t\t<p><span lang=\"de-DE\">Die Kollektivgesellschaft Wohnheim Bueche ist eine sozialpsychiatrische Kleininstitution. Sie wurde 1989 von Rosmarie und Hans Ammann-G\u00fcdel gegr\u00fcndet und wird sowohl politisch als auch konfessionell neutral gef\u00fchrt. Das Wohnheim untersteht der Aufsicht der Gesundheits- und F\u00fcrsorgedirektion des Kantons Bern (GEF). Der Leistungsvertrag regelt die Beziehung zwischen der GEF und dem Wohnheim Bueche.<\/span><\/p><h4><strong>Adresse<\/strong><\/h4><p>Wohnheim \u00abBueche\u00bb<br \/>Familie Hans und Rosmarie Ammann-G\u00fcdel<br \/>Landshutstrasse 2, 3427 Utzenstorf<\/p>\t\t\t\t\t\t\t\t<\/div>\n\t\t\t\t<\/div>\n\t\t\t\t<div class=\"elementor-element elementor-element-b2a1d84 elementor-icon-list--layout-traditional elementor-list-item-link-full_width elementor-widget elementor-widget-icon-list\" data-id=\"b2a1d84\" data-element_type=\"widget\" data-e-type=\"widget\" data-widget_type=\"icon-list.default\">\n\t\t\t\t<div class=\"elementor-widget-container\">\n\t\t\t\t\t\t\t<ul class=\"elementor-icon-list-items\">\n\t\t\t\t\t\t\t<li class=\"elementor-icon-list-item\">\n\t\t\t\t\t\t\t\t\t\t\t<a href=\"tel:+41326653742\">\n\n\t\t\t\t\t\t\t\t\t\t\t\t<span class=\"elementor-icon-list-icon\">\n\t\t\t\t\t\t\t<svg aria-hidden=\"true\" class=\"e-font-icon-svg e-fas-phone-alt\" viewBox=\"0 0 512 512\" xmlns=\"http:\/\/www.w3.org\/2000\/svg\"><path d=\"M497.39 361.8l-112-48a24 24 0 0 0-28 6.9l-49.6 60.6A370.66 370.66 0 0 1 130.6 204.11l60.6-49.6a23.94 23.94 0 0 0 6.9-28l-48-112A24.16 24.16 0 0 0 122.6.61l-104 24A24 24 0 0 0 0 48c0 256.5 207.9 464 464 464a24 24 0 0 0 23.4-18.6l24-104a24.29 24.29 0 0 0-14.01-27.6z\"><\/path><\/svg>\t\t\t\t\t\t<\/span>\n\t\t\t\t\t\t\t\t\t\t<span class=\"elementor-icon-list-text\">Tel.: 032 665 37 42<\/span>\n\t\t\t\t\t\t\t\t\t\t\t<\/a>\n\t\t\t\t\t\t\t\t\t<\/li>\n\t\t\t\t\t\t\t\t<li class=\"elementor-icon-list-item\">\n\t\t\t\t\t\t\t\t\t\t\t<a href=\"fax:+41326657177\">\n\n\t\t\t\t\t\t\t\t\t\t\t\t<span class=\"elementor-icon-list-icon\">\n\t\t\t\t\t\t\t<svg aria-hidden=\"true\" class=\"e-font-icon-svg e-fas-print\" viewBox=\"0 0 512 512\" xmlns=\"http:\/\/www.w3.org\/2000\/svg\"><path d=\"M448 192V77.25c0-8.49-3.37-16.62-9.37-22.63L393.37 9.37c-6-6-14.14-9.37-22.63-9.37H96C78.33 0 64 14.33 64 32v160c-35.35 0-64 28.65-64 64v112c0 8.84 7.16 16 16 16h48v96c0 17.67 14.33 32 32 32h320c17.67 0 32-14.33 32-32v-96h48c8.84 0 16-7.16 16-16V256c0-35.35-28.65-64-64-64zm-64 256H128v-96h256v96zm0-224H128V64h192v48c0 8.84 7.16 16 16 16h48v96zm48 72c-13.25 0-24-10.75-24-24 0-13.26 10.75-24 24-24s24 10.74 24 24c0 13.25-10.75 24-24 24z\"><\/path><\/svg>\t\t\t\t\t\t<\/span>\n\t\t\t\t\t\t\t\t\t\t<span class=\"elementor-icon-list-text\">Fax: 032 665 71 77<\/span>\n\t\t\t\t\t\t\t\t\t\t\t<\/a>\n\t\t\t\t\t\t\t\t\t<\/li>\n\t\t\t\t\t\t\t\t<li class=\"elementor-icon-list-item\">\n\t\t\t\t\t\t\t\t\t\t\t<a href=\"mailto:info@wohnheim-bueche.ch\" target=\"_blank\">\n\n\t\t\t\t\t\t\t\t\t\t\t\t<span class=\"elementor-icon-list-icon\">\n\t\t\t\t\t\t\t<svg aria-hidden=\"true\" class=\"e-font-icon-svg e-fas-envelope\" viewBox=\"0 0 512 512\" xmlns=\"http:\/\/www.w3.org\/2000\/svg\"><path d=\"M502.3 190.8c3.9-3.1 9.7-.2 9.7 4.7V400c0 26.5-21.5 48-48 48H48c-26.5 0-48-21.5-48-48V195.6c0-5 5.7-7.8 9.7-4.7 22.4 17.4 52.1 39.5 154.1 113.6 21.1 15.4 56.7 47.8 92.2 47.6 35.7.3 72-32.8 92.3-47.6 102-74.1 131.6-96.3 154-113.7zM256 320c23.2.4 56.6-29.2 73.4-41.4 132.7-96.3 142.8-104.7 173.4-128.7 5.8-4.5 9.2-11.5 9.2-18.9v-19c0-26.5-21.5-48-48-48H48C21.5 64 0 85.5 0 112v19c0 7.4 3.4 14.3 9.2 18.9 30.6 23.9 40.7 32.4 173.4 128.7 16.8 12.2 50.2 41.8 73.4 41.4z\"><\/path><\/svg>\t\t\t\t\t\t<\/span>\n\t\t\t\t\t\t\t\t\t\t<span class=\"elementor-icon-list-text\">E-Mail: info@wohnheim-bueche.ch<\/span>\n\t\t\t\t\t\t\t\t\t\t\t<\/a>\n\t\t\t\t\t\t\t\t\t<\/li>\n\t\t\t\t\t\t<\/ul>\n\t\t\t\t\t\t<\/div>\n\t\t\t\t<\/div>\n\t\t\t\t<\/div>\n\t\t\t\t\t<\/div>\n\t\t\t\t<\/div>\n\t\t<div class=\"elementor-element elementor-element-6604549 e-flex e-con-boxed e-con e-parent\" data-id=\"6604549\" data-element_type=\"container\" data-e-type=\"container\" id=\"traegerschaft\" data-settings=\"{&quot;shape_divider_bottom&quot;:&quot;curve&quot;}\">\n\t\t\t\t\t<div class=\"e-con-inner\">\n\t\t\t\t<div class=\"elementor-shape elementor-shape-bottom\" aria-hidden=\"true\" data-negative=\"false\">\n\t\t\t<svg xmlns=\"http:\/\/www.w3.org\/2000\/svg\" viewBox=\"0 0 1000 100\" preserveAspectRatio=\"none\">\n    <path class=\"elementor-shape-fill\" d=\"M1000,4.3V0H0v4.3C0.9,23.1,126.7,99.2,500,100S1000,22.7,1000,4.3z\"\/>\n<\/svg>\t\t<\/div>\n\t\t<div class=\"elementor-element elementor-element-f9a7920 e-con-full e-flex e-con e-child\" data-id=\"f9a7920\" data-element_type=\"container\" data-e-type=\"container\">\n\t\t\t\t<div class=\"elementor-element elementor-element-bb11ae4 elementor-widget elementor-widget-heading\" data-id=\"bb11ae4\" data-element_type=\"widget\" data-e-type=\"widget\" data-widget_type=\"heading.default\">\n\t\t\t\t<div class=\"elementor-widget-container\">\n\t\t\t\t\t<h2 class=\"elementor-heading-title elementor-size-default\">Tr\u00e4gerschaft <br>\nWohnheim Bueche<\/h2>\t\t\t\t<\/div>\n\t\t\t\t<\/div>\n\t\t\t\t<div class=\"elementor-element elementor-element-1ebd76b elementor-widget__width-initial elementor-widget elementor-widget-text-editor\" data-id=\"1ebd76b\" data-element_type=\"widget\" data-e-type=\"widget\" data-widget_type=\"text-editor.default\">\n\t\t\t\t<div class=\"elementor-widget-container\">\n\t\t\t\t\t\t\t\t\t<p>Die Wohnheim Bueche GmbH ist eine sozialpsychiatrische Kleininstitution. Sie wurde 1989 von Rosmarie und Hans Ammann-G\u00fcdel gegr\u00fcndet und wird sowohl politisch als auch konfessionell neutral gef\u00fchrt. Das Wohnheim hat einen Leistungsvertrag mit dem <a href=\"https:\/\/www.gsi.be.ch\/de\/start\/themen\/soziales\/behinderung.html\" target=\"_blank\" rel=\"noopener\">GSI, der Gesundheits-, Sozial- und Integrationsdirektion des Kanton Bern<\/a>.<\/p>\t\t\t\t\t\t\t\t<\/div>\n\t\t\t\t<\/div>\n\t\t\t\t<\/div>\n\t\t<div class=\"elementor-element elementor-element-970ae06 e-con-full e-flex e-con e-child\" data-id=\"970ae06\" data-element_type=\"container\" data-e-type=\"container\">\n\t\t\t\t<div class=\"elementor-element elementor-element-216eafb elementor-widget elementor-widget-image\" data-id=\"216eafb\" data-element_type=\"widget\" data-e-type=\"widget\" data-widget_type=\"image.default\">\n\t\t\t\t<div class=\"elementor-widget-container\">\n\t\t\t\t\t\t\t\t\t\t\t\t\t\t\t<img decoding=\"async\" src=\"https:\/\/wohnheim-bueche.ch\/wordpress\/wp-content\/uploads\/elementor\/thumbs\/RZU-3186-1-scaledbearb-r62qwdvm9yg1hqe3wcwi0zfuabkxwy1vtzwo4xe6gw.jpg\" title=\"RZU-3186-1-scaledbearb\" alt=\"Eine Sitzbank aus rostigem Metall\" loading=\"lazy\" \/>\t\t\t\t\t\t\t\t\t\t\t\t\t\t\t<\/div>\n\t\t\t\t<\/div>\n\t\t\t\t<\/div>\n\t\t\t\t\t<\/div>\n\t\t\t\t<\/div>\n\t\t<div class=\"elementor-element elementor-element-6ffeb08 e-flex e-con-boxed e-con e-parent\" data-id=\"6ffeb08\" data-element_type=\"container\" data-e-type=\"container\" id=\"philosophie\" data-settings=\"{&quot;background_background&quot;:&quot;classic&quot;}\">\n\t\t\t\t\t<div class=\"e-con-inner\">\n\t\t<div class=\"elementor-element elementor-element-c2e708c e-con-full e-flex e-con e-child\" data-id=\"c2e708c\" data-element_type=\"container\" data-e-type=\"container\">\n\t\t\t\t<div class=\"elementor-element elementor-element-22fc871 elementor-widget__width-initial elementor-arrows-position-inside elementor-widget elementor-widget-image-carousel\" data-id=\"22fc871\" data-element_type=\"widget\" data-e-type=\"widget\" data-settings=\"{&quot;slides_to_show&quot;:&quot;1&quot;,&quot;pause_on_hover&quot;:&quot;no&quot;,&quot;pause_on_interaction&quot;:&quot;no&quot;,&quot;navigation&quot;:&quot;arrows&quot;,&quot;autoplay_speed&quot;:5500,&quot;autoplay&quot;:&quot;yes&quot;,&quot;infinite&quot;:&quot;yes&quot;,&quot;effect&quot;:&quot;slide&quot;,&quot;speed&quot;:500}\" data-widget_type=\"image-carousel.default\">\n\t\t\t\t<div class=\"elementor-widget-container\">\n\t\t\t\t\t\t\t<div class=\"elementor-image-carousel-wrapper swiper\" role=\"region\" aria-roledescription=\"carousel\" aria-label=\"Bild Karussell\" dir=\"ltr\">\n\t\t\t<div class=\"elementor-image-carousel swiper-wrapper\" aria-live=\"off\">\n\t\t\t\t\t\t\t\t<div class=\"swiper-slide\" role=\"group\" aria-roledescription=\"slide\" aria-label=\"1 von 5\"><figure class=\"swiper-slide-inner\"><img decoding=\"async\" class=\"swiper-slide-image\" src=\"https:\/\/wohnheim-bueche.ch\/wordpress\/wp-content\/uploads\/elementor\/thumbs\/RZU-3025bearb-r62qw7aqy4718gnnys241j3m4mhdf2brh3c9rznxog.jpg\" alt=\"Gr\u00fcne Pflanzen\" \/><\/figure><\/div><div class=\"swiper-slide\" role=\"group\" aria-roledescription=\"slide\" aria-label=\"2 von 5\"><figure class=\"swiper-slide-inner\"><img decoding=\"async\" class=\"swiper-slide-image\" src=\"https:\/\/wohnheim-bueche.ch\/wordpress\/wp-content\/uploads\/elementor\/thumbs\/RZU-3037bearb-r62qw4h8dm369mrrf8u8c1t8cgv9rz0kgpdtc5s474.jpg\" alt=\"Eine Person h\u00e4lt einen Ball in den H\u00e4nden\" \/><\/figure><\/div><div class=\"swiper-slide\" role=\"group\" aria-roledescription=\"slide\" aria-label=\"3 von 5\"><figure class=\"swiper-slide-inner\"><img decoding=\"async\" class=\"swiper-slide-image\" src=\"https:\/\/wohnheim-bueche.ch\/wordpress\/wp-content\/uploads\/elementor\/thumbs\/RZU-3175-scaledbearb-r62qw0pvm9y0z6x8177q22rdyxdsx6ln46rvf1xow0.jpg\" alt=\"Sonnenlicht scheint durch die Bl\u00e4tter eines Baumes hindurch\" \/><\/figure><\/div><div class=\"swiper-slide\" role=\"group\" aria-roledescription=\"slide\" aria-label=\"4 von 5\"><figure class=\"swiper-slide-inner\"><img decoding=\"async\" class=\"swiper-slide-image\" src=\"https:\/\/wohnheim-bueche.ch\/wordpress\/wp-content\/uploads\/elementor\/thumbs\/RZU-3963bearb-r62qvwyiuxsvor2on5l7s3pjldwc2e6pro5xhy39kw.jpg\" alt=\"Eine dekorative Figur in Form eines meditierenden Frosches\" \/><\/figure><\/div><div class=\"swiper-slide\" role=\"group\" aria-roledescription=\"slide\" aria-label=\"5 von 5\"><figure class=\"swiper-slide-inner\"><img decoding=\"async\" class=\"swiper-slide-image\" src=\"https:\/\/wohnheim-bueche.ch\/wordpress\/wp-content\/uploads\/elementor\/thumbs\/RZU-8436bearb-r62qvs9bwrmg2p9ielk2xmw8mgjhzwo230wi3ka8g0.jpg\" alt=\"Kunstvoller Gegenstand bestehend aus nat\u00fcrlichen Materialien\" \/><\/figure><\/div>\t\t\t<\/div>\n\t\t\t\t\t\t\t\t\t\t\t\t<div class=\"elementor-swiper-button elementor-swiper-button-prev\" role=\"button\" tabindex=\"0\">\n\t\t\t\t\t\t<svg aria-hidden=\"true\" class=\"e-font-icon-svg e-eicon-chevron-left\" viewBox=\"0 0 1000 1000\" xmlns=\"http:\/\/www.w3.org\/2000\/svg\"><path d=\"M646 125C629 125 613 133 604 142L308 442C296 454 292 471 292 487 292 504 296 521 308 533L604 854C617 867 629 875 646 875 663 875 679 871 692 858 704 846 713 829 713 812 713 796 708 779 692 767L438 487 692 225C700 217 708 204 708 187 708 171 704 154 692 142 675 129 663 125 646 125Z\"><\/path><\/svg>\t\t\t\t\t<\/div>\n\t\t\t\t\t<div class=\"elementor-swiper-button elementor-swiper-button-next\" role=\"button\" tabindex=\"0\">\n\t\t\t\t\t\t<svg aria-hidden=\"true\" class=\"e-font-icon-svg e-eicon-chevron-right\" viewBox=\"0 0 1000 1000\" xmlns=\"http:\/\/www.w3.org\/2000\/svg\"><path d=\"M696 533C708 521 713 504 713 487 713 471 708 454 696 446L400 146C388 133 375 125 354 125 338 125 325 129 313 142 300 154 292 171 292 187 292 204 296 221 308 233L563 492 304 771C292 783 288 800 288 817 288 833 296 850 308 863 321 871 338 875 354 875 371 875 388 867 400 854L696 533Z\"><\/path><\/svg>\t\t\t\t\t<\/div>\n\t\t\t\t\n\t\t\t\t\t\t\t\t\t<\/div>\n\t\t\t\t\t\t<\/div>\n\t\t\t\t<\/div>\n\t\t\t\t<\/div>\n\t\t<div class=\"elementor-element elementor-element-d58f966 e-con-full e-flex e-con e-child\" data-id=\"d58f966\" data-element_type=\"container\" data-e-type=\"container\">\n\t\t\t\t<div class=\"elementor-element elementor-element-c73ba66 elementor-widget elementor-widget-heading\" data-id=\"c73ba66\" data-element_type=\"widget\" data-e-type=\"widget\" data-widget_type=\"heading.default\">\n\t\t\t\t<div class=\"elementor-widget-container\">\n\t\t\t\t\t<h2 class=\"elementor-heading-title elementor-size-default\">Unsere Philosophie<\/h2>\t\t\t\t<\/div>\n\t\t\t\t<\/div>\n\t\t\t\t<div class=\"elementor-element elementor-element-03b3757 elementor-widget elementor-widget-n-accordion\" data-id=\"03b3757\" data-element_type=\"widget\" data-e-type=\"widget\" data-settings=\"{&quot;default_state&quot;:&quot;expanded&quot;,&quot;max_items_expended&quot;:&quot;one&quot;,&quot;n_accordion_animation_duration&quot;:{&quot;unit&quot;:&quot;ms&quot;,&quot;size&quot;:400,&quot;sizes&quot;:[]}}\" data-widget_type=\"nested-accordion.default\">\n\t\t\t\t<div class=\"elementor-widget-container\">\n\t\t\t\t\t\t\t<div class=\"e-n-accordion\" aria-label=\"Accordion. Open links with Enter or Space, close with Escape, and navigate with Arrow Keys\">\n\t\t\t\t\t\t<details id=\"e-n-accordion-item-3880\" class=\"e-n-accordion-item\" open>\n\t\t\t\t<summary class=\"e-n-accordion-item-title\" data-accordion-index=\"1\" tabindex=\"0\" aria-expanded=\"true\" aria-controls=\"e-n-accordion-item-3880\" >\n\t\t\t\t\t<span class='e-n-accordion-item-title-header'><div class=\"e-n-accordion-item-title-text\"> Grundhaltung <\/div><\/span>\n\t\t\t\t\t\t\t<span class='e-n-accordion-item-title-icon'>\n\t\t\t<span class='e-opened' ><svg aria-hidden=\"true\" class=\"e-font-icon-svg e-fas-chevron-up\" viewBox=\"0 0 448 512\" xmlns=\"http:\/\/www.w3.org\/2000\/svg\"><path d=\"M240.971 130.524l194.343 194.343c9.373 9.373 9.373 24.569 0 33.941l-22.667 22.667c-9.357 9.357-24.522 9.375-33.901.04L224 227.495 69.255 381.516c-9.379 9.335-24.544 9.317-33.901-.04l-22.667-22.667c-9.373-9.373-9.373-24.569 0-33.941L207.03 130.525c9.372-9.373 24.568-9.373 33.941-.001z\"><\/path><\/svg><\/span>\n\t\t\t<span class='e-closed'><svg aria-hidden=\"true\" class=\"e-font-icon-svg e-fas-chevron-down\" viewBox=\"0 0 448 512\" xmlns=\"http:\/\/www.w3.org\/2000\/svg\"><path d=\"M207.029 381.476L12.686 187.132c-9.373-9.373-9.373-24.569 0-33.941l22.667-22.667c9.357-9.357 24.522-9.375 33.901-.04L224 284.505l154.745-154.021c9.379-9.335 24.544-9.317 33.901.04l22.667 22.667c9.373 9.373 9.373 24.569 0 33.941L240.971 381.476c-9.373 9.372-24.569 9.372-33.942 0z\"><\/path><\/svg><\/span>\n\t\t<\/span>\n\n\t\t\t\t\t\t<\/summary>\n\t\t\t\t<div role=\"region\" aria-labelledby=\"e-n-accordion-item-3880\" class=\"elementor-element elementor-element-42fe271 e-con-full e-flex e-con e-child\" data-id=\"42fe271\" data-element_type=\"container\" data-e-type=\"container\">\n\t\t\t\t<div class=\"elementor-element elementor-element-0bd84a9 elementor-widget__width-initial elementor-widget elementor-widget-text-editor\" data-id=\"0bd84a9\" data-element_type=\"widget\" data-e-type=\"widget\" data-widget_type=\"text-editor.default\">\n\t\t\t\t<div class=\"elementor-widget-container\">\n\t\t\t\t\t\t\t\t\t<p>Im Zentrum unseres Wirkens steht das humanistische Menschenbild, welches besagt, dass der Mensch danach strebt, sein Leben selbst zu bestimmen. Wir anerkennen die W\u00fcrde jedes einzelnen Menschen, seinen eigenen Willen, das Recht auf pers\u00f6nliche Entfaltung sowie Achtung und Integrit\u00e4t.<\/p><p>F\u00fcr uns bedeutet das Leben Ver\u00e4nderung und Entwicklung. Wir begegnen unseren Bewohner*innen mit Respekt, Interesse, Achtung, Wohlwollen und Anerkennung. Mit unserer personenzentrierten Haltung unterst\u00fctzen wir die Eigenst\u00e4ndigkeit des einzelnen Menschen und akzeptieren seine Eigenheiten. Dabei orientieren wir uns an seinen individuellen F\u00e4higkeiten. Das Potenzial zur Ver\u00e4nderung und Weiterentwicklung steckt nicht in den Defiziten, sondern in den pers\u00f6nlichen Ressourcen.<\/p>\t\t\t\t\t\t\t\t<\/div>\n\t\t\t\t<\/div>\n\t\t\t\t<\/div>\n\t\t\t\t\t<\/details>\n\t\t\t\t\t\t<details id=\"e-n-accordion-item-3881\" class=\"e-n-accordion-item\" >\n\t\t\t\t<summary class=\"e-n-accordion-item-title\" data-accordion-index=\"2\" tabindex=\"-1\" aria-expanded=\"false\" aria-controls=\"e-n-accordion-item-3881\" >\n\t\t\t\t\t<span class='e-n-accordion-item-title-header'><div class=\"e-n-accordion-item-title-text\"> Zielsetzung <\/div><\/span>\n\t\t\t\t\t\t\t<span class='e-n-accordion-item-title-icon'>\n\t\t\t<span class='e-opened' ><svg aria-hidden=\"true\" class=\"e-font-icon-svg e-fas-chevron-up\" viewBox=\"0 0 448 512\" xmlns=\"http:\/\/www.w3.org\/2000\/svg\"><path d=\"M240.971 130.524l194.343 194.343c9.373 9.373 9.373 24.569 0 33.941l-22.667 22.667c-9.357 9.357-24.522 9.375-33.901.04L224 227.495 69.255 381.516c-9.379 9.335-24.544 9.317-33.901-.04l-22.667-22.667c-9.373-9.373-9.373-24.569 0-33.941L207.03 130.525c9.372-9.373 24.568-9.373 33.941-.001z\"><\/path><\/svg><\/span>\n\t\t\t<span class='e-closed'><svg aria-hidden=\"true\" class=\"e-font-icon-svg e-fas-chevron-down\" viewBox=\"0 0 448 512\" xmlns=\"http:\/\/www.w3.org\/2000\/svg\"><path d=\"M207.029 381.476L12.686 187.132c-9.373-9.373-9.373-24.569 0-33.941l22.667-22.667c9.357-9.357 24.522-9.375 33.901-.04L224 284.505l154.745-154.021c9.379-9.335 24.544-9.317 33.901.04l22.667 22.667c9.373 9.373 9.373 24.569 0 33.941L240.971 381.476c-9.373 9.372-24.569 9.372-33.942 0z\"><\/path><\/svg><\/span>\n\t\t<\/span>\n\n\t\t\t\t\t\t<\/summary>\n\t\t\t\t<div role=\"region\" aria-labelledby=\"e-n-accordion-item-3881\" class=\"elementor-element elementor-element-c312091 e-con-full e-flex e-con e-child\" data-id=\"c312091\" data-element_type=\"container\" data-e-type=\"container\">\n\t\t\t\t<div class=\"elementor-element elementor-element-00b4ab9 elementor-widget__width-initial elementor-widget elementor-widget-text-editor\" data-id=\"00b4ab9\" data-element_type=\"widget\" data-e-type=\"widget\" data-widget_type=\"text-editor.default\">\n\t\t\t\t<div class=\"elementor-widget-container\">\n\t\t\t\t\t\t\t\t\t<p>Ziel unseres \u00fcberschaubaren, familien\u00e4hnlichen Wohnheims ist, den Bewohner*innen ein Leben zu erm\u00f6glichen, das sich vom \u00fcblichen Gesellschaftsleben so wenig wie m\u00f6glich unterscheidet und das so nahe wie m\u00f6glich an der \u00abNormalit\u00e4t\u00bb liegt. Die Prinzipien der milieutherapeutischen Arbeit dienen uns als Grundlage.<\/p><p>Wir begleiten, unterst\u00fctzen und f\u00f6rdern die Bewohner*innen mit fachlicher und menschlicher Kompetenz. Die Wohn- und Arbeitsform wird an die F\u00e4higkeiten und M\u00f6glichkeiten der Bewohner*innen angepasst. Sie lernen f\u00fcr ihre Belange, (wieder) Verantwortung zu \u00fcbernehmen. Sie sind \u00abTeil eines Ganzen\u00bb und kennen das Gef\u00fchl, gebraucht zu werden.<\/p><p>Auf die Erhaltung und F\u00f6rderung von Gesundheit und Kompetenzen legen wir grossen Wert. Unsere Ziele erreichen wir durch den Normalisierungseffekt: durch das Zusammenleben in einer wertsch\u00e4tzenden Atmosph\u00e4re und die strukturierte, routinem\u00e4ssige Verrichtung allt\u00e4glicher Arbeiten.<\/p><p>Angebote wie die Bezugspersonenarbeit, Bewegung oder externe individuelle Therapiesequenzen werden eingesetzt und genutzt.<\/p><p>Der Beziehungsaufbau und der Erhalt von kontinuierlichen, langdauernden Beziehungen werden durch die Mitarbeitenden unterst\u00fctzt. Die verschiedenen Beziehungsnetze (Bewohner*innen, Verwandte, Nachbarschaft, Freunde, Bekannte) vermitteln Geborgenheit und f\u00f6rdern die Mitverantwortung f\u00fcr das Gemeinschaftsleben.<\/p>\t\t\t\t\t\t\t\t<\/div>\n\t\t\t\t<\/div>\n\t\t\t\t<\/div>\n\t\t\t\t\t<\/details>\n\t\t\t\t\t<\/div>\n\t\t\t\t\t\t<\/div>\n\t\t\t\t<\/div>\n\t\t\t\t<\/div>\n\t\t\t\t\t<\/div>\n\t\t\t\t<\/div>\n\t\t<div class=\"elementor-element elementor-element-8631146 elementor-hidden-desktop elementor-hidden-tablet elementor-hidden-mobile e-flex e-con-boxed e-con e-parent\" data-id=\"8631146\" data-element_type=\"container\" data-e-type=\"container\" data-settings=\"{&quot;background_background&quot;:&quot;classic&quot;}\">\n\t\t\t\t\t<div class=\"e-con-inner\">\n\t\t<div class=\"elementor-element elementor-element-2b2db80 e-con-full e-flex e-con e-child\" data-id=\"2b2db80\" data-element_type=\"container\" data-e-type=\"container\">\n\t\t\t\t<div class=\"elementor-element elementor-element-aedec00 elementor-widget__width-initial elementor-arrows-position-inside elementor-widget elementor-widget-image-carousel\" data-id=\"aedec00\" data-element_type=\"widget\" data-e-type=\"widget\" data-settings=\"{&quot;slides_to_show&quot;:&quot;1&quot;,&quot;pause_on_hover&quot;:&quot;no&quot;,&quot;pause_on_interaction&quot;:&quot;no&quot;,&quot;navigation&quot;:&quot;arrows&quot;,&quot;autoplay_speed&quot;:5500,&quot;autoplay&quot;:&quot;yes&quot;,&quot;infinite&quot;:&quot;yes&quot;,&quot;effect&quot;:&quot;slide&quot;,&quot;speed&quot;:500}\" data-widget_type=\"image-carousel.default\">\n\t\t\t\t<div class=\"elementor-widget-container\">\n\t\t\t\t\t\t\t<div class=\"elementor-image-carousel-wrapper swiper\" role=\"region\" aria-roledescription=\"carousel\" aria-label=\"Bild Karussell\" dir=\"ltr\">\n\t\t\t<div class=\"elementor-image-carousel swiper-wrapper\" aria-live=\"off\">\n\t\t\t\t\t\t\t\t<div class=\"swiper-slide\" role=\"group\" aria-roledescription=\"slide\" aria-label=\"1 von 5\"><figure class=\"swiper-slide-inner\"><img decoding=\"async\" class=\"swiper-slide-image\" src=\"https:\/\/wohnheim-bueche.ch\/wordpress\/wp-content\/uploads\/elementor\/thumbs\/RZU-3025-r62sl2cjgxiezi91kl5gzo72tshytiy2uc13fzf8sg.jpg\" alt=\"Wohnheim Bueche Gemeinschafts Aktivierung\" \/><\/figure><\/div><div class=\"swiper-slide\" role=\"group\" aria-roledescription=\"slide\" aria-label=\"2 von 5\"><figure class=\"swiper-slide-inner\"><img decoding=\"async\" class=\"swiper-slide-image\" src=\"https:\/\/wohnheim-bueche.ch\/wordpress\/wp-content\/uploads\/elementor\/thumbs\/RZU-3037-r62skwpibxap1uh8hippkpmb9h9rjcbotk46kbnlts.jpg\" alt=\"Wohnheim Bueche Gemeinschafts Aktivierung\" \/><\/figure><\/div><div class=\"swiper-slide\" role=\"group\" aria-roledescription=\"slide\" aria-label=\"3 von 5\"><figure class=\"swiper-slide-inner\"><img decoding=\"async\" class=\"swiper-slide-image\" src=\"https:\/\/wohnheim-bueche.ch\/wordpress\/wp-content\/uploads\/elementor\/thumbs\/RZU-3175-scaled-r62skdwqj8kyln8jjal66ud3druf9e922z2gysfha8.jpg\" alt=\"Wohnheim Bueche Gemeinschafts Aktivierung\" \/><\/figure><\/div><div class=\"swiper-slide\" role=\"group\" aria-roledescription=\"slide\" aria-label=\"4 von 5\"><figure class=\"swiper-slide-inner\"><img decoding=\"async\" class=\"swiper-slide-image\" src=\"https:\/\/wohnheim-bueche.ch\/wordpress\/wp-content\/uploads\/elementor\/thumbs\/RZU-3963-r62sk89pe8d8nzgqg85ervsbtgm7z7mo275k34nubk.jpg\" alt=\"Wohnheim Bueche\" \/><\/figure><\/div><div class=\"swiper-slide\" role=\"group\" aria-roledescription=\"slide\" aria-label=\"5 von 5\"><figure class=\"swiper-slide-inner\"><img decoding=\"async\" class=\"swiper-slide-image\" src=\"https:\/\/wohnheim-bueche.ch\/wordpress\/wp-content\/uploads\/elementor\/thumbs\/RZU-8436-r62sk1ou2e48epqainb0sfg3nrinhbwjpal5q6xlj4.jpg\" alt=\"Wohnheim Bueche und Werkst\u00e4tte\" \/><\/figure><\/div>\t\t\t<\/div>\n\t\t\t\t\t\t\t\t\t\t\t\t<div class=\"elementor-swiper-button elementor-swiper-button-prev\" role=\"button\" tabindex=\"0\">\n\t\t\t\t\t\t<svg aria-hidden=\"true\" class=\"e-font-icon-svg e-eicon-chevron-left\" viewBox=\"0 0 1000 1000\" xmlns=\"http:\/\/www.w3.org\/2000\/svg\"><path d=\"M646 125C629 125 613 133 604 142L308 442C296 454 292 471 292 487 292 504 296 521 308 533L604 854C617 867 629 875 646 875 663 875 679 871 692 858 704 846 713 829 713 812 713 796 708 779 692 767L438 487 692 225C700 217 708 204 708 187 708 171 704 154 692 142 675 129 663 125 646 125Z\"><\/path><\/svg>\t\t\t\t\t<\/div>\n\t\t\t\t\t<div class=\"elementor-swiper-button elementor-swiper-button-next\" role=\"button\" tabindex=\"0\">\n\t\t\t\t\t\t<svg aria-hidden=\"true\" class=\"e-font-icon-svg e-eicon-chevron-right\" viewBox=\"0 0 1000 1000\" xmlns=\"http:\/\/www.w3.org\/2000\/svg\"><path d=\"M696 533C708 521 713 504 713 487 713 471 708 454 696 446L400 146C388 133 375 125 354 125 338 125 325 129 313 142 300 154 292 171 292 187 292 204 296 221 308 233L563 492 304 771C292 783 288 800 288 817 288 833 296 850 308 863 321 871 338 875 354 875 371 875 388 867 400 854L696 533Z\"><\/path><\/svg>\t\t\t\t\t<\/div>\n\t\t\t\t\n\t\t\t\t\t\t\t\t\t<\/div>\n\t\t\t\t\t\t<\/div>\n\t\t\t\t<\/div>\n\t\t\t\t<\/div>\n\t\t<div class=\"elementor-element elementor-element-ddc15ab e-con-full e-flex e-con e-child\" data-id=\"ddc15ab\" data-element_type=\"container\" data-e-type=\"container\">\n\t\t\t\t<div class=\"elementor-element elementor-element-f4f8110 elementor-widget elementor-widget-heading\" data-id=\"f4f8110\" data-element_type=\"widget\" data-e-type=\"widget\" data-widget_type=\"heading.default\">\n\t\t\t\t<div class=\"elementor-widget-container\">\n\t\t\t\t\t<h2 class=\"elementor-heading-title elementor-size-default\">Unsere Philosophie<\/h2>\t\t\t\t<\/div>\n\t\t\t\t<\/div>\n\t\t\t\t<div class=\"elementor-element elementor-element-42da48d e-n-tabs-mobile elementor-widget elementor-widget-n-tabs\" data-id=\"42da48d\" data-element_type=\"widget\" data-e-type=\"widget\" data-settings=\"{&quot;tabs_justify_horizontal&quot;:&quot;stretch&quot;,&quot;horizontal_scroll&quot;:&quot;disable&quot;}\" data-widget_type=\"nested-tabs.default\">\n\t\t\t\t<div class=\"elementor-widget-container\">\n\t\t\t\t\t\t\t<div class=\"e-n-tabs\" data-widget-number=\"70100109\" aria-label=\"Tabs. Open items with Enter or Space, close with Escape and navigate using the Arrow keys.\">\n\t\t\t<div class=\"e-n-tabs-heading\" role=\"tablist\">\n\t\t\t\t\t<button id=\"e-n-tab-title-701001091\" data-tab-title-id=\"e-n-tab-title-701001091\" class=\"e-n-tab-title\" aria-selected=\"true\" data-tab-index=\"1\" role=\"tab\" tabindex=\"0\" aria-controls=\"e-n-tab-content-701001091\" style=\"--n-tabs-title-order: 1;\">\n\t\t\t\t\t\t<span class=\"e-n-tab-title-text\">\n\t\t\t\tGrundhaltung\t\t\t<\/span>\n\t\t<\/button>\n\t\t\t\t<button id=\"e-n-tab-title-701001092\" data-tab-title-id=\"e-n-tab-title-701001092\" class=\"e-n-tab-title\" aria-selected=\"false\" data-tab-index=\"2\" role=\"tab\" tabindex=\"-1\" aria-controls=\"e-n-tab-content-701001092\" style=\"--n-tabs-title-order: 2;\">\n\t\t\t\t\t\t<span class=\"e-n-tab-title-text\">\n\t\t\t\tZielsetzung\t\t\t<\/span>\n\t\t<\/button>\n\t\t\t\t\t<\/div>\n\t\t\t<div class=\"e-n-tabs-content\">\n\t\t\t\t<div id=\"e-n-tab-content-701001091\" role=\"tabpanel\" aria-labelledby=\"e-n-tab-title-701001091\" data-tab-index=\"1\" style=\"--n-tabs-title-order: 1;\" class=\"e-active elementor-element elementor-element-84ee986 e-con-full e-flex e-con e-child\" data-id=\"84ee986\" data-element_type=\"container\" data-e-type=\"container\">\n\t\t\t\t<div class=\"elementor-element elementor-element-19b14fb elementor-widget__width-initial elementor-widget elementor-widget-text-editor\" data-id=\"19b14fb\" data-element_type=\"widget\" data-e-type=\"widget\" data-widget_type=\"text-editor.default\">\n\t\t\t\t<div class=\"elementor-widget-container\">\n\t\t\t\t\t\t\t\t\t<p>Im Zentrum unseres Wirkens steht das humanistische Menschenbild, welches besagt, dass der Mensch danach strebt, sein Leben selbst zu bestimmen. Wir anerkennen die W\u00fcrde jedes einzelnen Menschen, seinen eigenen Willen, das Recht auf pers\u00f6nliche Entfaltung sowie Achtung und Integrit\u00e4t.<\/p><p>F\u00fcr uns bedeutet das Leben Ver\u00e4nderung und Entwicklung. Wir begegnen unseren Bewohner*innen mit Respekt, Interesse, Achtung, Wohlwollen und Anerkennung. Mit unserer personenzentrierten Haltung unterst\u00fctzen wir die Eigenst\u00e4ndigkeit des einzelnen Menschen und akzeptieren seine Eigenheiten. Dabei orientieren wir uns an seinen individuellen F\u00e4higkeiten. Das Potenzial zur Ver\u00e4nderung und Weiterentwicklung steckt nicht in den Defiziten, sondern in den pers\u00f6nlichen Ressourcen.<\/p>\t\t\t\t\t\t\t\t<\/div>\n\t\t\t\t<\/div>\n\t\t\t\t<\/div>\n\t\t<div id=\"e-n-tab-content-701001092\" role=\"tabpanel\" aria-labelledby=\"e-n-tab-title-701001092\" data-tab-index=\"2\" style=\"--n-tabs-title-order: 2;\" class=\" elementor-element elementor-element-fc7a4ac e-con-full e-flex e-con e-child\" data-id=\"fc7a4ac\" data-element_type=\"container\" data-e-type=\"container\">\n\t\t\t\t<div class=\"elementor-element elementor-element-a519388 elementor-widget__width-initial elementor-widget elementor-widget-text-editor\" data-id=\"a519388\" data-element_type=\"widget\" data-e-type=\"widget\" data-widget_type=\"text-editor.default\">\n\t\t\t\t<div class=\"elementor-widget-container\">\n\t\t\t\t\t\t\t\t\t<p>Ziel unseres \u00fcberschaubaren, familien\u00e4hnlichen Wohnheims ist, den Bewohner*innen ein Leben zu erm\u00f6glichen, das sich vom \u00fcblichen Gesellschaftsleben so wenig wie m\u00f6glich unterscheidet und das so nahe wie m\u00f6glich an der \u00abNormalit\u00e4t\u00bb liegt. Die Prinzipien der milieutherapeutischen Arbeit dienen uns als Grundlage.<\/p><p>Wir begleiten, unterst\u00fctzen und f\u00f6rdern die Bewohner*innen mit fachlicher und menschlicher Kompetenz. Die Wohn- und Arbeitsform wird an die F\u00e4higkeiten und M\u00f6glichkeiten der Bewohner*innen angepasst. Sie lernen f\u00fcr ihre Belange, (wieder) Verantwortung zu \u00fcbernehmen. Sie sind \u00abTeil eines Ganzen\u00bb und kennen das Gef\u00fchl, gebraucht zu werden.<\/p><p>Auf die Erhaltung und F\u00f6rderung von Gesundheit und Kompetenzen legen wir grossen Wert. Unsere Ziele erreichen wir durch den Normalisierungseffekt: durch das Zusammenleben in einer wertsch\u00e4tzenden Atmosph\u00e4re und die strukturierte, routinem\u00e4ssige Verrichtung allt\u00e4glicher Arbeiten.<\/p><p>Aber auch therapeutische Angebote wie die Bezugspersonenarbeit, Bewegung oder individuelle Therapiesequenzen werden eingesetzt und genutzt.<\/p><p>Der Beziehungsaufbau und der Erhalt von kontinuierlichen, langdauernden Beziehungen werden durch die Mitarbeitenden unterst\u00fctzt. Die verschiedenen Beziehungsnetze (Bewohner*innen, Verwandte, Nachbarschaft, Freunde, Bekannte) vermitteln Geborgenheit und f\u00f6rdern die Mitverantwortung f\u00fcr das Gemeinschaftsleben.<\/p>\t\t\t\t\t\t\t\t<\/div>\n\t\t\t\t<\/div>\n\t\t\t\t<\/div>\n\t\t\t\t\t<\/div>\n\t\t<\/div>\n\t\t\t\t\t\t<\/div>\n\t\t\t\t<\/div>\n\t\t\t\t<\/div>\n\t\t\t\t\t<\/div>\n\t\t\t\t<\/div>\n\t\t<div class=\"elementor-element elementor-element-8fd31e6 e-flex e-con-boxed e-con e-parent\" data-id=\"8fd31e6\" data-element_type=\"container\" data-e-type=\"container\" id=\"leitbild\" data-settings=\"{&quot;background_background&quot;:&quot;classic&quot;,&quot;shape_divider_bottom&quot;:&quot;curve&quot;}\">\n\t\t\t\t\t<div class=\"e-con-inner\">\n\t\t\t\t<div class=\"elementor-shape elementor-shape-bottom\" aria-hidden=\"true\" data-negative=\"false\">\n\t\t\t<svg xmlns=\"http:\/\/www.w3.org\/2000\/svg\" viewBox=\"0 0 1000 100\" preserveAspectRatio=\"none\">\n    <path class=\"elementor-shape-fill\" d=\"M1000,4.3V0H0v4.3C0.9,23.1,126.7,99.2,500,100S1000,22.7,1000,4.3z\"\/>\n<\/svg>\t\t<\/div>\n\t\t<div class=\"elementor-element elementor-element-cf53a44 e-con-full e-flex e-con e-child\" data-id=\"cf53a44\" data-element_type=\"container\" data-e-type=\"container\" data-settings=\"{&quot;background_background&quot;:&quot;classic&quot;}\">\n\t\t\t\t<div class=\"elementor-element elementor-element-514f442 elementor-widget elementor-widget-heading\" data-id=\"514f442\" data-element_type=\"widget\" data-e-type=\"widget\" data-widget_type=\"heading.default\">\n\t\t\t\t<div class=\"elementor-widget-container\">\n\t\t\t\t\t<h2 class=\"elementor-heading-title elementor-size-default\">Leitbild<\/h2>\t\t\t\t<\/div>\n\t\t\t\t<\/div>\n\t\t\t\t<div class=\"elementor-element elementor-element-45fef7b elementor-widget__width-initial elementor-widget elementor-widget-text-editor\" data-id=\"45fef7b\" data-element_type=\"widget\" data-e-type=\"widget\" data-widget_type=\"text-editor.default\">\n\t\t\t\t<div class=\"elementor-widget-container\">\n\t\t\t\t\t\t\t\t\t<p>Das Wohnheim Bueche ist eine sozialpsychiatrische Kleininstitution.<\/p><p>Wir begleiten und f\u00f6rdern zw\u00f6lf Menschen mit einer psychischen oder psychischen und geistigen Beeintr\u00e4chtigung in einer familien\u00e4hnlichen Gemeinschaft im Wohnen, bei der Arbeit und in der Freizeit.<\/p>\t\t\t\t\t\t\t\t<\/div>\n\t\t\t\t<\/div>\n\t\t\t\t<div class=\"elementor-element elementor-element-8a8b20d elementor-align-start elementor-icon-list--layout-traditional elementor-list-item-link-full_width elementor-widget elementor-widget-icon-list\" data-id=\"8a8b20d\" data-element_type=\"widget\" data-e-type=\"widget\" data-widget_type=\"icon-list.default\">\n\t\t\t\t<div class=\"elementor-widget-container\">\n\t\t\t\t\t\t\t<ul class=\"elementor-icon-list-items\">\n\t\t\t\t\t\t\t<li class=\"elementor-icon-list-item\">\n\t\t\t\t\t\t\t\t\t\t\t<span class=\"elementor-icon-list-icon\">\n\t\t\t\t\t\t\t<svg aria-hidden=\"true\" class=\"e-font-icon-svg e-fas-chevron-right\" viewBox=\"0 0 320 512\" xmlns=\"http:\/\/www.w3.org\/2000\/svg\"><path d=\"M285.476 272.971L91.132 467.314c-9.373 9.373-24.569 9.373-33.941 0l-22.667-22.667c-9.357-9.357-9.375-24.522-.04-33.901L188.505 256 34.484 101.255c-9.335-9.379-9.317-24.544.04-33.901l22.667-22.667c9.373-9.373 24.569-9.373 33.941 0L285.475 239.03c9.373 9.372 9.373 24.568.001 33.941z\"><\/path><\/svg>\t\t\t\t\t\t<\/span>\n\t\t\t\t\t\t\t\t\t\t<span class=\"elementor-icon-list-text\">Wir sind wertsch\u00e4tzend, respektvoll und empathisch.<\/span>\n\t\t\t\t\t\t\t\t\t<\/li>\n\t\t\t\t\t\t\t\t<li class=\"elementor-icon-list-item\">\n\t\t\t\t\t\t\t\t\t\t\t<span class=\"elementor-icon-list-icon\">\n\t\t\t\t\t\t\t<svg aria-hidden=\"true\" class=\"e-font-icon-svg e-fas-chevron-right\" viewBox=\"0 0 320 512\" xmlns=\"http:\/\/www.w3.org\/2000\/svg\"><path d=\"M285.476 272.971L91.132 467.314c-9.373 9.373-24.569 9.373-33.941 0l-22.667-22.667c-9.357-9.357-9.375-24.522-.04-33.901L188.505 256 34.484 101.255c-9.335-9.379-9.317-24.544.04-33.901l22.667-22.667c9.373-9.373 24.569-9.373 33.941 0L285.475 239.03c9.373 9.372 9.373 24.568.001 33.941z\"><\/path><\/svg>\t\t\t\t\t\t<\/span>\n\t\t\t\t\t\t\t\t\t\t<span class=\"elementor-icon-list-text\">Wir sind authentisch, offen und klar.<\/span>\n\t\t\t\t\t\t\t\t\t<\/li>\n\t\t\t\t\t\t\t\t<li class=\"elementor-icon-list-item\">\n\t\t\t\t\t\t\t\t\t\t\t<span class=\"elementor-icon-list-icon\">\n\t\t\t\t\t\t\t<svg aria-hidden=\"true\" class=\"e-font-icon-svg e-fas-chevron-right\" viewBox=\"0 0 320 512\" xmlns=\"http:\/\/www.w3.org\/2000\/svg\"><path d=\"M285.476 272.971L91.132 467.314c-9.373 9.373-24.569 9.373-33.941 0l-22.667-22.667c-9.357-9.357-9.375-24.522-.04-33.901L188.505 256 34.484 101.255c-9.335-9.379-9.317-24.544.04-33.901l22.667-22.667c9.373-9.373 24.569-9.373 33.941 0L285.475 239.03c9.373 9.372 9.373 24.568.001 33.941z\"><\/path><\/svg>\t\t\t\t\t\t<\/span>\n\t\t\t\t\t\t\t\t\t\t<span class=\"elementor-icon-list-text\">Wir achten auf N\u00e4he und Distanz und wahren Privatsph\u00e4ren.<\/span>\n\t\t\t\t\t\t\t\t\t<\/li>\n\t\t\t\t\t\t\t\t<li class=\"elementor-icon-list-item\">\n\t\t\t\t\t\t\t\t\t\t\t<span class=\"elementor-icon-list-icon\">\n\t\t\t\t\t\t\t<svg aria-hidden=\"true\" class=\"e-font-icon-svg e-fas-chevron-right\" viewBox=\"0 0 320 512\" xmlns=\"http:\/\/www.w3.org\/2000\/svg\"><path d=\"M285.476 272.971L91.132 467.314c-9.373 9.373-24.569 9.373-33.941 0l-22.667-22.667c-9.357-9.357-9.375-24.522-.04-33.901L188.505 256 34.484 101.255c-9.335-9.379-9.317-24.544.04-33.901l22.667-22.667c9.373-9.373 24.569-9.373 33.941 0L285.475 239.03c9.373 9.372 9.373 24.568.001 33.941z\"><\/path><\/svg>\t\t\t\t\t\t<\/span>\n\t\t\t\t\t\t\t\t\t\t<span class=\"elementor-icon-list-text\">Wir sind pflichtbewusst, engagiert und flexibel.<\/span>\n\t\t\t\t\t\t\t\t\t<\/li>\n\t\t\t\t\t\t\t\t<li class=\"elementor-icon-list-item\">\n\t\t\t\t\t\t\t\t\t\t\t<span class=\"elementor-icon-list-icon\">\n\t\t\t\t\t\t\t<svg aria-hidden=\"true\" class=\"e-font-icon-svg e-fas-chevron-right\" viewBox=\"0 0 320 512\" xmlns=\"http:\/\/www.w3.org\/2000\/svg\"><path d=\"M285.476 272.971L91.132 467.314c-9.373 9.373-24.569 9.373-33.941 0l-22.667-22.667c-9.357-9.357-9.375-24.522-.04-33.901L188.505 256 34.484 101.255c-9.335-9.379-9.317-24.544.04-33.901l22.667-22.667c9.373-9.373 24.569-9.373 33.941 0L285.475 239.03c9.373 9.372 9.373 24.568.001 33.941z\"><\/path><\/svg>\t\t\t\t\t\t<\/span>\n\t\t\t\t\t\t\t\t\t\t<span class=\"elementor-icon-list-text\">Wir sind konstruktiv, kritikf\u00e4hig und l\u00f6sungsorientiert.<\/span>\n\t\t\t\t\t\t\t\t\t<\/li>\n\t\t\t\t\t\t\t\t<li class=\"elementor-icon-list-item\">\n\t\t\t\t\t\t\t\t\t\t\t<span class=\"elementor-icon-list-icon\">\n\t\t\t\t\t\t\t<svg aria-hidden=\"true\" class=\"e-font-icon-svg e-fas-chevron-right\" viewBox=\"0 0 320 512\" xmlns=\"http:\/\/www.w3.org\/2000\/svg\"><path d=\"M285.476 272.971L91.132 467.314c-9.373 9.373-24.569 9.373-33.941 0l-22.667-22.667c-9.357-9.357-9.375-24.522-.04-33.901L188.505 256 34.484 101.255c-9.335-9.379-9.317-24.544.04-33.901l22.667-22.667c9.373-9.373 24.569-9.373 33.941 0L285.475 239.03c9.373 9.372 9.373 24.568.001 33.941z\"><\/path><\/svg>\t\t\t\t\t\t<\/span>\n\t\t\t\t\t\t\t\t\t\t<span class=\"elementor-icon-list-text\">Wir sind verbindlich und \u00fcbernehmen Verantwortung f\u00fcr unser Handeln.<\/span>\n\t\t\t\t\t\t\t\t\t<\/li>\n\t\t\t\t\t\t\t\t<li class=\"elementor-icon-list-item\">\n\t\t\t\t\t\t\t\t\t\t\t<span class=\"elementor-icon-list-icon\">\n\t\t\t\t\t\t\t<svg aria-hidden=\"true\" class=\"e-font-icon-svg e-fas-chevron-right\" viewBox=\"0 0 320 512\" xmlns=\"http:\/\/www.w3.org\/2000\/svg\"><path d=\"M285.476 272.971L91.132 467.314c-9.373 9.373-24.569 9.373-33.941 0l-22.667-22.667c-9.357-9.357-9.375-24.522-.04-33.901L188.505 256 34.484 101.255c-9.335-9.379-9.317-24.544.04-33.901l22.667-22.667c9.373-9.373 24.569-9.373 33.941 0L285.475 239.03c9.373 9.372 9.373 24.568.001 33.941z\"><\/path><\/svg>\t\t\t\t\t\t<\/span>\n\t\t\t\t\t\t\t\t\t\t<span class=\"elementor-icon-list-text\">Unser Leitsatz ist: \u00abhilf mir es selbst zu tun\u00bb.<\/span>\n\t\t\t\t\t\t\t\t\t<\/li>\n\t\t\t\t\t\t<\/ul>\n\t\t\t\t\t\t<\/div>\n\t\t\t\t<\/div>\n\t\t\t\t<div class=\"elementor-element elementor-element-d8573b2 elementor-widget__width-initial elementor-widget elementor-widget-text-editor\" data-id=\"d8573b2\" data-element_type=\"widget\" data-e-type=\"widget\" data-widget_type=\"text-editor.default\">\n\t\t\t\t<div class=\"elementor-widget-container\">\n\t\t\t\t\t\t\t\t\t<p>Unser Leitbild ist dynamisch und wird laufend weiterentwickelt.<\/p>\t\t\t\t\t\t\t\t<\/div>\n\t\t\t\t<\/div>\n\t\t\t\t<\/div>\n\t\t<div class=\"elementor-element elementor-element-650f56e e-con-full e-flex e-con e-child\" data-id=\"650f56e\" data-element_type=\"container\" data-e-type=\"container\">\n\t\t\t\t<div class=\"elementor-element elementor-element-4bea9a3 elementor-widget__width-initial elementor-arrows-position-inside elementor-widget elementor-widget-image-carousel\" data-id=\"4bea9a3\" data-element_type=\"widget\" data-e-type=\"widget\" data-settings=\"{&quot;slides_to_show&quot;:&quot;1&quot;,&quot;pause_on_hover&quot;:&quot;no&quot;,&quot;pause_on_interaction&quot;:&quot;no&quot;,&quot;navigation&quot;:&quot;arrows&quot;,&quot;autoplay&quot;:&quot;yes&quot;,&quot;autoplay_speed&quot;:5000,&quot;infinite&quot;:&quot;yes&quot;,&quot;effect&quot;:&quot;slide&quot;,&quot;speed&quot;:500}\" data-widget_type=\"image-carousel.default\">\n\t\t\t\t<div class=\"elementor-widget-container\">\n\t\t\t\t\t\t\t<div class=\"elementor-image-carousel-wrapper swiper\" role=\"region\" aria-roledescription=\"carousel\" aria-label=\"Bild Karussell\" dir=\"ltr\">\n\t\t\t<div class=\"elementor-image-carousel swiper-wrapper\" aria-live=\"off\">\n\t\t\t\t\t\t\t\t<div class=\"swiper-slide\" role=\"group\" aria-roledescription=\"slide\" aria-label=\"1 von 2\"><figure class=\"swiper-slide-inner\"><img decoding=\"async\" class=\"swiper-slide-image\" src=\"https:\/\/wohnheim-bueche.ch\/wordpress\/wp-content\/uploads\/elementor\/thumbs\/RZU-8448bearb-r62qvmmarreq51hpbj4biobh25bapq1o28zl7wilhc.jpg\" alt=\"RZU-8448bearb\" \/><\/figure><\/div><div class=\"swiper-slide\" role=\"group\" aria-roledescription=\"slide\" aria-label=\"2 von 2\"><figure class=\"swiper-slide-inner\"><img decoding=\"async\" class=\"swiper-slide-image\" src=\"https:\/\/wohnheim-bueche.ch\/wordpress\/wp-content\/uploads\/elementor\/thumbs\/RZU-8517bearb-r62qviuy0f9kuln5xhht8p9molttuxmqpqdnaso668.jpg\" alt=\"Dekorative Kugeln\" \/><\/figure><\/div>\t\t\t<\/div>\n\t\t\t\t\t\t\t\t\t\t\t\t<div class=\"elementor-swiper-button elementor-swiper-button-prev\" role=\"button\" tabindex=\"0\">\n\t\t\t\t\t\t<svg aria-hidden=\"true\" class=\"e-font-icon-svg e-eicon-chevron-left\" viewBox=\"0 0 1000 1000\" xmlns=\"http:\/\/www.w3.org\/2000\/svg\"><path d=\"M646 125C629 125 613 133 604 142L308 442C296 454 292 471 292 487 292 504 296 521 308 533L604 854C617 867 629 875 646 875 663 875 679 871 692 858 704 846 713 829 713 812 713 796 708 779 692 767L438 487 692 225C700 217 708 204 708 187 708 171 704 154 692 142 675 129 663 125 646 125Z\"><\/path><\/svg>\t\t\t\t\t<\/div>\n\t\t\t\t\t<div class=\"elementor-swiper-button elementor-swiper-button-next\" role=\"button\" tabindex=\"0\">\n\t\t\t\t\t\t<svg aria-hidden=\"true\" class=\"e-font-icon-svg e-eicon-chevron-right\" viewBox=\"0 0 1000 1000\" xmlns=\"http:\/\/www.w3.org\/2000\/svg\"><path d=\"M696 533C708 521 713 504 713 487 713 471 708 454 696 446L400 146C388 133 375 125 354 125 338 125 325 129 313 142 300 154 292 171 292 187 292 204 296 221 308 233L563 492 304 771C292 783 288 800 288 817 288 833 296 850 308 863 321 871 338 875 354 875 371 875 388 867 400 854L696 533Z\"><\/path><\/svg>\t\t\t\t\t<\/div>\n\t\t\t\t\n\t\t\t\t\t\t\t\t\t<\/div>\n\t\t\t\t\t\t<\/div>\n\t\t\t\t<\/div>\n\t\t\t\t<\/div>\n\t\t\t\t\t<\/div>\n\t\t\t\t<\/div>\n\t\t<div class=\"elementor-element elementor-element-4331ace elementor-hidden-desktop elementor-hidden-tablet elementor-hidden-mobile e-flex e-con-boxed e-con e-parent\" data-id=\"4331ace\" data-element_type=\"container\" data-e-type=\"container\" id=\"team\">\n\t\t\t\t\t<div class=\"e-con-inner\">\n\t\t\t\t<div class=\"elementor-element elementor-element-69cc64c elementor-widget elementor-widget-heading\" data-id=\"69cc64c\" data-element_type=\"widget\" data-e-type=\"widget\" data-widget_type=\"heading.default\">\n\t\t\t\t<div class=\"elementor-widget-container\">\n\t\t\t\t\t<h2 class=\"elementor-heading-title elementor-size-default\">Unser Team<\/h2>\t\t\t\t<\/div>\n\t\t\t\t<\/div>\n\t\t\t\t<div class=\"elementor-element elementor-element-a7ed355 elementor-widget-divider--view-line elementor-widget elementor-widget-divider\" data-id=\"a7ed355\" data-element_type=\"widget\" data-e-type=\"widget\" data-widget_type=\"divider.default\">\n\t\t\t\t<div class=\"elementor-widget-container\">\n\t\t\t\t\t\t\t<div class=\"elementor-divider\">\n\t\t\t<span class=\"elementor-divider-separator\">\n\t\t\t\t\t\t<\/span>\n\t\t<\/div>\n\t\t\t\t\t\t<\/div>\n\t\t\t\t<\/div>\n\t\t\t\t<div class=\"elementor-element elementor-element-bb7110b elementor-widget elementor-widget-heading\" data-id=\"bb7110b\" data-element_type=\"widget\" data-e-type=\"widget\" data-widget_type=\"heading.default\">\n\t\t\t\t<div class=\"elementor-widget-container\">\n\t\t\t\t\t<h2 class=\"elementor-heading-title elementor-size-default\">Wohnheim<\/h2>\t\t\t\t<\/div>\n\t\t\t\t<\/div>\n\t\t<div class=\"elementor-element elementor-element-793c47e e-con-full e-flex e-con e-child\" data-id=\"793c47e\" data-element_type=\"container\" data-e-type=\"container\">\n\t\t<div class=\"elementor-element elementor-element-bba39ef e-con-full e-flex e-con e-child\" data-id=\"bba39ef\" data-element_type=\"container\" data-e-type=\"container\">\n\t\t\t\t<div class=\"elementor-element elementor-element-c035440 elementor-widget elementor-widget-image\" data-id=\"c035440\" data-element_type=\"widget\" data-e-type=\"widget\" data-widget_type=\"image.default\">\n\t\t\t\t<div class=\"elementor-widget-container\">\n\t\t\t\t\t\t\t\t\t\t\t\t\t\t\t<img fetchpriority=\"high\" decoding=\"async\" width=\"439\" height=\"586\" src=\"https:\/\/wohnheim-bueche.ch\/wordpress\/wp-content\/uploads\/2025\/05\/Rosmarie_Ammann.jpg\" class=\"attachment-large size-large wp-image-3972\" alt=\"Portr\u00e4tfoto Rosmarie Ammann\" srcset=\"https:\/\/wohnheim-bueche.ch\/wordpress\/wp-content\/uploads\/2025\/05\/Rosmarie_Ammann.jpg 439w, https:\/\/wohnheim-bueche.ch\/wordpress\/wp-content\/uploads\/2025\/05\/Rosmarie_Ammann-225x300.jpg 225w\" sizes=\"(max-width: 439px) 100vw, 439px\" \/>\t\t\t\t\t\t\t\t\t\t\t\t\t\t\t<\/div>\n\t\t\t\t<\/div>\n\t\t<div class=\"elementor-element elementor-element-ed35e12 e-con-full e-flex e-con e-child\" data-id=\"ed35e12\" data-element_type=\"container\" data-e-type=\"container\">\n\t\t\t\t<div class=\"elementor-element elementor-element-bd3f112 elementor-widget elementor-widget-heading\" data-id=\"bd3f112\" data-element_type=\"widget\" data-e-type=\"widget\" data-widget_type=\"heading.default\">\n\t\t\t\t<div class=\"elementor-widget-container\">\n\t\t\t\t\t<h3 class=\"elementor-heading-title elementor-size-default\">Rosmarie Ammann<\/h3>\t\t\t\t<\/div>\n\t\t\t\t<\/div>\n\t\t\t\t<div class=\"elementor-element elementor-element-fd22d75 elementor-widget__width-initial elementor-widget elementor-widget-text-editor\" data-id=\"fd22d75\" data-element_type=\"widget\" data-e-type=\"widget\" data-widget_type=\"text-editor.default\">\n\t\t\t\t<div class=\"elementor-widget-container\">\n\t\t\t\t\t\t\t\t\t<p>Institutionsleitung<\/p>\t\t\t\t\t\t\t\t<\/div>\n\t\t\t\t<\/div>\n\t\t\t\t<\/div>\n\t\t\t\t<\/div>\n\t\t<div class=\"elementor-element elementor-element-75fc317 e-con-full e-flex e-con e-child\" data-id=\"75fc317\" data-element_type=\"container\" data-e-type=\"container\">\n\t\t\t\t<div class=\"elementor-element elementor-element-7187b23 elementor-widget elementor-widget-image\" data-id=\"7187b23\" data-element_type=\"widget\" data-e-type=\"widget\" data-widget_type=\"image.default\">\n\t\t\t\t<div class=\"elementor-widget-container\">\n\t\t\t\t\t\t\t\t\t\t\t\t\t\t\t<img decoding=\"async\" width=\"435\" height=\"580\" src=\"https:\/\/wohnheim-bueche.ch\/wordpress\/wp-content\/uploads\/2025\/03\/Johanna-Mueller.jpg\" class=\"attachment-large size-large wp-image-2920\" alt=\"Portr\u00e4tfoto Johanna M\u00fcller\" srcset=\"https:\/\/wohnheim-bueche.ch\/wordpress\/wp-content\/uploads\/2025\/03\/Johanna-Mueller.jpg 435w, https:\/\/wohnheim-bueche.ch\/wordpress\/wp-content\/uploads\/2025\/03\/Johanna-Mueller-225x300.jpg 225w\" sizes=\"(max-width: 435px) 100vw, 435px\" \/>\t\t\t\t\t\t\t\t\t\t\t\t\t\t\t<\/div>\n\t\t\t\t<\/div>\n\t\t<div class=\"elementor-element elementor-element-0a9e317 e-con-full e-flex e-con e-child\" data-id=\"0a9e317\" data-element_type=\"container\" data-e-type=\"container\">\n\t\t\t\t<div class=\"elementor-element elementor-element-116c84d elementor-widget elementor-widget-heading\" data-id=\"116c84d\" data-element_type=\"widget\" data-e-type=\"widget\" data-widget_type=\"heading.default\">\n\t\t\t\t<div class=\"elementor-widget-container\">\n\t\t\t\t\t<h3 class=\"elementor-heading-title elementor-size-default\">Johanna M\u00fcller<\/h3>\t\t\t\t<\/div>\n\t\t\t\t<\/div>\n\t\t\t\t<div class=\"elementor-element elementor-element-53af069 elementor-widget__width-initial elementor-widget elementor-widget-text-editor\" data-id=\"53af069\" data-element_type=\"widget\" data-e-type=\"widget\" data-widget_type=\"text-editor.default\">\n\t\t\t\t<div class=\"elementor-widget-container\">\n\t\t\t\t\t\t\t\t\t<p>Leitung Administration<\/p>\t\t\t\t\t\t\t\t<\/div>\n\t\t\t\t<\/div>\n\t\t\t\t<\/div>\n\t\t\t\t<\/div>\n\t\t<div class=\"elementor-element elementor-element-d085dc4 e-con-full e-flex e-con e-child\" data-id=\"d085dc4\" data-element_type=\"container\" data-e-type=\"container\">\n\t\t<div class=\"elementor-element elementor-element-4b1e234 e-con-full e-flex e-con e-child\" data-id=\"4b1e234\" data-element_type=\"container\" data-e-type=\"container\">\n\t\t\t\t<div class=\"elementor-element elementor-element-e0a1e0f elementor-widget__width-initial elementor-widget elementor-widget-text-editor\" data-id=\"e0a1e0f\" data-element_type=\"widget\" data-e-type=\"widget\" data-widget_type=\"text-editor.default\">\n\t\t\t\t<div class=\"elementor-widget-container\">\n\t\t\t\t\t\t\t\t\t<p>Das Team Wohnheim, bestehend aus rund 10 Personen, setzt sich nebst ausgebildetem p\u00e4dagogischem und medizinischem Fachpersonal, bewusst aus diversen Berufsgruppen zusammen. Die Stellen sind in Voll- und Teilzeitstellen besetzt.<\/p>\t\t\t\t\t\t\t\t<\/div>\n\t\t\t\t<\/div>\n\t\t\t\t<\/div>\n\t\t\t\t<\/div>\n\t\t\t\t<\/div>\n\t\t\t\t<div class=\"elementor-element elementor-element-9b0d6fb elementor-widget-divider--view-line elementor-widget elementor-widget-divider\" data-id=\"9b0d6fb\" data-element_type=\"widget\" data-e-type=\"widget\" data-widget_type=\"divider.default\">\n\t\t\t\t<div class=\"elementor-widget-container\">\n\t\t\t\t\t\t\t<div class=\"elementor-divider\">\n\t\t\t<span class=\"elementor-divider-separator\">\n\t\t\t\t\t\t<\/span>\n\t\t<\/div>\n\t\t\t\t\t\t<\/div>\n\t\t\t\t<\/div>\n\t\t\t\t<div class=\"elementor-element elementor-element-7a265ee elementor-widget elementor-widget-heading\" data-id=\"7a265ee\" data-element_type=\"widget\" data-e-type=\"widget\" id=\"team-tagesstaette\" data-widget_type=\"heading.default\">\n\t\t\t\t<div class=\"elementor-widget-container\">\n\t\t\t\t\t<h2 class=\"elementor-heading-title elementor-size-default\">Tagesst\u00e4tte<\/h2>\t\t\t\t<\/div>\n\t\t\t\t<\/div>\n\t\t<div class=\"elementor-element elementor-element-7780c4b e-con-full e-flex e-con e-child\" data-id=\"7780c4b\" data-element_type=\"container\" data-e-type=\"container\">\n\t\t<div class=\"elementor-element elementor-element-390f145 e-con-full e-flex e-con e-child\" data-id=\"390f145\" data-element_type=\"container\" data-e-type=\"container\">\n\t\t\t\t<div class=\"elementor-element elementor-element-18f3c6c elementor-widget elementor-widget-image\" data-id=\"18f3c6c\" data-element_type=\"widget\" data-e-type=\"widget\" data-widget_type=\"image.default\">\n\t\t\t\t<div class=\"elementor-widget-container\">\n\t\t\t\t\t\t\t\t\t\t\t\t\t\t\t<img decoding=\"async\" width=\"439\" height=\"586\" src=\"https:\/\/wohnheim-bueche.ch\/wordpress\/wp-content\/uploads\/2025\/03\/Karin-Duppenthaler.jpg\" class=\"attachment-large size-large wp-image-2906\" alt=\"Portr\u00e4tfoto Karin Duppenthaler\" srcset=\"https:\/\/wohnheim-bueche.ch\/wordpress\/wp-content\/uploads\/2025\/03\/Karin-Duppenthaler.jpg 439w, https:\/\/wohnheim-bueche.ch\/wordpress\/wp-content\/uploads\/2025\/03\/Karin-Duppenthaler-225x300.jpg 225w\" sizes=\"(max-width: 439px) 100vw, 439px\" \/>\t\t\t\t\t\t\t\t\t\t\t\t\t\t\t<\/div>\n\t\t\t\t<\/div>\n\t\t<div class=\"elementor-element elementor-element-675dfa8 e-con-full e-flex e-con e-child\" data-id=\"675dfa8\" data-element_type=\"container\" data-e-type=\"container\">\n\t\t\t\t<div class=\"elementor-element elementor-element-b3624b9 elementor-widget elementor-widget-heading\" data-id=\"b3624b9\" data-element_type=\"widget\" data-e-type=\"widget\" data-widget_type=\"heading.default\">\n\t\t\t\t<div class=\"elementor-widget-container\">\n\t\t\t\t\t<h3 class=\"elementor-heading-title elementor-size-default\">Karin Duppenthaler<\/h3>\t\t\t\t<\/div>\n\t\t\t\t<\/div>\n\t\t\t\t<div class=\"elementor-element elementor-element-7eb9eb5 elementor-widget__width-initial elementor-widget elementor-widget-text-editor\" data-id=\"7eb9eb5\" data-element_type=\"widget\" data-e-type=\"widget\" data-widget_type=\"text-editor.default\">\n\t\t\t\t<div class=\"elementor-widget-container\">\n\t\t\t\t\t\t\t\t\t<p>Co-Leitung Atelier<\/p>\t\t\t\t\t\t\t\t<\/div>\n\t\t\t\t<\/div>\n\t\t\t\t<\/div>\n\t\t\t\t<\/div>\n\t\t<div class=\"elementor-element elementor-element-85f2838 e-con-full e-flex e-con e-child\" data-id=\"85f2838\" data-element_type=\"container\" data-e-type=\"container\">\n\t\t\t\t<div class=\"elementor-element elementor-element-4a49f46 elementor-widget elementor-widget-image\" data-id=\"4a49f46\" data-element_type=\"widget\" data-e-type=\"widget\" data-widget_type=\"image.default\">\n\t\t\t\t<div class=\"elementor-widget-container\">\n\t\t\t\t\t\t\t\t\t\t\t\t\t\t\t<img decoding=\"async\" width=\"435\" height=\"580\" src=\"https:\/\/wohnheim-bueche.ch\/wordpress\/wp-content\/uploads\/2025\/03\/Johanna-Mueller.jpg\" class=\"attachment-large size-large wp-image-2920\" alt=\"Portr\u00e4tfoto Johanna M\u00fcller\" srcset=\"https:\/\/wohnheim-bueche.ch\/wordpress\/wp-content\/uploads\/2025\/03\/Johanna-Mueller.jpg 435w, https:\/\/wohnheim-bueche.ch\/wordpress\/wp-content\/uploads\/2025\/03\/Johanna-Mueller-225x300.jpg 225w\" sizes=\"(max-width: 435px) 100vw, 435px\" \/>\t\t\t\t\t\t\t\t\t\t\t\t\t\t\t<\/div>\n\t\t\t\t<\/div>\n\t\t<div class=\"elementor-element elementor-element-393f9fe e-con-full e-flex e-con e-child\" data-id=\"393f9fe\" data-element_type=\"container\" data-e-type=\"container\">\n\t\t\t\t<div class=\"elementor-element elementor-element-a016bda elementor-widget elementor-widget-heading\" data-id=\"a016bda\" data-element_type=\"widget\" data-e-type=\"widget\" data-widget_type=\"heading.default\">\n\t\t\t\t<div class=\"elementor-widget-container\">\n\t\t\t\t\t<h3 class=\"elementor-heading-title elementor-size-default\">Johanna M\u00fcller<\/h3>\t\t\t\t<\/div>\n\t\t\t\t<\/div>\n\t\t\t\t<div class=\"elementor-element elementor-element-fc0b24c elementor-widget__width-initial elementor-widget elementor-widget-text-editor\" data-id=\"fc0b24c\" data-element_type=\"widget\" data-e-type=\"widget\" data-widget_type=\"text-editor.default\">\n\t\t\t\t<div class=\"elementor-widget-container\">\n\t\t\t\t\t\t\t\t\t<p>Co-Leitung Atelier<\/p>\t\t\t\t\t\t\t\t<\/div>\n\t\t\t\t<\/div>\n\t\t\t\t<\/div>\n\t\t\t\t<\/div>\n\t\t<div class=\"elementor-element elementor-element-88794c8 e-con-full e-flex e-con e-child\" data-id=\"88794c8\" data-element_type=\"container\" data-e-type=\"container\">\n\t\t\t\t<div class=\"elementor-element elementor-element-94faa8c elementor-widget elementor-widget-image\" data-id=\"94faa8c\" data-element_type=\"widget\" data-e-type=\"widget\" data-widget_type=\"image.default\">\n\t\t\t\t<div class=\"elementor-widget-container\">\n\t\t\t\t\t\t\t\t\t\t\t\t\t\t\t<img loading=\"lazy\" decoding=\"async\" width=\"439\" height=\"586\" src=\"https:\/\/wohnheim-bueche.ch\/wordpress\/wp-content\/uploads\/2025\/05\/Tobias_Ammann.jpg\" class=\"attachment-large size-large wp-image-3973\" alt=\"Portr\u00e4tfoto Tobias Ammann\" srcset=\"https:\/\/wohnheim-bueche.ch\/wordpress\/wp-content\/uploads\/2025\/05\/Tobias_Ammann.jpg 439w, https:\/\/wohnheim-bueche.ch\/wordpress\/wp-content\/uploads\/2025\/05\/Tobias_Ammann-225x300.jpg 225w\" sizes=\"(max-width: 439px) 100vw, 439px\" \/>\t\t\t\t\t\t\t\t\t\t\t\t\t\t\t<\/div>\n\t\t\t\t<\/div>\n\t\t<div class=\"elementor-element elementor-element-8c994b2 e-con-full e-flex e-con e-child\" data-id=\"8c994b2\" data-element_type=\"container\" data-e-type=\"container\">\n\t\t\t\t<div class=\"elementor-element elementor-element-2ae9ae6 elementor-widget elementor-widget-heading\" data-id=\"2ae9ae6\" data-element_type=\"widget\" data-e-type=\"widget\" data-widget_type=\"heading.default\">\n\t\t\t\t<div class=\"elementor-widget-container\">\n\t\t\t\t\t<h3 class=\"elementor-heading-title elementor-size-default\">Tobias Ammann<\/h3>\t\t\t\t<\/div>\n\t\t\t\t<\/div>\n\t\t\t\t<div class=\"elementor-element elementor-element-cff67ed elementor-widget__width-initial elementor-widget elementor-widget-text-editor\" data-id=\"cff67ed\" data-element_type=\"widget\" data-e-type=\"widget\" data-widget_type=\"text-editor.default\">\n\t\t\t\t<div class=\"elementor-widget-container\">\n\t\t\t\t\t\t\t\t\t<p>Mitarbeiter Werkstatt<\/p>\t\t\t\t\t\t\t\t<\/div>\n\t\t\t\t<\/div>\n\t\t\t\t<\/div>\n\t\t\t\t<\/div>\n\t\t<div class=\"elementor-element elementor-element-e9c82fe e-con-full e-flex e-con e-child\" data-id=\"e9c82fe\" data-element_type=\"container\" data-e-type=\"container\">\n\t\t\t\t<div class=\"elementor-element elementor-element-9068aa1 elementor-widget elementor-widget-image\" data-id=\"9068aa1\" data-element_type=\"widget\" data-e-type=\"widget\" data-widget_type=\"image.default\">\n\t\t\t\t<div class=\"elementor-widget-container\">\n\t\t\t\t\t\t\t\t\t\t\t\t\t\t\t<img loading=\"lazy\" decoding=\"async\" width=\"435\" height=\"580\" src=\"https:\/\/wohnheim-bueche.ch\/wordpress\/wp-content\/uploads\/2025\/03\/Hans-Ammann.jpg\" class=\"attachment-large size-large wp-image-2904\" alt=\"Portr\u00e4tfoto Hans Ammann\" srcset=\"https:\/\/wohnheim-bueche.ch\/wordpress\/wp-content\/uploads\/2025\/03\/Hans-Ammann.jpg 435w, https:\/\/wohnheim-bueche.ch\/wordpress\/wp-content\/uploads\/2025\/03\/Hans-Ammann-225x300.jpg 225w\" sizes=\"(max-width: 435px) 100vw, 435px\" \/>\t\t\t\t\t\t\t\t\t\t\t\t\t\t\t<\/div>\n\t\t\t\t<\/div>\n\t\t<div class=\"elementor-element elementor-element-c55d637 e-con-full e-flex e-con e-child\" data-id=\"c55d637\" data-element_type=\"container\" data-e-type=\"container\">\n\t\t\t\t<div class=\"elementor-element elementor-element-52b5a80 elementor-widget elementor-widget-heading\" data-id=\"52b5a80\" data-element_type=\"widget\" data-e-type=\"widget\" data-widget_type=\"heading.default\">\n\t\t\t\t<div class=\"elementor-widget-container\">\n\t\t\t\t\t<h3 class=\"elementor-heading-title elementor-size-default\">Hans Ammann<\/h3>\t\t\t\t<\/div>\n\t\t\t\t<\/div>\n\t\t\t\t<div class=\"elementor-element elementor-element-412701a elementor-widget__width-initial elementor-widget elementor-widget-text-editor\" data-id=\"412701a\" data-element_type=\"widget\" data-e-type=\"widget\" data-widget_type=\"text-editor.default\">\n\t\t\t\t<div class=\"elementor-widget-container\">\n\t\t\t\t\t\t\t\t\t<p>Aushilfe Werkstatt<\/p>\t\t\t\t\t\t\t\t<\/div>\n\t\t\t\t<\/div>\n\t\t\t\t<\/div>\n\t\t\t\t<\/div>\n\t\t\t\t<\/div>\n\t\t\t\t\t<\/div>\n\t\t\t\t<\/div>\n\t\t<div class=\"elementor-element elementor-element-4814681 e-flex e-con-boxed e-con e-parent\" data-id=\"4814681\" data-element_type=\"container\" data-e-type=\"container\" id=\"mitgliedschaften\" data-settings=\"{&quot;shape_divider_bottom&quot;:&quot;curve&quot;}\">\n\t\t\t\t\t<div class=\"e-con-inner\">\n\t\t\t\t<div class=\"elementor-shape elementor-shape-bottom\" aria-hidden=\"true\" data-negative=\"false\">\n\t\t\t<svg xmlns=\"http:\/\/www.w3.org\/2000\/svg\" viewBox=\"0 0 1000 100\" preserveAspectRatio=\"none\">\n    <path class=\"elementor-shape-fill\" d=\"M1000,4.3V0H0v4.3C0.9,23.1,126.7,99.2,500,100S1000,22.7,1000,4.3z\"\/>\n<\/svg>\t\t<\/div>\n\t\t<div class=\"elementor-element elementor-element-7e4c83d e-con-full e-flex e-con e-child\" data-id=\"7e4c83d\" data-element_type=\"container\" data-e-type=\"container\">\n\t\t\t\t<div class=\"elementor-element elementor-element-8c81797 elementor-widget elementor-widget-heading\" data-id=\"8c81797\" data-element_type=\"widget\" data-e-type=\"widget\" data-widget_type=\"heading.default\">\n\t\t\t\t<div class=\"elementor-widget-container\">\n\t\t\t\t\t<h2 class=\"elementor-heading-title elementor-size-default\">Mitgliedschaften<\/h2>\t\t\t\t<\/div>\n\t\t\t\t<\/div>\n\t\t<div class=\"elementor-element elementor-element-57b9dd6 e-con-full e-flex e-con e-child\" data-id=\"57b9dd6\" data-element_type=\"container\" data-e-type=\"container\">\n\t\t<div class=\"elementor-element elementor-element-e29df19 e-con-full e-flex e-con e-child\" data-id=\"e29df19\" data-element_type=\"container\" data-e-type=\"container\">\n\t\t<div class=\"elementor-element elementor-element-053c014 e-con-full e-flex e-con e-child\" data-id=\"053c014\" data-element_type=\"container\" data-e-type=\"container\">\n\t\t\t\t<div class=\"elementor-element elementor-element-e459450 elementor-widget elementor-widget-heading\" data-id=\"e459450\" data-element_type=\"widget\" data-e-type=\"widget\" data-widget_type=\"heading.default\">\n\t\t\t\t<div class=\"elementor-widget-container\">\n\t\t\t\t\t<h3 class=\"elementor-heading-title elementor-size-default\">Artiset<\/h3>\t\t\t\t<\/div>\n\t\t\t\t<\/div>\n\t\t\t\t<div class=\"elementor-element elementor-element-4330136 elementor-widget__width-initial elementor-widget elementor-widget-text-editor\" data-id=\"4330136\" data-element_type=\"widget\" data-e-type=\"widget\" data-widget_type=\"text-editor.default\">\n\t\t\t\t<div class=\"elementor-widget-container\">\n\t\t\t\t\t\t\t\t\t<p>Die F\u00f6deration der Dienstleister f\u00fcr Menschen mit Unterst\u00fctzungsbedarf, umfasst die drei nationalen Branchenverb\u00e4nde INSOS (Mitgliedschaft), Curvaviva (Mitgliedschaft) und Youvita.<\/p>\t\t\t\t\t\t\t\t<\/div>\n\t\t\t\t<\/div>\n\t\t\t\t<div class=\"elementor-element elementor-element-c36109d elementor-widget elementor-widget-button\" data-id=\"c36109d\" data-element_type=\"widget\" data-e-type=\"widget\" data-widget_type=\"button.default\">\n\t\t\t\t<div class=\"elementor-widget-container\">\n\t\t\t\t\t\t\t\t\t<div class=\"elementor-button-wrapper\">\n\t\t\t\t\t<a class=\"elementor-button elementor-button-link elementor-size-sm\" href=\"https:\/\/www.artiset.ch\/\" target=\"_blank\">\n\t\t\t\t\t\t<span class=\"elementor-button-content-wrapper\">\n\t\t\t\t\t\t<span class=\"elementor-button-icon\">\n\t\t\t\t<svg xmlns=\"http:\/\/www.w3.org\/2000\/svg\" id=\"Ebene_1\" viewBox=\"0 0 24 24\"><path d=\"M19.4,14.6h0c0-.4-.2-.8-.4-1l-6.7-5.9h0c-.3-.3-.9-.3-1.2.2s-.3.9,0,1.2l5.2,4.6h0v.3H6.4c-.5,0-.9.3-.9.9s.3.9.9.9h9.7s.2,0,.2.2v.2l-5.2,4.6h0c-.3.3-.4.9-.2,1.2s.9.4,1.2.2h0l6.8-5.9h0c.3-.3.5-.7.5-1.1h0v-.3h0v-.3Z\"><\/path><\/svg>\t\t\t<\/span>\n\t\t\t\t\t\t\t\t\t<span class=\"elementor-button-text\">www.artiset.ch<\/span>\n\t\t\t\t\t<\/span>\n\t\t\t\t\t<\/a>\n\t\t\t\t<\/div>\n\t\t\t\t\t\t\t\t<\/div>\n\t\t\t\t<\/div>\n\t\t\t\t<\/div>\n\t\t\t\t<\/div>\n\t\t\t\t<\/div>\n\t\t\t\t<div class=\"elementor-element elementor-element-7fef712 elementor-widget-divider--view-line elementor-widget elementor-widget-divider\" data-id=\"7fef712\" data-element_type=\"widget\" data-e-type=\"widget\" data-widget_type=\"divider.default\">\n\t\t\t\t<div class=\"elementor-widget-container\">\n\t\t\t\t\t\t\t<div class=\"elementor-divider\">\n\t\t\t<span class=\"elementor-divider-separator\">\n\t\t\t\t\t\t<\/span>\n\t\t<\/div>\n\t\t\t\t\t\t<\/div>\n\t\t\t\t<\/div>\n\t\t<div class=\"elementor-element elementor-element-cb37e07 e-con-full e-flex e-con e-child\" data-id=\"cb37e07\" data-element_type=\"container\" data-e-type=\"container\">\n\t\t<div class=\"elementor-element elementor-element-2df0bb9 e-con-full e-flex e-con e-child\" data-id=\"2df0bb9\" data-element_type=\"container\" data-e-type=\"container\">\n\t\t<div class=\"elementor-element elementor-element-e81d2e1 e-con-full e-flex e-con e-child\" data-id=\"e81d2e1\" data-element_type=\"container\" data-e-type=\"container\">\n\t\t\t\t<div class=\"elementor-element elementor-element-60adc94 elementor-widget elementor-widget-heading\" data-id=\"60adc94\" data-element_type=\"widget\" data-e-type=\"widget\" data-widget_type=\"heading.default\">\n\t\t\t\t<div class=\"elementor-widget-container\">\n\t\t\t\t\t<h3 class=\"elementor-heading-title elementor-size-default\">SOCIALBERN<\/h3>\t\t\t\t<\/div>\n\t\t\t\t<\/div>\n\t\t\t\t<div class=\"elementor-element elementor-element-332b677 elementor-widget__width-initial elementor-widget elementor-widget-text-editor\" data-id=\"332b677\" data-element_type=\"widget\" data-e-type=\"widget\" data-widget_type=\"text-editor.default\">\n\t\t\t\t<div class=\"elementor-widget-container\">\n\t\t\t\t\t\t\t\t\t<p>Verband sozialer Institutionen Kanton Bern<\/p>\t\t\t\t\t\t\t\t<\/div>\n\t\t\t\t<\/div>\n\t\t\t\t<div class=\"elementor-element elementor-element-ac5090c elementor-widget elementor-widget-button\" data-id=\"ac5090c\" data-element_type=\"widget\" data-e-type=\"widget\" data-widget_type=\"button.default\">\n\t\t\t\t<div class=\"elementor-widget-container\">\n\t\t\t\t\t\t\t\t\t<div class=\"elementor-button-wrapper\">\n\t\t\t\t\t<a class=\"elementor-button elementor-button-link elementor-size-sm\" href=\"https:\/\/www.socialbern.ch\/de\/\" target=\"_blank\">\n\t\t\t\t\t\t<span class=\"elementor-button-content-wrapper\">\n\t\t\t\t\t\t<span class=\"elementor-button-icon\">\n\t\t\t\t<svg xmlns=\"http:\/\/www.w3.org\/2000\/svg\" id=\"Ebene_1\" viewBox=\"0 0 24 24\"><path d=\"M19.4,14.6h0c0-.4-.2-.8-.4-1l-6.7-5.9h0c-.3-.3-.9-.3-1.2.2s-.3.9,0,1.2l5.2,4.6h0v.3H6.4c-.5,0-.9.3-.9.9s.3.9.9.9h9.7s.2,0,.2.2v.2l-5.2,4.6h0c-.3.3-.4.9-.2,1.2s.9.4,1.2.2h0l6.8-5.9h0c.3-.3.5-.7.5-1.1h0v-.3h0v-.3Z\"><\/path><\/svg>\t\t\t<\/span>\n\t\t\t\t\t\t\t\t\t<span class=\"elementor-button-text\">www.socialbern.ch<\/span>\n\t\t\t\t\t<\/span>\n\t\t\t\t\t<\/a>\n\t\t\t\t<\/div>\n\t\t\t\t\t\t\t\t<\/div>\n\t\t\t\t<\/div>\n\t\t\t\t<\/div>\n\t\t\t\t<\/div>\n\t\t\t\t<\/div>\n\t\t\t\t<div class=\"elementor-element elementor-element-c0564b5 elementor-widget-divider--view-line elementor-widget elementor-widget-divider\" data-id=\"c0564b5\" data-element_type=\"widget\" data-e-type=\"widget\" data-widget_type=\"divider.default\">\n\t\t\t\t<div class=\"elementor-widget-container\">\n\t\t\t\t\t\t\t<div class=\"elementor-divider\">\n\t\t\t<span class=\"elementor-divider-separator\">\n\t\t\t\t\t\t<\/span>\n\t\t<\/div>\n\t\t\t\t\t\t<\/div>\n\t\t\t\t<\/div>\n\t\t<div class=\"elementor-element elementor-element-2a33368 e-con-full e-flex e-con e-child\" data-id=\"2a33368\" data-element_type=\"container\" data-e-type=\"container\">\n\t\t<div class=\"elementor-element elementor-element-dea7c05 e-con-full e-flex e-con e-child\" data-id=\"dea7c05\" data-element_type=\"container\" data-e-type=\"container\">\n\t\t<div class=\"elementor-element elementor-element-59baa75 e-con-full e-flex e-con e-child\" data-id=\"59baa75\" data-element_type=\"container\" data-e-type=\"container\">\n\t\t\t\t<div class=\"elementor-element elementor-element-b82f927 elementor-widget elementor-widget-heading\" data-id=\"b82f927\" data-element_type=\"widget\" data-e-type=\"widget\" data-widget_type=\"heading.default\">\n\t\t\t\t<div class=\"elementor-widget-container\">\n\t\t\t\t\t<h3 class=\"elementor-heading-title elementor-size-default\">SBK Bern<\/h3>\t\t\t\t<\/div>\n\t\t\t\t<\/div>\n\t\t\t\t<div class=\"elementor-element elementor-element-be14dab elementor-widget__width-initial elementor-widget elementor-widget-text-editor\" data-id=\"be14dab\" data-element_type=\"widget\" data-e-type=\"widget\" data-widget_type=\"text-editor.default\">\n\t\t\t\t<div class=\"elementor-widget-container\">\n\t\t\t\t\t\t\t\t\t<p>Schweizer Berufsverband f\u00fcr Pflegefachpersonal, Sektion Bern<\/p>\t\t\t\t\t\t\t\t<\/div>\n\t\t\t\t<\/div>\n\t\t\t\t<div class=\"elementor-element elementor-element-b5cb19d elementor-widget elementor-widget-button\" data-id=\"b5cb19d\" data-element_type=\"widget\" data-e-type=\"widget\" data-widget_type=\"button.default\">\n\t\t\t\t<div class=\"elementor-widget-container\">\n\t\t\t\t\t\t\t\t\t<div class=\"elementor-button-wrapper\">\n\t\t\t\t\t<a class=\"elementor-button elementor-button-link elementor-size-sm\" href=\"https:\/\/www.sbk-be.ch\/de\/index.html\" target=\"_blank\">\n\t\t\t\t\t\t<span class=\"elementor-button-content-wrapper\">\n\t\t\t\t\t\t<span class=\"elementor-button-icon\">\n\t\t\t\t<svg xmlns=\"http:\/\/www.w3.org\/2000\/svg\" id=\"Ebene_1\" viewBox=\"0 0 24 24\"><path d=\"M19.4,14.6h0c0-.4-.2-.8-.4-1l-6.7-5.9h0c-.3-.3-.9-.3-1.2.2s-.3.9,0,1.2l5.2,4.6h0v.3H6.4c-.5,0-.9.3-.9.9s.3.9.9.9h9.7s.2,0,.2.2v.2l-5.2,4.6h0c-.3.3-.4.9-.2,1.2s.9.4,1.2.2h0l6.8-5.9h0c.3-.3.5-.7.5-1.1h0v-.3h0v-.3Z\"><\/path><\/svg>\t\t\t<\/span>\n\t\t\t\t\t\t\t\t\t<span class=\"elementor-button-text\">www.sbk-be.ch<\/span>\n\t\t\t\t\t<\/span>\n\t\t\t\t\t<\/a>\n\t\t\t\t<\/div>\n\t\t\t\t\t\t\t\t<\/div>\n\t\t\t\t<\/div>\n\t\t\t\t<\/div>\n\t\t\t\t<\/div>\n\t\t\t\t<\/div>\n\t\t\t\t<div class=\"elementor-element elementor-element-d1a6196 elementor-widget-divider--view-line elementor-widget elementor-widget-divider\" data-id=\"d1a6196\" data-element_type=\"widget\" data-e-type=\"widget\" data-widget_type=\"divider.default\">\n\t\t\t\t<div class=\"elementor-widget-container\">\n\t\t\t\t\t\t\t<div class=\"elementor-divider\">\n\t\t\t<span class=\"elementor-divider-separator\">\n\t\t\t\t\t\t<\/span>\n\t\t<\/div>\n\t\t\t\t\t\t<\/div>\n\t\t\t\t<\/div>\n\t\t\t\t<\/div>\n\t\t\t\t\t<\/div>\n\t\t\t\t<\/div>\n\t\t<div class=\"elementor-element elementor-element-82c98dd e-flex e-con-boxed e-con e-parent\" data-id=\"82c98dd\" data-element_type=\"container\" data-e-type=\"container\" id=\"links\" data-settings=\"{&quot;background_background&quot;:&quot;classic&quot;,&quot;shape_divider_bottom&quot;:&quot;curve&quot;}\">\n\t\t\t\t\t<div class=\"e-con-inner\">\n\t\t\t\t<div class=\"elementor-shape elementor-shape-bottom\" aria-hidden=\"true\" data-negative=\"false\">\n\t\t\t<svg xmlns=\"http:\/\/www.w3.org\/2000\/svg\" viewBox=\"0 0 1000 100\" preserveAspectRatio=\"none\">\n    <path class=\"elementor-shape-fill\" d=\"M1000,4.3V0H0v4.3C0.9,23.1,126.7,99.2,500,100S1000,22.7,1000,4.3z\"\/>\n<\/svg>\t\t<\/div>\n\t\t<div class=\"elementor-element elementor-element-46ce9c0 e-con-full e-flex e-con e-child\" data-id=\"46ce9c0\" data-element_type=\"container\" data-e-type=\"container\">\n\t\t\t\t<div class=\"elementor-element elementor-element-4c80351 elementor-widget elementor-widget-heading\" data-id=\"4c80351\" data-element_type=\"widget\" data-e-type=\"widget\" data-widget_type=\"heading.default\">\n\t\t\t\t<div class=\"elementor-widget-container\">\n\t\t\t\t\t<h2 class=\"elementor-heading-title elementor-size-default\">Links<\/h2>\t\t\t\t<\/div>\n\t\t\t\t<\/div>\n\t\t<div class=\"elementor-element elementor-element-bfdf6de e-con-full e-flex e-con e-child\" data-id=\"bfdf6de\" data-element_type=\"container\" data-e-type=\"container\">\n\t\t<div class=\"elementor-element elementor-element-537f7dc e-con-full e-flex e-con e-child\" data-id=\"537f7dc\" data-element_type=\"container\" data-e-type=\"container\">\n\t\t<div class=\"elementor-element elementor-element-de8c283 e-con-full e-flex e-con e-child\" data-id=\"de8c283\" data-element_type=\"container\" data-e-type=\"container\">\n\t\t<div class=\"elementor-element elementor-element-a19795a e-con-full e-flex e-con e-child\" data-id=\"a19795a\" data-element_type=\"container\" data-e-type=\"container\">\n\t\t\t\t<div class=\"elementor-element elementor-element-dc2aac7 elementor-widget elementor-widget-heading\" data-id=\"dc2aac7\" data-element_type=\"widget\" data-e-type=\"widget\" data-widget_type=\"heading.default\">\n\t\t\t\t<div class=\"elementor-widget-container\">\n\t\t\t\t\t<h3 class=\"elementor-heading-title elementor-size-default\">Gemeinde Utzenstorf<\/h3>\t\t\t\t<\/div>\n\t\t\t\t<\/div>\n\t\t\t\t<\/div>\n\t\t\t\t<div class=\"elementor-element elementor-element-531c2dc elementor-widget elementor-widget-button\" data-id=\"531c2dc\" data-element_type=\"widget\" data-e-type=\"widget\" data-widget_type=\"button.default\">\n\t\t\t\t<div class=\"elementor-widget-container\">\n\t\t\t\t\t\t\t\t\t<div class=\"elementor-button-wrapper\">\n\t\t\t\t\t<a class=\"elementor-button elementor-button-link elementor-size-sm\" href=\"https:\/\/www.utzenstorf.ch\/de\/startseite\/\" target=\"_blank\">\n\t\t\t\t\t\t<span class=\"elementor-button-content-wrapper\">\n\t\t\t\t\t\t<span class=\"elementor-button-icon\">\n\t\t\t\t<svg xmlns=\"http:\/\/www.w3.org\/2000\/svg\" id=\"Ebene_1\" viewBox=\"0 0 24 24\"><path d=\"M19.4,14.6h0c0-.4-.2-.8-.4-1l-6.7-5.9h0c-.3-.3-.9-.3-1.2.2s-.3.9,0,1.2l5.2,4.6h0v.3H6.4c-.5,0-.9.3-.9.9s.3.9.9.9h9.7s.2,0,.2.2v.2l-5.2,4.6h0c-.3.3-.4.9-.2,1.2s.9.4,1.2.2h0l6.8-5.9h0c.3-.3.5-.7.5-1.1h0v-.3h0v-.3Z\"><\/path><\/svg>\t\t\t<\/span>\n\t\t\t\t\t\t\t\t\t<span class=\"elementor-button-text\">www.utzenstorf.ch<\/span>\n\t\t\t\t\t<\/span>\n\t\t\t\t\t<\/a>\n\t\t\t\t<\/div>\n\t\t\t\t\t\t\t\t<\/div>\n\t\t\t\t<\/div>\n\t\t\t\t<\/div>\n\t\t\t\t<div class=\"elementor-element elementor-element-b69d704 elementor-hidden-desktop elementor-hidden-tablet elementor-widget-divider--view-line elementor-widget elementor-widget-divider\" data-id=\"b69d704\" data-element_type=\"widget\" data-e-type=\"widget\" data-widget_type=\"divider.default\">\n\t\t\t\t<div class=\"elementor-widget-container\">\n\t\t\t\t\t\t\t<div class=\"elementor-divider\">\n\t\t\t<span class=\"elementor-divider-separator\">\n\t\t\t\t\t\t<\/span>\n\t\t<\/div>\n\t\t\t\t\t\t<\/div>\n\t\t\t\t<\/div>\n\t\t<div class=\"elementor-element elementor-element-94f9140 e-con-full e-flex e-con e-child\" data-id=\"94f9140\" data-element_type=\"container\" data-e-type=\"container\">\n\t\t<div class=\"elementor-element elementor-element-941a01e e-con-full e-flex e-con e-child\" data-id=\"941a01e\" data-element_type=\"container\" data-e-type=\"container\">\n\t\t\t\t<div class=\"elementor-element elementor-element-d6049da elementor-widget elementor-widget-heading\" data-id=\"d6049da\" data-element_type=\"widget\" data-e-type=\"widget\" data-widget_type=\"heading.default\">\n\t\t\t\t<div class=\"elementor-widget-container\">\n\t\t\t\t\t<h3 class=\"elementor-heading-title elementor-size-default\">Freizeitgruppe Burgdorf<\/h3>\t\t\t\t<\/div>\n\t\t\t\t<\/div>\n\t\t\t\t<div class=\"elementor-element elementor-element-d335d12 elementor-widget__width-initial elementor-widget elementor-widget-text-editor\" data-id=\"d335d12\" data-element_type=\"widget\" data-e-type=\"widget\" data-widget_type=\"text-editor.default\">\n\t\t\t\t<div class=\"elementor-widget-container\">\n\t\t\t\t\t\t\t\t\t<p>Angebot von Freizeitkursen und -anl\u00e4ssen rund um Burgdorf f\u00fcr Menschen mit Behinderung.<\/p>\t\t\t\t\t\t\t\t<\/div>\n\t\t\t\t<\/div>\n\t\t\t\t<\/div>\n\t\t\t\t<div class=\"elementor-element elementor-element-5f5658b elementor-widget elementor-widget-button\" data-id=\"5f5658b\" data-element_type=\"widget\" data-e-type=\"widget\" data-widget_type=\"button.default\">\n\t\t\t\t<div class=\"elementor-widget-container\">\n\t\t\t\t\t\t\t\t\t<div class=\"elementor-button-wrapper\">\n\t\t\t\t\t<a class=\"elementor-button elementor-button-link elementor-size-sm\" href=\"https:\/\/www.fzg-burgdorf.ch\/de\/freizeitgruppe\/der-verein\/wer-sind-wir\/index.html\" target=\"_blank\">\n\t\t\t\t\t\t<span class=\"elementor-button-content-wrapper\">\n\t\t\t\t\t\t<span class=\"elementor-button-icon\">\n\t\t\t\t<svg xmlns=\"http:\/\/www.w3.org\/2000\/svg\" id=\"Ebene_1\" viewBox=\"0 0 24 24\"><path d=\"M19.4,14.6h0c0-.4-.2-.8-.4-1l-6.7-5.9h0c-.3-.3-.9-.3-1.2.2s-.3.9,0,1.2l5.2,4.6h0v.3H6.4c-.5,0-.9.3-.9.9s.3.9.9.9h9.7s.2,0,.2.2v.2l-5.2,4.6h0c-.3.3-.4.9-.2,1.2s.9.4,1.2.2h0l6.8-5.9h0c.3-.3.5-.7.5-1.1h0v-.3h0v-.3Z\"><\/path><\/svg>\t\t\t<\/span>\n\t\t\t\t\t\t\t\t\t<span class=\"elementor-button-text\">www.fzg-burgdorf.ch<\/span>\n\t\t\t\t\t<\/span>\n\t\t\t\t\t<\/a>\n\t\t\t\t<\/div>\n\t\t\t\t\t\t\t\t<\/div>\n\t\t\t\t<\/div>\n\t\t\t\t<\/div>\n\t\t\t\t<div class=\"elementor-element elementor-element-a9c3004 elementor-hidden-desktop elementor-hidden-tablet elementor-widget-divider--view-line elementor-widget elementor-widget-divider\" data-id=\"a9c3004\" data-element_type=\"widget\" data-e-type=\"widget\" data-widget_type=\"divider.default\">\n\t\t\t\t<div class=\"elementor-widget-container\">\n\t\t\t\t\t\t\t<div class=\"elementor-divider\">\n\t\t\t<span class=\"elementor-divider-separator\">\n\t\t\t\t\t\t<\/span>\n\t\t<\/div>\n\t\t\t\t\t\t<\/div>\n\t\t\t\t<\/div>\n\t\t<div class=\"elementor-element elementor-element-5e2dad5 e-con-full e-flex e-con e-child\" data-id=\"5e2dad5\" data-element_type=\"container\" data-e-type=\"container\">\n\t\t<div class=\"elementor-element elementor-element-ae757cb e-con-full e-flex e-con e-child\" data-id=\"ae757cb\" data-element_type=\"container\" data-e-type=\"container\">\n\t\t\t\t<div class=\"elementor-element elementor-element-3e3f9b9 elementor-widget elementor-widget-heading\" data-id=\"3e3f9b9\" data-element_type=\"widget\" data-e-type=\"widget\" data-widget_type=\"heading.default\">\n\t\t\t\t<div class=\"elementor-widget-container\">\n\t\t\t\t\t<h3 class=\"elementor-heading-title elementor-size-default\">PluSport<\/h3>\t\t\t\t<\/div>\n\t\t\t\t<\/div>\n\t\t\t\t<div class=\"elementor-element elementor-element-176fd70 elementor-widget__width-initial elementor-widget elementor-widget-text-editor\" data-id=\"176fd70\" data-element_type=\"widget\" data-e-type=\"widget\" data-widget_type=\"text-editor.default\">\n\t\t\t\t<div class=\"elementor-widget-container\">\n\t\t\t\t\t\t\t\t\t<p>Bieten unter vielem anderem Ferienwochen f\u00fcr Menschen mit und ohne Behinderung an.<\/p>\t\t\t\t\t\t\t\t<\/div>\n\t\t\t\t<\/div>\n\t\t\t\t<\/div>\n\t\t\t\t<div class=\"elementor-element elementor-element-94e4a77 elementor-widget elementor-widget-button\" data-id=\"94e4a77\" data-element_type=\"widget\" data-e-type=\"widget\" data-widget_type=\"button.default\">\n\t\t\t\t<div class=\"elementor-widget-container\">\n\t\t\t\t\t\t\t\t\t<div class=\"elementor-button-wrapper\">\n\t\t\t\t\t<a class=\"elementor-button elementor-button-link elementor-size-sm\" href=\"https:\/\/www.plusport.ch\/\" target=\"_blank\">\n\t\t\t\t\t\t<span class=\"elementor-button-content-wrapper\">\n\t\t\t\t\t\t<span class=\"elementor-button-icon\">\n\t\t\t\t<svg xmlns=\"http:\/\/www.w3.org\/2000\/svg\" id=\"Ebene_1\" viewBox=\"0 0 24 24\"><path d=\"M19.4,14.6h0c0-.4-.2-.8-.4-1l-6.7-5.9h0c-.3-.3-.9-.3-1.2.2s-.3.9,0,1.2l5.2,4.6h0v.3H6.4c-.5,0-.9.3-.9.9s.3.9.9.9h9.7s.2,0,.2.2v.2l-5.2,4.6h0c-.3.3-.4.9-.2,1.2s.9.4,1.2.2h0l6.8-5.9h0c.3-.3.5-.7.5-1.1h0v-.3h0v-.3Z\"><\/path><\/svg>\t\t\t<\/span>\n\t\t\t\t\t\t\t\t\t<span class=\"elementor-button-text\">www.plusport.ch<\/span>\n\t\t\t\t\t<\/span>\n\t\t\t\t\t<\/a>\n\t\t\t\t<\/div>\n\t\t\t\t\t\t\t\t<\/div>\n\t\t\t\t<\/div>\n\t\t\t\t<\/div>\n\t\t\t\t<\/div>\n\t\t\t\t<\/div>\n\t\t\t\t<div class=\"elementor-element elementor-element-a068f6c elementor-widget-divider--view-line elementor-widget elementor-widget-divider\" data-id=\"a068f6c\" data-element_type=\"widget\" data-e-type=\"widget\" data-widget_type=\"divider.default\">\n\t\t\t\t<div class=\"elementor-widget-container\">\n\t\t\t\t\t\t\t<div class=\"elementor-divider\">\n\t\t\t<span class=\"elementor-divider-separator\">\n\t\t\t\t\t\t<\/span>\n\t\t<\/div>\n\t\t\t\t\t\t<\/div>\n\t\t\t\t<\/div>\n\t\t<div class=\"elementor-element elementor-element-374829d e-con-full e-flex e-con e-child\" data-id=\"374829d\" data-element_type=\"container\" data-e-type=\"container\">\n\t\t<div class=\"elementor-element elementor-element-fd5d34e e-con-full e-flex e-con e-child\" data-id=\"fd5d34e\" data-element_type=\"container\" data-e-type=\"container\">\n\t\t<div class=\"elementor-element elementor-element-de4d5a2 e-con-full e-flex e-con e-child\" data-id=\"de4d5a2\" data-element_type=\"container\" data-e-type=\"container\">\n\t\t<div class=\"elementor-element elementor-element-710512a e-con-full e-flex e-con e-child\" data-id=\"710512a\" data-element_type=\"container\" data-e-type=\"container\">\n\t\t\t\t<div class=\"elementor-element elementor-element-7c8a7fa elementor-widget elementor-widget-heading\" data-id=\"7c8a7fa\" data-element_type=\"widget\" data-e-type=\"widget\" data-widget_type=\"heading.default\">\n\t\t\t\t<div class=\"elementor-widget-container\">\n\t\t\t\t\t<h3 class=\"elementor-heading-title elementor-size-default\">Pro Infirmis<\/h3>\t\t\t\t<\/div>\n\t\t\t\t<\/div>\n\t\t\t\t<div class=\"elementor-element elementor-element-dc6a5fa elementor-widget__width-initial elementor-widget elementor-widget-text-editor\" data-id=\"dc6a5fa\" data-element_type=\"widget\" data-e-type=\"widget\" data-widget_type=\"text-editor.default\">\n\t\t\t\t<div class=\"elementor-widget-container\">\n\t\t\t\t\t\t\t\t\t<p>Ber\u00e4t, begleitet und unterst\u00fctzt schweizweit Menschen mit Behinderungen und ihre Angeh\u00f6rigen.<\/p>\t\t\t\t\t\t\t\t<\/div>\n\t\t\t\t<\/div>\n\t\t\t\t<\/div>\n\t\t\t\t<div class=\"elementor-element elementor-element-6338ff8 elementor-widget elementor-widget-button\" data-id=\"6338ff8\" data-element_type=\"widget\" data-e-type=\"widget\" data-widget_type=\"button.default\">\n\t\t\t\t<div class=\"elementor-widget-container\">\n\t\t\t\t\t\t\t\t\t<div class=\"elementor-button-wrapper\">\n\t\t\t\t\t<a class=\"elementor-button elementor-button-link elementor-size-sm\" href=\"https:\/\/www.proinfirmis.ch\/\" target=\"_blank\">\n\t\t\t\t\t\t<span class=\"elementor-button-content-wrapper\">\n\t\t\t\t\t\t<span class=\"elementor-button-icon\">\n\t\t\t\t<svg xmlns=\"http:\/\/www.w3.org\/2000\/svg\" id=\"Ebene_1\" viewBox=\"0 0 24 24\"><path d=\"M19.4,14.6h0c0-.4-.2-.8-.4-1l-6.7-5.9h0c-.3-.3-.9-.3-1.2.2s-.3.9,0,1.2l5.2,4.6h0v.3H6.4c-.5,0-.9.3-.9.9s.3.9.9.9h9.7s.2,0,.2.2v.2l-5.2,4.6h0c-.3.3-.4.9-.2,1.2s.9.4,1.2.2h0l6.8-5.9h0c.3-.3.5-.7.5-1.1h0v-.3h0v-.3Z\"><\/path><\/svg>\t\t\t<\/span>\n\t\t\t\t\t\t\t\t\t<span class=\"elementor-button-text\">www.proinfirmis.ch<\/span>\n\t\t\t\t\t<\/span>\n\t\t\t\t\t<\/a>\n\t\t\t\t<\/div>\n\t\t\t\t\t\t\t\t<\/div>\n\t\t\t\t<\/div>\n\t\t\t\t<\/div>\n\t\t\t\t<div class=\"elementor-element elementor-element-6850bf6 elementor-hidden-desktop elementor-hidden-tablet elementor-widget-divider--view-line elementor-widget elementor-widget-divider\" data-id=\"6850bf6\" data-element_type=\"widget\" data-e-type=\"widget\" data-widget_type=\"divider.default\">\n\t\t\t\t<div class=\"elementor-widget-container\">\n\t\t\t\t\t\t\t<div class=\"elementor-divider\">\n\t\t\t<span class=\"elementor-divider-separator\">\n\t\t\t\t\t\t<\/span>\n\t\t<\/div>\n\t\t\t\t\t\t<\/div>\n\t\t\t\t<\/div>\n\t\t<div class=\"elementor-element elementor-element-ea8bfea e-con-full e-flex e-con e-child\" data-id=\"ea8bfea\" data-element_type=\"container\" data-e-type=\"container\">\n\t\t<div class=\"elementor-element elementor-element-19bb872 e-con-full e-flex e-con e-child\" data-id=\"19bb872\" data-element_type=\"container\" data-e-type=\"container\">\n\t\t\t\t<div class=\"elementor-element elementor-element-dacf365 elementor-widget elementor-widget-heading\" data-id=\"dacf365\" data-element_type=\"widget\" data-e-type=\"widget\" data-widget_type=\"heading.default\">\n\t\t\t\t<div class=\"elementor-widget-container\">\n\t\t\t\t\t<h3 class=\"elementor-heading-title elementor-size-default\">Fachstelle Limita<\/h3>\t\t\t\t<\/div>\n\t\t\t\t<\/div>\n\t\t\t\t<div class=\"elementor-element elementor-element-6bcabd5 elementor-widget__width-initial elementor-widget elementor-widget-text-editor\" data-id=\"6bcabd5\" data-element_type=\"widget\" data-e-type=\"widget\" data-widget_type=\"text-editor.default\">\n\t\t\t\t<div class=\"elementor-widget-container\">\n\t\t\t\t\t\t\t\t\t<p>Fachstelle zur Pr\u00e4vention sexueller Ausbeutung, Deutschschweiz.<\/p>\t\t\t\t\t\t\t\t<\/div>\n\t\t\t\t<\/div>\n\t\t\t\t<\/div>\n\t\t\t\t<div class=\"elementor-element elementor-element-0e59b97 elementor-widget elementor-widget-button\" data-id=\"0e59b97\" data-element_type=\"widget\" data-e-type=\"widget\" data-widget_type=\"button.default\">\n\t\t\t\t<div class=\"elementor-widget-container\">\n\t\t\t\t\t\t\t\t\t<div class=\"elementor-button-wrapper\">\n\t\t\t\t\t<a class=\"elementor-button elementor-button-link elementor-size-sm\" href=\"https:\/\/limita.ch\/\" target=\"_blank\">\n\t\t\t\t\t\t<span class=\"elementor-button-content-wrapper\">\n\t\t\t\t\t\t<span class=\"elementor-button-icon\">\n\t\t\t\t<svg xmlns=\"http:\/\/www.w3.org\/2000\/svg\" id=\"Ebene_1\" viewBox=\"0 0 24 24\"><path d=\"M19.4,14.6h0c0-.4-.2-.8-.4-1l-6.7-5.9h0c-.3-.3-.9-.3-1.2.2s-.3.9,0,1.2l5.2,4.6h0v.3H6.4c-.5,0-.9.3-.9.9s.3.9.9.9h9.7s.2,0,.2.2v.2l-5.2,4.6h0c-.3.3-.4.9-.2,1.2s.9.4,1.2.2h0l6.8-5.9h0c.3-.3.5-.7.5-1.1h0v-.3h0v-.3Z\"><\/path><\/svg>\t\t\t<\/span>\n\t\t\t\t\t\t\t\t\t<span class=\"elementor-button-text\">www.limita.ch<\/span>\n\t\t\t\t\t<\/span>\n\t\t\t\t\t<\/a>\n\t\t\t\t<\/div>\n\t\t\t\t\t\t\t\t<\/div>\n\t\t\t\t<\/div>\n\t\t\t\t<\/div>\n\t\t\t\t<div class=\"elementor-element elementor-element-ff12c29 elementor-hidden-desktop elementor-hidden-tablet elementor-widget-divider--view-line elementor-widget elementor-widget-divider\" data-id=\"ff12c29\" data-element_type=\"widget\" data-e-type=\"widget\" data-widget_type=\"divider.default\">\n\t\t\t\t<div class=\"elementor-widget-container\">\n\t\t\t\t\t\t\t<div class=\"elementor-divider\">\n\t\t\t<span class=\"elementor-divider-separator\">\n\t\t\t\t\t\t<\/span>\n\t\t<\/div>\n\t\t\t\t\t\t<\/div>\n\t\t\t\t<\/div>\n\t\t<div class=\"elementor-element elementor-element-9c8abff e-con-full e-flex e-con e-child\" data-id=\"9c8abff\" data-element_type=\"container\" data-e-type=\"container\">\n\t\t<div class=\"elementor-element elementor-element-34cb8b4 e-con-full e-flex e-con e-child\" data-id=\"34cb8b4\" data-element_type=\"container\" data-e-type=\"container\">\n\t\t\t\t<div class=\"elementor-element elementor-element-e9a6f88 elementor-widget elementor-widget-heading\" data-id=\"e9a6f88\" data-element_type=\"widget\" data-e-type=\"widget\" data-widget_type=\"heading.default\">\n\t\t\t\t<div class=\"elementor-widget-container\">\n\t\t\t\t\t<h3 class=\"elementor-heading-title elementor-size-default\">Gesetz \u00fcber die Leistungen f\u00fcr Menschen mit Behinderungen (BLG)<\/h3>\t\t\t\t<\/div>\n\t\t\t\t<\/div>\n\t\t\t\t<div class=\"elementor-element elementor-element-d8d1ce0 elementor-widget__width-initial elementor-widget elementor-widget-text-editor\" data-id=\"d8d1ce0\" data-element_type=\"widget\" data-e-type=\"widget\" data-widget_type=\"text-editor.default\">\n\t\t\t\t<div class=\"elementor-widget-container\">\n\t\t\t\t\t\t\t\t\t<p>Eine neue Finanzierung f\u00fcr ein selbstbestimmteres Leben \u2013 die wichtigsten Informationen zum Gesetz \u00fcber die Leistungen f\u00fcr Menschen mit Behinderungen (BLG), dass im Januar 2024 in Kraft getreten ist.<\/p>\t\t\t\t\t\t\t\t<\/div>\n\t\t\t\t<\/div>\n\t\t\t\t<\/div>\n\t\t\t\t<div class=\"elementor-element elementor-element-dde11dd elementor-widget elementor-widget-button\" data-id=\"dde11dd\" data-element_type=\"widget\" data-e-type=\"widget\" data-widget_type=\"button.default\">\n\t\t\t\t<div class=\"elementor-widget-container\">\n\t\t\t\t\t\t\t\t\t<div class=\"elementor-button-wrapper\">\n\t\t\t\t\t<a class=\"elementor-button elementor-button-link elementor-size-sm\" href=\"https:\/\/www.gsi.be.ch\/de\/start\/themen\/soziales\/behinderung\/blg.html\" target=\"_blank\">\n\t\t\t\t\t\t<span class=\"elementor-button-content-wrapper\">\n\t\t\t\t\t\t<span class=\"elementor-button-icon\">\n\t\t\t\t<svg xmlns=\"http:\/\/www.w3.org\/2000\/svg\" id=\"Ebene_1\" viewBox=\"0 0 24 24\"><path d=\"M19.4,14.6h0c0-.4-.2-.8-.4-1l-6.7-5.9h0c-.3-.3-.9-.3-1.2.2s-.3.9,0,1.2l5.2,4.6h0v.3H6.4c-.5,0-.9.3-.9.9s.3.9.9.9h9.7s.2,0,.2.2v.2l-5.2,4.6h0c-.3.3-.4.9-.2,1.2s.9.4,1.2.2h0l6.8-5.9h0c.3-.3.5-.7.5-1.1h0v-.3h0v-.3Z\"><\/path><\/svg>\t\t\t<\/span>\n\t\t\t\t\t\t\t\t\t<span class=\"elementor-button-text\">www.gsi.be.ch<\/span>\n\t\t\t\t\t<\/span>\n\t\t\t\t\t<\/a>\n\t\t\t\t<\/div>\n\t\t\t\t\t\t\t\t<\/div>\n\t\t\t\t<\/div>\n\t\t\t\t<\/div>\n\t\t\t\t<\/div>\n\t\t\t\t<\/div>\n\t\t\t\t<div class=\"elementor-element elementor-element-3968147 elementor-widget-divider--view-line elementor-widget elementor-widget-divider\" data-id=\"3968147\" data-element_type=\"widget\" data-e-type=\"widget\" data-widget_type=\"divider.default\">\n\t\t\t\t<div class=\"elementor-widget-container\">\n\t\t\t\t\t\t\t<div class=\"elementor-divider\">\n\t\t\t<span class=\"elementor-divider-separator\">\n\t\t\t\t\t\t<\/span>\n\t\t<\/div>\n\t\t\t\t\t\t<\/div>\n\t\t\t\t<\/div>\n\t\t<div class=\"elementor-element elementor-element-b78e69d e-con-full e-flex e-con e-child\" data-id=\"b78e69d\" data-element_type=\"container\" data-e-type=\"container\">\n\t\t<div class=\"elementor-element elementor-element-d8a065d e-con-full e-flex e-con e-child\" data-id=\"d8a065d\" data-element_type=\"container\" data-e-type=\"container\">\n\t\t<div class=\"elementor-element elementor-element-0be850c e-con-full e-flex e-con e-child\" data-id=\"0be850c\" data-element_type=\"container\" data-e-type=\"container\">\n\t\t<div class=\"elementor-element elementor-element-63c5cb6 e-con-full e-flex e-con e-child\" data-id=\"63c5cb6\" data-element_type=\"container\" data-e-type=\"container\">\n\t\t\t\t<div class=\"elementor-element elementor-element-86d6c3d elementor-widget elementor-widget-heading\" data-id=\"86d6c3d\" data-element_type=\"widget\" data-e-type=\"widget\" data-widget_type=\"heading.default\">\n\t\t\t\t<div class=\"elementor-widget-container\">\n\t\t\t\t\t<h3 class=\"elementor-heading-title elementor-size-default\">Behindertenrechtskonferenz <br>Kanton Bern<\/h3>\t\t\t\t<\/div>\n\t\t\t\t<\/div>\n\t\t\t\t<div class=\"elementor-element elementor-element-5058297 elementor-widget__width-initial elementor-widget elementor-widget-text-editor\" data-id=\"5058297\" data-element_type=\"widget\" data-e-type=\"widget\" data-widget_type=\"text-editor.default\">\n\t\t\t\t<div class=\"elementor-widget-container\">\n\t\t\t\t\t\t\t\t\t<p>Dachorganisation von Organisationen der Selbsthilfe, Beratung und Fachhilfe, sowie Einzelpersonen. Setzen sich zum Ziel, dass Menschen mit Behinderungen in allen Lebensbereichen ein selbstbestimmtes und gleichberechtigtes Leben in einer inklusiven Gesellschaft f\u00fchren k\u00f6nnen.<\/p>\t\t\t\t\t\t\t\t<\/div>\n\t\t\t\t<\/div>\n\t\t\t\t<\/div>\n\t\t\t\t<div class=\"elementor-element elementor-element-5281742 elementor-widget elementor-widget-button\" data-id=\"5281742\" data-element_type=\"widget\" data-e-type=\"widget\" data-widget_type=\"button.default\">\n\t\t\t\t<div class=\"elementor-widget-container\">\n\t\t\t\t\t\t\t\t\t<div class=\"elementor-button-wrapper\">\n\t\t\t\t\t<a class=\"elementor-button elementor-button-link elementor-size-sm\" href=\"https:\/\/www.kbk.ch\/\" target=\"_blank\">\n\t\t\t\t\t\t<span class=\"elementor-button-content-wrapper\">\n\t\t\t\t\t\t<span class=\"elementor-button-icon\">\n\t\t\t\t<svg xmlns=\"http:\/\/www.w3.org\/2000\/svg\" id=\"Ebene_1\" viewBox=\"0 0 24 24\"><path d=\"M19.4,14.6h0c0-.4-.2-.8-.4-1l-6.7-5.9h0c-.3-.3-.9-.3-1.2.2s-.3.9,0,1.2l5.2,4.6h0v.3H6.4c-.5,0-.9.3-.9.9s.3.9.9.9h9.7s.2,0,.2.2v.2l-5.2,4.6h0c-.3.3-.4.9-.2,1.2s.9.4,1.2.2h0l6.8-5.9h0c.3-.3.5-.7.5-1.1h0v-.3h0v-.3Z\"><\/path><\/svg>\t\t\t<\/span>\n\t\t\t\t\t\t\t\t\t<span class=\"elementor-button-text\">www.kbk.ch<\/span>\n\t\t\t\t\t<\/span>\n\t\t\t\t\t<\/a>\n\t\t\t\t<\/div>\n\t\t\t\t\t\t\t\t<\/div>\n\t\t\t\t<\/div>\n\t\t\t\t<\/div>\n\t\t\t\t<div class=\"elementor-element elementor-element-5e7f097 elementor-hidden-desktop elementor-hidden-tablet elementor-widget-divider--view-line elementor-widget elementor-widget-divider\" data-id=\"5e7f097\" data-element_type=\"widget\" data-e-type=\"widget\" data-widget_type=\"divider.default\">\n\t\t\t\t<div class=\"elementor-widget-container\">\n\t\t\t\t\t\t\t<div class=\"elementor-divider\">\n\t\t\t<span class=\"elementor-divider-separator\">\n\t\t\t\t\t\t<\/span>\n\t\t<\/div>\n\t\t\t\t\t\t<\/div>\n\t\t\t\t<\/div>\n\t\t<div class=\"elementor-element elementor-element-9d57a73 e-con-full e-flex e-con e-child\" data-id=\"9d57a73\" data-element_type=\"container\" data-e-type=\"container\">\n\t\t<div class=\"elementor-element elementor-element-222a51d e-con-full e-flex e-con e-child\" data-id=\"222a51d\" data-element_type=\"container\" data-e-type=\"container\">\n\t\t\t\t<div class=\"elementor-element elementor-element-53eb29d elementor-widget elementor-widget-heading\" data-id=\"53eb29d\" data-element_type=\"widget\" data-e-type=\"widget\" data-widget_type=\"heading.default\">\n\t\t\t\t<div class=\"elementor-widget-container\">\n\t\t\t\t\t<h3 class=\"elementor-heading-title elementor-size-default\">UN-Behindertenrechtskonvention (UN-BRK)<\/h3>\t\t\t\t<\/div>\n\t\t\t\t<\/div>\n\t\t\t\t<div class=\"elementor-element elementor-element-8115bde elementor-widget__width-initial elementor-widget elementor-widget-text-editor\" data-id=\"8115bde\" data-element_type=\"widget\" data-e-type=\"widget\" data-widget_type=\"text-editor.default\">\n\t\t\t\t<div class=\"elementor-widget-container\">\n\t\t\t\t\t\t\t\t\t<p>Die Behindertenrechtskonvention formuliert Rechte von Menschen mit Behinderung. Die Schweiz hat sich im Mai 2014 mit ihrem Beitritt zum \u00dcbereinkommen verpflichtet, sich an dieser zu orientieren.<\/p>\t\t\t\t\t\t\t\t<\/div>\n\t\t\t\t<\/div>\n\t\t\t\t<\/div>\n\t\t\t\t<div class=\"elementor-element elementor-element-8fe05f5 elementor-widget elementor-widget-button\" data-id=\"8fe05f5\" data-element_type=\"widget\" data-e-type=\"widget\" data-widget_type=\"button.default\">\n\t\t\t\t<div class=\"elementor-widget-container\">\n\t\t\t\t\t\t\t\t\t<div class=\"elementor-button-wrapper\">\n\t\t\t\t\t<a class=\"elementor-button elementor-button-link elementor-size-sm\" href=\"https:\/\/www.edi.admin.ch\/edi\/de\/home\/fachstellen\/ebgb\/recht\/international0\/uebereinkommen-der-uno-ueber-die-rechte-von-menschen-mit-behinde.html\" target=\"_blank\">\n\t\t\t\t\t\t<span class=\"elementor-button-content-wrapper\">\n\t\t\t\t\t\t<span class=\"elementor-button-icon\">\n\t\t\t\t<svg xmlns=\"http:\/\/www.w3.org\/2000\/svg\" id=\"Ebene_1\" viewBox=\"0 0 24 24\"><path d=\"M19.4,14.6h0c0-.4-.2-.8-.4-1l-6.7-5.9h0c-.3-.3-.9-.3-1.2.2s-.3.9,0,1.2l5.2,4.6h0v.3H6.4c-.5,0-.9.3-.9.9s.3.9.9.9h9.7s.2,0,.2.2v.2l-5.2,4.6h0c-.3.3-.4.9-.2,1.2s.9.4,1.2.2h0l6.8-5.9h0c.3-.3.5-.7.5-1.1h0v-.3h0v-.3Z\"><\/path><\/svg>\t\t\t<\/span>\n\t\t\t\t\t\t\t\t\t<span class=\"elementor-button-text\">www.edi.admin.ch<\/span>\n\t\t\t\t\t<\/span>\n\t\t\t\t\t<\/a>\n\t\t\t\t<\/div>\n\t\t\t\t\t\t\t\t<\/div>\n\t\t\t\t<\/div>\n\t\t\t\t<\/div>\n\t\t\t\t<div class=\"elementor-element elementor-element-b4912be elementor-hidden-desktop elementor-hidden-tablet elementor-widget-divider--view-line elementor-widget elementor-widget-divider\" data-id=\"b4912be\" data-element_type=\"widget\" data-e-type=\"widget\" data-widget_type=\"divider.default\">\n\t\t\t\t<div class=\"elementor-widget-container\">\n\t\t\t\t\t\t\t<div class=\"elementor-divider\">\n\t\t\t<span class=\"elementor-divider-separator\">\n\t\t\t\t\t\t<\/span>\n\t\t<\/div>\n\t\t\t\t\t\t<\/div>\n\t\t\t\t<\/div>\n\t\t<div class=\"elementor-element elementor-element-e38b7bc e-con-full e-flex e-con e-child\" data-id=\"e38b7bc\" data-element_type=\"container\" data-e-type=\"container\">\n\t\t<div class=\"elementor-element elementor-element-a3c9878 e-con-full e-flex e-con e-child\" data-id=\"a3c9878\" data-element_type=\"container\" data-e-type=\"container\">\n\t\t\t\t<div class=\"elementor-element elementor-element-070f748 elementor-widget elementor-widget-heading\" data-id=\"070f748\" data-element_type=\"widget\" data-e-type=\"widget\" data-widget_type=\"heading.default\">\n\t\t\t\t<div class=\"elementor-widget-container\">\n\t\t\t\t\t<h3 class=\"elementor-heading-title elementor-size-default\">Agogis<\/h3>\t\t\t\t<\/div>\n\t\t\t\t<\/div>\n\t\t\t\t<div class=\"elementor-element elementor-element-24039f0 elementor-widget__width-initial elementor-widget elementor-widget-text-editor\" data-id=\"24039f0\" data-element_type=\"widget\" data-e-type=\"widget\" data-widget_type=\"text-editor.default\">\n\t\t\t\t<div class=\"elementor-widget-container\">\n\t\t\t\t\t\t\t\t\t<p>Bildungsanbieter f\u00fcr Sozialberufe.<\/p>\t\t\t\t\t\t\t\t<\/div>\n\t\t\t\t<\/div>\n\t\t\t\t<\/div>\n\t\t\t\t<div class=\"elementor-element elementor-element-86876ea elementor-widget elementor-widget-button\" data-id=\"86876ea\" data-element_type=\"widget\" data-e-type=\"widget\" data-widget_type=\"button.default\">\n\t\t\t\t<div class=\"elementor-widget-container\">\n\t\t\t\t\t\t\t\t\t<div class=\"elementor-button-wrapper\">\n\t\t\t\t\t<a class=\"elementor-button elementor-button-link elementor-size-sm\" href=\"https:\/\/www.agogis.ch\/\" target=\"_blank\">\n\t\t\t\t\t\t<span class=\"elementor-button-content-wrapper\">\n\t\t\t\t\t\t<span class=\"elementor-button-icon\">\n\t\t\t\t<svg xmlns=\"http:\/\/www.w3.org\/2000\/svg\" id=\"Ebene_1\" viewBox=\"0 0 24 24\"><path d=\"M19.4,14.6h0c0-.4-.2-.8-.4-1l-6.7-5.9h0c-.3-.3-.9-.3-1.2.2s-.3.9,0,1.2l5.2,4.6h0v.3H6.4c-.5,0-.9.3-.9.9s.3.9.9.9h9.7s.2,0,.2.2v.2l-5.2,4.6h0c-.3.3-.4.9-.2,1.2s.9.4,1.2.2h0l6.8-5.9h0c.3-.3.5-.7.5-1.1h0v-.3h0v-.3Z\"><\/path><\/svg>\t\t\t<\/span>\n\t\t\t\t\t\t\t\t\t<span class=\"elementor-button-text\">www.agogis.ch<\/span>\n\t\t\t\t\t<\/span>\n\t\t\t\t\t<\/a>\n\t\t\t\t<\/div>\n\t\t\t\t\t\t\t\t<\/div>\n\t\t\t\t<\/div>\n\t\t\t\t<\/div>\n\t\t\t\t<\/div>\n\t\t\t\t<\/div>\n\t\t\t\t<div class=\"elementor-element elementor-element-227a003 elementor-widget-divider--view-line elementor-widget elementor-widget-divider\" data-id=\"227a003\" data-element_type=\"widget\" data-e-type=\"widget\" data-widget_type=\"divider.default\">\n\t\t\t\t<div class=\"elementor-widget-container\">\n\t\t\t\t\t\t\t<div class=\"elementor-divider\">\n\t\t\t<span class=\"elementor-divider-separator\">\n\t\t\t\t\t\t<\/span>\n\t\t<\/div>\n\t\t\t\t\t\t<\/div>\n\t\t\t\t<\/div>\n\t\t\t\t<\/div>\n\t\t\t\t\t<\/div>\n\t\t\t\t<\/div>\n\t\t<div class=\"elementor-element elementor-element-f3dac77 e-flex e-con-boxed e-con e-parent\" data-id=\"f3dac77\" data-element_type=\"container\" data-e-type=\"container\" id=\"jahresrechnung\" data-settings=\"{&quot;background_background&quot;:&quot;classic&quot;,&quot;shape_divider_top&quot;:&quot;curve&quot;}\">\n\t\t\t\t\t<div class=\"e-con-inner\">\n\t\t\t\t<div class=\"elementor-shape elementor-shape-top\" aria-hidden=\"true\" data-negative=\"false\">\n\t\t\t<svg xmlns=\"http:\/\/www.w3.org\/2000\/svg\" viewBox=\"0 0 1000 100\" preserveAspectRatio=\"none\">\n    <path class=\"elementor-shape-fill\" d=\"M1000,4.3V0H0v4.3C0.9,23.1,126.7,99.2,500,100S1000,22.7,1000,4.3z\"\/>\n<\/svg>\t\t<\/div>\n\t\t<div class=\"elementor-element elementor-element-f61470f e-con-full e-flex e-con e-child\" data-id=\"f61470f\" data-element_type=\"container\" data-e-type=\"container\">\n\t\t\t\t<div class=\"elementor-element elementor-element-1551f42 elementor-widget elementor-widget-heading\" data-id=\"1551f42\" data-element_type=\"widget\" data-e-type=\"widget\" data-widget_type=\"heading.default\">\n\t\t\t\t<div class=\"elementor-widget-container\">\n\t\t\t\t\t<h2 class=\"elementor-heading-title elementor-size-default\">Jahresrechnung<\/h2>\t\t\t\t<\/div>\n\t\t\t\t<\/div>\n\t\t\t\t<div class=\"elementor-element elementor-element-13b59de elementor-widget__width-initial elementor-widget elementor-widget-text-editor\" data-id=\"13b59de\" data-element_type=\"widget\" data-e-type=\"widget\" data-widget_type=\"text-editor.default\">\n\t\t\t\t<div class=\"elementor-widget-container\">\n\t\t\t\t\t\t\t\t\t<p>Hier finden Sie unseren aktuellen Gesch\u00e4ftsbericht:<\/p>\t\t\t\t\t\t\t\t<\/div>\n\t\t\t\t<\/div>\n\t\t<div class=\"elementor-element elementor-element-b3ff5d6 e-con-full e-flex e-con e-child\" data-id=\"b3ff5d6\" data-element_type=\"container\" data-e-type=\"container\">\n\t\t<div class=\"elementor-element elementor-element-dd5284f e-con-full e-flex e-con e-child\" data-id=\"dd5284f\" data-element_type=\"container\" data-e-type=\"container\">\n\t\t<div class=\"elementor-element elementor-element-0df8581 e-con-full e-flex e-con e-child\" data-id=\"0df8581\" data-element_type=\"container\" data-e-type=\"container\" data-settings=\"{&quot;background_background&quot;:&quot;gradient&quot;}\">\n\t\t\t\t<div class=\"elementor-element elementor-element-aae2642 elementor-widget elementor-widget-heading\" data-id=\"aae2642\" data-element_type=\"widget\" data-e-type=\"widget\" data-widget_type=\"heading.default\">\n\t\t\t\t<div class=\"elementor-widget-container\">\n\t\t\t\t\t<h2 class=\"elementor-heading-title elementor-size-default\">Aktueller Jahresbericht wird in K\u00fcrze zur Verf\u00fcgung gestellt.<\/h2>\t\t\t\t<\/div>\n\t\t\t\t<\/div>\n\t\t\t\t<\/div>\n\t\t\t\t<div class=\"elementor-element elementor-element-c855ff5 animated-slow elementor-widget elementor-widget-button\" data-id=\"c855ff5\" data-element_type=\"widget\" data-e-type=\"widget\" data-settings=\"{&quot;_animation&quot;:&quot;none&quot;,&quot;_animation_delay&quot;:500}\" data-widget_type=\"button.default\">\n\t\t\t\t<div class=\"elementor-widget-container\">\n\t\t\t\t\t\t\t\t\t<div class=\"elementor-button-wrapper\">\n\t\t\t\t\t<a class=\"elementor-button elementor-size-sm\" role=\"button\">\n\t\t\t\t\t\t<span class=\"elementor-button-content-wrapper\">\n\t\t\t\t\t\t<span class=\"elementor-button-icon\">\n\t\t\t\t<svg aria-hidden=\"true\" class=\"e-font-icon-svg e-far-file-pdf\" viewBox=\"0 0 384 512\" xmlns=\"http:\/\/www.w3.org\/2000\/svg\"><path d=\"M369.9 97.9L286 14C277 5 264.8-.1 252.1-.1H48C21.5 0 0 21.5 0 48v416c0 26.5 21.5 48 48 48h288c26.5 0 48-21.5 48-48V131.9c0-12.7-5.1-25-14.1-34zM332.1 128H256V51.9l76.1 76.1zM48 464V48h160v104c0 13.3 10.7 24 24 24h104v288H48zm250.2-143.7c-12.2-12-47-8.7-64.4-6.5-17.2-10.5-28.7-25-36.8-46.3 3.9-16.1 10.1-40.6 5.4-56-4.2-26.2-37.8-23.6-42.6-5.9-4.4 16.1-.4 38.5 7 67.1-10 23.9-24.9 56-35.4 74.4-20 10.3-47 26.2-51 46.2-3.3 15.8 26 55.2 76.1-31.2 22.4-7.4 46.8-16.5 68.4-20.1 18.9 10.2 41 17 55.8 17 25.5 0 28-28.2 17.5-38.7zm-198.1 77.8c5.1-13.7 24.5-29.5 30.4-35-19 30.3-30.4 35.7-30.4 35zm81.6-190.6c7.4 0 6.7 32.1 1.8 40.8-4.4-13.9-4.3-40.8-1.8-40.8zm-24.4 136.6c9.7-16.9 18-37 24.7-54.7 8.3 15.1 18.9 27.2 30.1 35.5-20.8 4.3-38.9 13.1-54.8 19.2zm131.6-5s-5 6-37.3-7.8c35.1-2.6 40.9 5.4 37.3 7.8z\"><\/path><\/svg>\t\t\t<\/span>\n\t\t\t\t\t\t\t\t\t<span class=\"elementor-button-text\">Jahresrechnung<\/span>\n\t\t\t\t\t<\/span>\n\t\t\t\t\t<\/a>\n\t\t\t\t<\/div>\n\t\t\t\t\t\t\t\t<\/div>\n\t\t\t\t<\/div>\n\t\t\t\t<\/div>\n\t\t\t\t<\/div>\n\t\t\t\t<\/div>\n\t\t\t\t\t<\/div>\n\t\t\t\t<\/div>\n\t\t\t\t<\/div>\n\t\t","protected":false},"excerpt":{"rendered":"<p>Institution Tr\u00e4gerschaft Die Kollektivgesellschaft Wohnheim Bueche ist eine sozialpsychiatrische Kleininstitution. Sie wurde 1989 von Rosmarie und Hans Ammann-G\u00fcdel gegr\u00fcndet und wird sowohl politisch als auch konfessionell neutral gef\u00fchrt. Das Wohnheim untersteht der Aufsicht der Gesundheits- und F\u00fcrsorgedirektion des Kantons Bern (GEF). Der Leistungsvertrag regelt die Beziehung zwischen der GEF und dem Wohnheim Bueche. Adresse Wohnheim [&hellip;]<\/p>\n","protected":false},"author":1,"featured_media":0,"parent":0,"menu_order":0,"comment_status":"closed","ping_status":"closed","template":"elementor_header_footer","meta":{"footnotes":""},"class_list":["post-15","page","type-page","status-publish","hentry"],"blocksy_meta":{"styles_descriptor":{"styles":{"desktop":"","tablet":"","mobile":""},"google_fonts":[],"version":7}},"yoast_head":"<!-- This site is optimized with the Yoast SEO plugin v28.1 - https:\/\/yoast.com\/product\/yoast-seo-wordpress\/ -->\n<title>Institution - Wohnheim Bueche<\/title>\n<meta name=\"description\" content=\"Das Wohnheim Bueche ist eine sozialpsychiatrische Kleininstitution. Wir begleiten und f\u00f6rdern zw\u00f6lf Menschen mit einer psychischen oder psychischen und geistigen Beeintr\u00e4chtigung in einer familien\u00e4hnlichen Gemeinschaft im Wohnen, bei der Arbeit und in der Freizeit.\" \/>\n<meta name=\"robots\" content=\"index, follow, max-snippet:-1, max-image-preview:large, max-video-preview:-1\" \/>\n<link rel=\"canonical\" href=\"https:\/\/wohnheim-bueche.ch\/wordpress\/institution\/\" \/>\n<meta property=\"og:locale\" content=\"de_DE\" \/>\n<meta property=\"og:type\" content=\"article\" \/>\n<meta property=\"og:title\" content=\"Institution - Wohnheim Bueche\" \/>\n<meta property=\"og:description\" content=\"Das Wohnheim Bueche ist eine sozialpsychiatrische Kleininstitution. Wir begleiten und f\u00f6rdern zw\u00f6lf Menschen mit einer psychischen oder psychischen und geistigen Beeintr\u00e4chtigung in einer familien\u00e4hnlichen Gemeinschaft im Wohnen, bei der Arbeit und in der Freizeit.\" \/>\n<meta property=\"og:url\" content=\"https:\/\/wohnheim-bueche.ch\/wordpress\/institution\/\" \/>\n<meta property=\"og:site_name\" content=\"Wohnheim Bueche\" \/>\n<meta property=\"article:modified_time\" content=\"2025-10-30T09:11:35+00:00\" \/>\n<meta property=\"og:image\" content=\"https:\/\/wohnheim-bueche.ch\/wordpress\/wp-content\/uploads\/elementor\/thumbs\/RZU-3186-1-scaledbearb-r62qwdvm9yg1hqe3wcwi0zfuabkxwy1vtzwo4xe6gw.jpg\" \/>\n<meta name=\"twitter:card\" content=\"summary_large_image\" \/>\n<meta name=\"twitter:label1\" content=\"Gesch\u00e4tzte Lesezeit\" \/>\n\t<meta name=\"twitter:data1\" content=\"14\u00a0Minuten\" \/>\n<script type=\"application\/ld+json\" class=\"yoast-schema-graph\">{\"@context\":\"https:\\\/\\\/schema.org\",\"@graph\":[{\"@type\":\"WebPage\",\"@id\":\"https:\\\/\\\/wohnheim-bueche.ch\\\/wordpress\\\/institution\\\/\",\"url\":\"https:\\\/\\\/wohnheim-bueche.ch\\\/wordpress\\\/institution\\\/\",\"name\":\"Institution - Wohnheim Bueche\",\"isPartOf\":{\"@id\":\"https:\\\/\\\/wohnheim-bueche.ch\\\/wordpress\\\/#website\"},\"primaryImageOfPage\":{\"@id\":\"https:\\\/\\\/wohnheim-bueche.ch\\\/wordpress\\\/institution\\\/#primaryimage\"},\"image\":{\"@id\":\"https:\\\/\\\/wohnheim-bueche.ch\\\/wordpress\\\/institution\\\/#primaryimage\"},\"thumbnailUrl\":\"https:\\\/\\\/wohnheim-bueche.ch\\\/wordpress\\\/wp-content\\\/uploads\\\/elementor\\\/thumbs\\\/RZU-3186-1-scaledbearb-r62qwdvm9yg1hqe3wcwi0zfuabkxwy1vtzwo4xe6gw.jpg\",\"datePublished\":\"2023-02-09T14:01:54+00:00\",\"dateModified\":\"2025-10-30T09:11:35+00:00\",\"description\":\"Das Wohnheim Bueche ist eine sozialpsychiatrische Kleininstitution. Wir begleiten und f\u00f6rdern zw\u00f6lf Menschen mit einer psychischen oder psychischen und geistigen Beeintr\u00e4chtigung in einer familien\u00e4hnlichen Gemeinschaft im Wohnen, bei der Arbeit und in der Freizeit.\",\"breadcrumb\":{\"@id\":\"https:\\\/\\\/wohnheim-bueche.ch\\\/wordpress\\\/institution\\\/#breadcrumb\"},\"inLanguage\":\"de\",\"potentialAction\":[{\"@type\":\"ReadAction\",\"target\":[\"https:\\\/\\\/wohnheim-bueche.ch\\\/wordpress\\\/institution\\\/\"]}]},{\"@type\":\"ImageObject\",\"inLanguage\":\"de\",\"@id\":\"https:\\\/\\\/wohnheim-bueche.ch\\\/wordpress\\\/institution\\\/#primaryimage\",\"url\":\"https:\\\/\\\/wohnheim-bueche.ch\\\/wordpress\\\/wp-content\\\/uploads\\\/elementor\\\/thumbs\\\/RZU-3186-1-scaledbearb-r62qwdvm9yg1hqe3wcwi0zfuabkxwy1vtzwo4xe6gw.jpg\",\"contentUrl\":\"https:\\\/\\\/wohnheim-bueche.ch\\\/wordpress\\\/wp-content\\\/uploads\\\/elementor\\\/thumbs\\\/RZU-3186-1-scaledbearb-r62qwdvm9yg1hqe3wcwi0zfuabkxwy1vtzwo4xe6gw.jpg\"},{\"@type\":\"BreadcrumbList\",\"@id\":\"https:\\\/\\\/wohnheim-bueche.ch\\\/wordpress\\\/institution\\\/#breadcrumb\",\"itemListElement\":[{\"@type\":\"ListItem\",\"position\":1,\"name\":\"Startseite\",\"item\":\"https:\\\/\\\/wohnheim-bueche.ch\\\/wordpress\\\/\"},{\"@type\":\"ListItem\",\"position\":2,\"name\":\"Institution\"}]},{\"@type\":\"WebSite\",\"@id\":\"https:\\\/\\\/wohnheim-bueche.ch\\\/wordpress\\\/#website\",\"url\":\"https:\\\/\\\/wohnheim-bueche.ch\\\/wordpress\\\/\",\"name\":\"Wohnheim Bueche\",\"description\":\"Sozialpsychiatrische Kleininstitution in Utzenstorf\",\"publisher\":{\"@id\":\"https:\\\/\\\/wohnheim-bueche.ch\\\/wordpress\\\/#organization\"},\"potentialAction\":[{\"@type\":\"SearchAction\",\"target\":{\"@type\":\"EntryPoint\",\"urlTemplate\":\"https:\\\/\\\/wohnheim-bueche.ch\\\/wordpress\\\/?s={search_term_string}\"},\"query-input\":{\"@type\":\"PropertyValueSpecification\",\"valueRequired\":true,\"valueName\":\"search_term_string\"}}],\"inLanguage\":\"de\"},{\"@type\":\"Organization\",\"@id\":\"https:\\\/\\\/wohnheim-bueche.ch\\\/wordpress\\\/#organization\",\"name\":\"Wohnheim Bueche\",\"url\":\"https:\\\/\\\/wohnheim-bueche.ch\\\/wordpress\\\/\",\"logo\":{\"@type\":\"ImageObject\",\"inLanguage\":\"de\",\"@id\":\"https:\\\/\\\/wohnheim-bueche.ch\\\/wordpress\\\/#\\\/schema\\\/logo\\\/image\\\/\",\"url\":\"https:\\\/\\\/wohnheim-bueche.ch\\\/wordpress\\\/wp-content\\\/uploads\\\/2023\\\/06\\\/Logo_Bueche_Web_Gruen_neu.svg\",\"contentUrl\":\"https:\\\/\\\/wohnheim-bueche.ch\\\/wordpress\\\/wp-content\\\/uploads\\\/2023\\\/06\\\/Logo_Bueche_Web_Gruen_neu.svg\",\"width\":87,\"height\":106,\"caption\":\"Wohnheim Bueche\"},\"image\":{\"@id\":\"https:\\\/\\\/wohnheim-bueche.ch\\\/wordpress\\\/#\\\/schema\\\/logo\\\/image\\\/\"}}]}<\/script>\n<!-- \/ Yoast SEO plugin. -->","yoast_head_json":{"title":"Institution - Wohnheim Bueche","description":"Das Wohnheim Bueche ist eine sozialpsychiatrische Kleininstitution. Wir begleiten und f\u00f6rdern zw\u00f6lf Menschen mit einer psychischen oder psychischen und geistigen Beeintr\u00e4chtigung in einer familien\u00e4hnlichen Gemeinschaft im Wohnen, bei der Arbeit und in der Freizeit.","robots":{"index":"index","follow":"follow","max-snippet":"max-snippet:-1","max-image-preview":"max-image-preview:large","max-video-preview":"max-video-preview:-1"},"canonical":"https:\/\/wohnheim-bueche.ch\/wordpress\/institution\/","og_locale":"de_DE","og_type":"article","og_title":"Institution - Wohnheim Bueche","og_description":"Das Wohnheim Bueche ist eine sozialpsychiatrische Kleininstitution. Wir begleiten und f\u00f6rdern zw\u00f6lf Menschen mit einer psychischen oder psychischen und geistigen Beeintr\u00e4chtigung in einer familien\u00e4hnlichen Gemeinschaft im Wohnen, bei der Arbeit und in der Freizeit.","og_url":"https:\/\/wohnheim-bueche.ch\/wordpress\/institution\/","og_site_name":"Wohnheim Bueche","article_modified_time":"2025-10-30T09:11:35+00:00","og_image":[{"url":"https:\/\/wohnheim-bueche.ch\/wordpress\/wp-content\/uploads\/elementor\/thumbs\/RZU-3186-1-scaledbearb-r62qwdvm9yg1hqe3wcwi0zfuabkxwy1vtzwo4xe6gw.jpg","type":"","width":"","height":""}],"twitter_card":"summary_large_image","twitter_misc":{"Gesch\u00e4tzte Lesezeit":"14\u00a0Minuten"},"schema":{"@context":"https:\/\/schema.org","@graph":[{"@type":"WebPage","@id":"https:\/\/wohnheim-bueche.ch\/wordpress\/institution\/","url":"https:\/\/wohnheim-bueche.ch\/wordpress\/institution\/","name":"Institution - Wohnheim Bueche","isPartOf":{"@id":"https:\/\/wohnheim-bueche.ch\/wordpress\/#website"},"primaryImageOfPage":{"@id":"https:\/\/wohnheim-bueche.ch\/wordpress\/institution\/#primaryimage"},"image":{"@id":"https:\/\/wohnheim-bueche.ch\/wordpress\/institution\/#primaryimage"},"thumbnailUrl":"https:\/\/wohnheim-bueche.ch\/wordpress\/wp-content\/uploads\/elementor\/thumbs\/RZU-3186-1-scaledbearb-r62qwdvm9yg1hqe3wcwi0zfuabkxwy1vtzwo4xe6gw.jpg","datePublished":"2023-02-09T14:01:54+00:00","dateModified":"2025-10-30T09:11:35+00:00","description":"Das Wohnheim Bueche ist eine sozialpsychiatrische Kleininstitution. Wir begleiten und f\u00f6rdern zw\u00f6lf Menschen mit einer psychischen oder psychischen und geistigen Beeintr\u00e4chtigung in einer familien\u00e4hnlichen Gemeinschaft im Wohnen, bei der Arbeit und in der Freizeit.","breadcrumb":{"@id":"https:\/\/wohnheim-bueche.ch\/wordpress\/institution\/#breadcrumb"},"inLanguage":"de","potentialAction":[{"@type":"ReadAction","target":["https:\/\/wohnheim-bueche.ch\/wordpress\/institution\/"]}]},{"@type":"ImageObject","inLanguage":"de","@id":"https:\/\/wohnheim-bueche.ch\/wordpress\/institution\/#primaryimage","url":"https:\/\/wohnheim-bueche.ch\/wordpress\/wp-content\/uploads\/elementor\/thumbs\/RZU-3186-1-scaledbearb-r62qwdvm9yg1hqe3wcwi0zfuabkxwy1vtzwo4xe6gw.jpg","contentUrl":"https:\/\/wohnheim-bueche.ch\/wordpress\/wp-content\/uploads\/elementor\/thumbs\/RZU-3186-1-scaledbearb-r62qwdvm9yg1hqe3wcwi0zfuabkxwy1vtzwo4xe6gw.jpg"},{"@type":"BreadcrumbList","@id":"https:\/\/wohnheim-bueche.ch\/wordpress\/institution\/#breadcrumb","itemListElement":[{"@type":"ListItem","position":1,"name":"Startseite","item":"https:\/\/wohnheim-bueche.ch\/wordpress\/"},{"@type":"ListItem","position":2,"name":"Institution"}]},{"@type":"WebSite","@id":"https:\/\/wohnheim-bueche.ch\/wordpress\/#website","url":"https:\/\/wohnheim-bueche.ch\/wordpress\/","name":"Wohnheim Bueche","description":"Sozialpsychiatrische Kleininstitution in Utzenstorf","publisher":{"@id":"https:\/\/wohnheim-bueche.ch\/wordpress\/#organization"},"potentialAction":[{"@type":"SearchAction","target":{"@type":"EntryPoint","urlTemplate":"https:\/\/wohnheim-bueche.ch\/wordpress\/?s={search_term_string}"},"query-input":{"@type":"PropertyValueSpecification","valueRequired":true,"valueName":"search_term_string"}}],"inLanguage":"de"},{"@type":"Organization","@id":"https:\/\/wohnheim-bueche.ch\/wordpress\/#organization","name":"Wohnheim Bueche","url":"https:\/\/wohnheim-bueche.ch\/wordpress\/","logo":{"@type":"ImageObject","inLanguage":"de","@id":"https:\/\/wohnheim-bueche.ch\/wordpress\/#\/schema\/logo\/image\/","url":"https:\/\/wohnheim-bueche.ch\/wordpress\/wp-content\/uploads\/2023\/06\/Logo_Bueche_Web_Gruen_neu.svg","contentUrl":"https:\/\/wohnheim-bueche.ch\/wordpress\/wp-content\/uploads\/2023\/06\/Logo_Bueche_Web_Gruen_neu.svg","width":87,"height":106,"caption":"Wohnheim Bueche"},"image":{"@id":"https:\/\/wohnheim-bueche.ch\/wordpress\/#\/schema\/logo\/image\/"}}]}},"_links":{"self":[{"href":"https:\/\/wohnheim-bueche.ch\/wordpress\/wp-json\/wp\/v2\/pages\/15","targetHints":{"allow":["GET"]}}],"collection":[{"href":"https:\/\/wohnheim-bueche.ch\/wordpress\/wp-json\/wp\/v2\/pages"}],"about":[{"href":"https:\/\/wohnheim-bueche.ch\/wordpress\/wp-json\/wp\/v2\/types\/page"}],"author":[{"embeddable":true,"href":"https:\/\/wohnheim-bueche.ch\/wordpress\/wp-json\/wp\/v2\/users\/1"}],"replies":[{"embeddable":true,"href":"https:\/\/wohnheim-bueche.ch\/wordpress\/wp-json\/wp\/v2\/comments?post=15"}],"version-history":[{"count":0,"href":"https:\/\/wohnheim-bueche.ch\/wordpress\/wp-json\/wp\/v2\/pages\/15\/revisions"}],"wp:attachment":[{"href":"https:\/\/wohnheim-bueche.ch\/wordpress\/wp-json\/wp\/v2\/media?parent=15"}],"curies":[{"name":"wp","href":"https:\/\/api.w.org\/{rel}","templated":true}]}}